{"id":17937,"date":"2022-11-02T15:44:59","date_gmt":"2022-11-02T15:44:59","guid":{"rendered":"https:\/\/www.baslerpapiermuehle.ch\/?post_type=mec-events&#038;p=17937"},"modified":"2023-02-15T13:07:43","modified_gmt":"2023-02-15T13:07:43","slug":"wochenende-der-graphik-spreading-ideas","status":"publish","type":"mec-events","link":"https:\/\/www.baslerpapiermuehle.ch\/en\/events\/wochenende-der-graphik-spreading-ideas\/","title":{"rendered":"Wochenende der Graphik &#8211; Spreading Ideas"},"content":{"rendered":"<p>Am Wochenende der Graphik, eine Kooperation zwischen dem Kunstmuseeum\u00a0 Basel, dem druckwerk Basel und der Basler Papierm\u00fchle steht Kunst auf Papier im Mittelpunkt. In der Basler Papierm\u00fchle und dem druckwerk Basel k\u00f6nnen Mini-Poster mit verschiedenen Techniken der Druckkunst gestaltetet werden. Die F\u00e4hre verbindet die beiden H\u00e4user, so dass die Ideen \u00fcber den Rhein\u00a0 getragen werden k\u00f6nnen. Das Kupferstickkabinett des Kunstmuseums Basel bietet mit der Ausstellung\u00a0 &#8220;The Acid Lab&#8221; einen detailierten Einblick in die Technik der Radierung.<\/p>\n<p>Das Angebot ist im Museumseintritt inbegriffen, inklusive \u00dcberfahrt mit der F\u00e4hre zum druckwerk Basel.<\/p>\n<p>Informieren Sie sich \u00fcber das Programm unserer Partner*innen<\/p>\n<p><a href=\"https:\/\/www.druckwerk.ch\/de\">druckwerk Basel<\/a><br \/>\n<a href=\"https:\/\/kunstmuseumbasel.ch\/\">Kunstmuseum Basel<\/a><\/p>\n<p>Foto \u00a9 Margarit Lehmann<\/p>\n","protected":false},"excerpt":{"rendered":"<p>Am Wochenende der Graphik, eine Kooperation zwischen dem Kunstmuseeum\u00a0 Basel, dem druckwerk Basel und der Basler Papierm\u00fchle steht Kunst auf Papier im Mittelpunkt. In der Basler Papierm\u00fchle und dem druckwerk Basel k\u00f6nnen Mini-Poster mit verschiedenen Techniken der Druckkunst gestaltetet werden. Die F\u00e4hre verbindet die beiden H\u00e4user, so dass die Ideen \u00fcber den Rhein\u00a0 getragen werden [&hellip;]<\/p>\n","protected":false},"author":3,"featured_media":17942,"comment_status":"closed","ping_status":"closed","template":"","tags":[111,110],"mec_category":[112],"class_list":["post-17937","mec-events","type-mec-events","status-publish","has-post-thumbnail","hentry","tag-drucken","tag-print","mec_category-offener-workshop"],"acf":[],"yoast_head":"<!-- This site is optimized with the Yoast SEO plugin v26.8 - https:\/\/yoast.com\/product\/yoast-seo-wordpress\/ -->\n<title>Wochenende der Graphik - Spreading Ideas - Basler Papierm\u00fchle<\/title>\n<meta name=\"robots\" content=\"index, follow, max-snippet:-1, max-image-preview:large, max-video-preview:-1\" \/>\n<link rel=\"canonical\" href=\"https:\/\/www.baslerpapiermuehle.ch\/events\/wochenende-der-graphik-spreading-ideas\/\" \/>\n<meta property=\"og:locale\" content=\"en_US\" \/>\n<meta property=\"og:type\" content=\"article\" \/>\n<meta property=\"og:title\" content=\"Wochenende der Graphik - Spreading Ideas - Basler Papierm\u00fchle\" \/>\n<meta property=\"og:description\" content=\"Am Wochenende der Graphik, eine Kooperation zwischen dem Kunstmuseeum\u00a0 Basel, dem druckwerk Basel und der Basler Papierm\u00fchle steht Kunst auf Papier im Mittelpunkt. In der Basler Papierm\u00fchle und dem druckwerk Basel k\u00f6nnen Mini-Poster mit verschiedenen Techniken der Druckkunst gestaltetet werden. Die F\u00e4hre verbindet die beiden H\u00e4user, so dass die Ideen \u00fcber den Rhein\u00a0 getragen werden [&hellip;]\" \/>\n<meta property=\"og:url\" content=\"https:\/\/www.baslerpapiermuehle.ch\/events\/wochenende-der-graphik-spreading-ideas\/\" \/>\n<meta property=\"og:site_name\" content=\"Basler Papierm\u00fchle\" \/>\n<meta property=\"article:publisher\" content=\"https:\/\/www.facebook.com\/baslerpapiermuehle\/\" \/>\n<meta property=\"article:modified_time\" content=\"2023-02-15T13:07:43+00:00\" \/>\n<meta property=\"og:image\" content=\"https:\/\/www.baslerpapiermuehle.ch\/wp-content\/uploads\/2022\/11\/efb9d613-b05c-4278-90b5-9597a9a4b79d.jpg\" \/>\n\t<meta property=\"og:image:width\" content=\"454\" \/>\n\t<meta property=\"og:image:height\" content=\"302\" \/>\n\t<meta property=\"og:image:type\" content=\"image\/jpeg\" \/>\n<meta name=\"twitter:card\" content=\"summary_large_image\" \/>\n<meta name=\"twitter:label1\" content=\"Est. reading time\" \/>\n\t<meta name=\"twitter:data1\" content=\"1 minute\" \/>\n<script type=\"application\/ld+json\" class=\"yoast-schema-graph\">{\"@context\":\"https:\/\/schema.org\",\"@graph\":[{\"@type\":\"WebPage\",\"@id\":\"https:\/\/www.baslerpapiermuehle.ch\/events\/wochenende-der-graphik-spreading-ideas\/\",\"url\":\"https:\/\/www.baslerpapiermuehle.ch\/events\/wochenende-der-graphik-spreading-ideas\/\",\"name\":\"Wochenende der Graphik - Spreading Ideas - Basler Papierm\u00fchle\",\"isPartOf\":{\"@id\":\"https:\/\/www.baslerpapiermuehle.ch\/#website\"},\"primaryImageOfPage\":{\"@id\":\"https:\/\/www.baslerpapiermuehle.ch\/events\/wochenende-der-graphik-spreading-ideas\/#primaryimage\"},\"image\":{\"@id\":\"https:\/\/www.baslerpapiermuehle.ch\/events\/wochenende-der-graphik-spreading-ideas\/#primaryimage\"},\"thumbnailUrl\":\"https:\/\/www.baslerpapiermuehle.ch\/wp-content\/uploads\/2022\/11\/efb9d613-b05c-4278-90b5-9597a9a4b79d-jpg.webp\",\"datePublished\":\"2022-11-02T15:44:59+00:00\",\"dateModified\":\"2023-02-15T13:07:43+00:00\",\"breadcrumb\":{\"@id\":\"https:\/\/www.baslerpapiermuehle.ch\/events\/wochenende-der-graphik-spreading-ideas\/#breadcrumb\"},\"inLanguage\":\"en-US\",\"potentialAction\":[{\"@type\":\"ReadAction\",\"target\":[\"https:\/\/www.baslerpapiermuehle.ch\/events\/wochenende-der-graphik-spreading-ideas\/\"]}]},{\"@type\":\"ImageObject\",\"inLanguage\":\"en-US\",\"@id\":\"https:\/\/www.baslerpapiermuehle.ch\/events\/wochenende-der-graphik-spreading-ideas\/#primaryimage\",\"url\":\"https:\/\/www.baslerpapiermuehle.ch\/wp-content\/uploads\/2022\/11\/efb9d613-b05c-4278-90b5-9597a9a4b79d-jpg.webp\",\"contentUrl\":\"https:\/\/www.baslerpapiermuehle.ch\/wp-content\/uploads\/2022\/11\/efb9d613-b05c-4278-90b5-9597a9a4b79d-jpg.webp\",\"width\":454,\"height\":302},{\"@type\":\"BreadcrumbList\",\"@id\":\"https:\/\/www.baslerpapiermuehle.ch\/events\/wochenende-der-graphik-spreading-ideas\/#breadcrumb\",\"itemListElement\":[{\"@type\":\"ListItem\",\"position\":1,\"name\":\"Home\",\"item\":\"https:\/\/www.baslerpapiermuehle.ch\/en\/home-eng\/\"},{\"@type\":\"ListItem\",\"position\":2,\"name\":\"Veranstaltungen\",\"item\":\"https:\/\/www.baslerpapiermuehle.ch\/events\/\"},{\"@type\":\"ListItem\",\"position\":3,\"name\":\"Wochenende der Graphik &#8211; Spreading Ideas\"}]},{\"@type\":\"WebSite\",\"@id\":\"https:\/\/www.baslerpapiermuehle.ch\/#website\",\"url\":\"https:\/\/www.baslerpapiermuehle.ch\/\",\"name\":\"Basler Papierm\u00fchle - Swiss Museum for Paper, Writing and Printing\",\"description\":\"Swiss Museum for Paper, Writing and Printing\",\"publisher\":{\"@id\":\"https:\/\/www.baslerpapiermuehle.ch\/#organization\"},\"potentialAction\":[{\"@type\":\"SearchAction\",\"target\":{\"@type\":\"EntryPoint\",\"urlTemplate\":\"https:\/\/www.baslerpapiermuehle.ch\/?s={search_term_string}\"},\"query-input\":{\"@type\":\"PropertyValueSpecification\",\"valueRequired\":true,\"valueName\":\"search_term_string\"}}],\"inLanguage\":\"en-US\"},{\"@type\":\"Organization\",\"@id\":\"https:\/\/www.baslerpapiermuehle.ch\/#organization\",\"name\":\"Basler Papierm\u00fchle Museum\",\"url\":\"https:\/\/www.baslerpapiermuehle.ch\/\",\"logo\":{\"@type\":\"ImageObject\",\"inLanguage\":\"en-US\",\"@id\":\"https:\/\/www.baslerpapiermuehle.ch\/#\/schema\/logo\/image\/\",\"url\":\"https:\/\/www.baslerpapiermuehle.ch\/wp-content\/uploads\/2019\/12\/logo-Basler-Papiermuhle-marrone-1.png\",\"contentUrl\":\"https:\/\/www.baslerpapiermuehle.ch\/wp-content\/uploads\/2019\/12\/logo-Basler-Papiermuhle-marrone-1.png\",\"width\":2051,\"height\":530,\"caption\":\"Basler Papierm\u00fchle Museum\"},\"image\":{\"@id\":\"https:\/\/www.baslerpapiermuehle.ch\/#\/schema\/logo\/image\/\"},\"sameAs\":[\"https:\/\/www.facebook.com\/baslerpapiermuehle\/\"]}]}<\/script>\n<!-- \/ Yoast SEO plugin. -->","yoast_head_json":{"title":"Wochenende der Graphik - Spreading Ideas - Basler Papierm\u00fchle","robots":{"index":"index","follow":"follow","max-snippet":"max-snippet:-1","max-image-preview":"max-image-preview:large","max-video-preview":"max-video-preview:-1"},"canonical":"https:\/\/www.baslerpapiermuehle.ch\/events\/wochenende-der-graphik-spreading-ideas\/","og_locale":"en_US","og_type":"article","og_title":"Wochenende der Graphik - Spreading Ideas - Basler Papierm\u00fchle","og_description":"Am Wochenende der Graphik, eine Kooperation zwischen dem Kunstmuseeum\u00a0 Basel, dem druckwerk Basel und der Basler Papierm\u00fchle steht Kunst auf Papier im Mittelpunkt. In der Basler Papierm\u00fchle und dem druckwerk Basel k\u00f6nnen Mini-Poster mit verschiedenen Techniken der Druckkunst gestaltetet werden. Die F\u00e4hre verbindet die beiden H\u00e4user, so dass die Ideen \u00fcber den Rhein\u00a0 getragen werden [&hellip;]","og_url":"https:\/\/www.baslerpapiermuehle.ch\/events\/wochenende-der-graphik-spreading-ideas\/","og_site_name":"Basler Papierm\u00fchle","article_publisher":"https:\/\/www.facebook.com\/baslerpapiermuehle\/","article_modified_time":"2023-02-15T13:07:43+00:00","og_image":[{"width":454,"height":302,"url":"https:\/\/www.baslerpapiermuehle.ch\/wp-content\/uploads\/2022\/11\/efb9d613-b05c-4278-90b5-9597a9a4b79d.jpg","type":"image\/jpeg"}],"twitter_card":"summary_large_image","twitter_misc":{"Est. reading time":"1 minute"},"schema":{"@context":"https:\/\/schema.org","@graph":[{"@type":"WebPage","@id":"https:\/\/www.baslerpapiermuehle.ch\/events\/wochenende-der-graphik-spreading-ideas\/","url":"https:\/\/www.baslerpapiermuehle.ch\/events\/wochenende-der-graphik-spreading-ideas\/","name":"Wochenende der Graphik - Spreading Ideas - Basler Papierm\u00fchle","isPartOf":{"@id":"https:\/\/www.baslerpapiermuehle.ch\/#website"},"primaryImageOfPage":{"@id":"https:\/\/www.baslerpapiermuehle.ch\/events\/wochenende-der-graphik-spreading-ideas\/#primaryimage"},"image":{"@id":"https:\/\/www.baslerpapiermuehle.ch\/events\/wochenende-der-graphik-spreading-ideas\/#primaryimage"},"thumbnailUrl":"https:\/\/www.baslerpapiermuehle.ch\/wp-content\/uploads\/2022\/11\/efb9d613-b05c-4278-90b5-9597a9a4b79d-jpg.webp","datePublished":"2022-11-02T15:44:59+00:00","dateModified":"2023-02-15T13:07:43+00:00","breadcrumb":{"@id":"https:\/\/www.baslerpapiermuehle.ch\/events\/wochenende-der-graphik-spreading-ideas\/#breadcrumb"},"inLanguage":"en-US","potentialAction":[{"@type":"ReadAction","target":["https:\/\/www.baslerpapiermuehle.ch\/events\/wochenende-der-graphik-spreading-ideas\/"]}]},{"@type":"ImageObject","inLanguage":"en-US","@id":"https:\/\/www.baslerpapiermuehle.ch\/events\/wochenende-der-graphik-spreading-ideas\/#primaryimage","url":"https:\/\/www.baslerpapiermuehle.ch\/wp-content\/uploads\/2022\/11\/efb9d613-b05c-4278-90b5-9597a9a4b79d-jpg.webp","contentUrl":"https:\/\/www.baslerpapiermuehle.ch\/wp-content\/uploads\/2022\/11\/efb9d613-b05c-4278-90b5-9597a9a4b79d-jpg.webp","width":454,"height":302},{"@type":"BreadcrumbList","@id":"https:\/\/www.baslerpapiermuehle.ch\/events\/wochenende-der-graphik-spreading-ideas\/#breadcrumb","itemListElement":[{"@type":"ListItem","position":1,"name":"Home","item":"https:\/\/www.baslerpapiermuehle.ch\/en\/home-eng\/"},{"@type":"ListItem","position":2,"name":"Veranstaltungen","item":"https:\/\/www.baslerpapiermuehle.ch\/events\/"},{"@type":"ListItem","position":3,"name":"Wochenende der Graphik &#8211; Spreading Ideas"}]},{"@type":"WebSite","@id":"https:\/\/www.baslerpapiermuehle.ch\/#website","url":"https:\/\/www.baslerpapiermuehle.ch\/","name":"Basler Papierm\u00fchle - Swiss Museum for Paper, Writing and Printing","description":"Swiss Museum for Paper, Writing and Printing","publisher":{"@id":"https:\/\/www.baslerpapiermuehle.ch\/#organization"},"potentialAction":[{"@type":"SearchAction","target":{"@type":"EntryPoint","urlTemplate":"https:\/\/www.baslerpapiermuehle.ch\/?s={search_term_string}"},"query-input":{"@type":"PropertyValueSpecification","valueRequired":true,"valueName":"search_term_string"}}],"inLanguage":"en-US"},{"@type":"Organization","@id":"https:\/\/www.baslerpapiermuehle.ch\/#organization","name":"Basler Papierm\u00fchle Museum","url":"https:\/\/www.baslerpapiermuehle.ch\/","logo":{"@type":"ImageObject","inLanguage":"en-US","@id":"https:\/\/www.baslerpapiermuehle.ch\/#\/schema\/logo\/image\/","url":"https:\/\/www.baslerpapiermuehle.ch\/wp-content\/uploads\/2019\/12\/logo-Basler-Papiermuhle-marrone-1.png","contentUrl":"https:\/\/www.baslerpapiermuehle.ch\/wp-content\/uploads\/2019\/12\/logo-Basler-Papiermuhle-marrone-1.png","width":2051,"height":530,"caption":"Basler Papierm\u00fchle Museum"},"image":{"@id":"https:\/\/www.baslerpapiermuehle.ch\/#\/schema\/logo\/image\/"},"sameAs":["https:\/\/www.facebook.com\/baslerpapiermuehle\/"]}]}},"_links":{"self":[{"href":"https:\/\/www.baslerpapiermuehle.ch\/en\/wp-json\/wp\/v2\/mec-events\/17937","targetHints":{"allow":["GET"]}}],"collection":[{"href":"https:\/\/www.baslerpapiermuehle.ch\/en\/wp-json\/wp\/v2\/mec-events"}],"about":[{"href":"https:\/\/www.baslerpapiermuehle.ch\/en\/wp-json\/wp\/v2\/types\/mec-events"}],"author":[{"embeddable":true,"href":"https:\/\/www.baslerpapiermuehle.ch\/en\/wp-json\/wp\/v2\/users\/3"}],"replies":[{"embeddable":true,"href":"https:\/\/www.baslerpapiermuehle.ch\/en\/wp-json\/wp\/v2\/comments?post=17937"}],"wp:featuredmedia":[{"embeddable":true,"href":"https:\/\/www.baslerpapiermuehle.ch\/en\/wp-json\/wp\/v2\/media\/17942"}],"wp:attachment":[{"href":"https:\/\/www.baslerpapiermuehle.ch\/en\/wp-json\/wp\/v2\/media?parent=17937"}],"wp:term":[{"taxonomy":"post_tag","embeddable":true,"href":"https:\/\/www.baslerpapiermuehle.ch\/en\/wp-json\/wp\/v2\/tags?post=17937"},{"taxonomy":"mec_category","embeddable":true,"href":"https:\/\/www.baslerpapiermuehle.ch\/en\/wp-json\/wp\/v2\/mec_category?post=17937"}],"curies":[{"name":"wp","href":"https:\/\/api.w.org\/{rel}","templated":true}]}}