{"id":18694,"date":"2023-09-20T14:22:19","date_gmt":"2023-09-20T14:22:19","guid":{"rendered":"https:\/\/www.baslerpapiermuehle.ch\/?post_type=mec-events&#038;p=18694"},"modified":"2023-10-03T09:09:26","modified_gmt":"2023-10-03T09:09:26","slug":"wochenende-der-graphik-collect-collect-collect-und-was-sammelst-du","status":"publish","type":"mec-events","link":"https:\/\/www.baslerpapiermuehle.ch\/en\/events\/wochenende-der-graphik-collect-collect-collect-und-was-sammelst-du\/","title":{"rendered":"Wochenende der Graphik Collect, collect, collect! Und was sammelst Du?"},"content":{"rendered":"<p><strong>Drei Institutionen, ein Thema: Am Wochenende der Graphik laden die Basler Papierm\u00fchle, das Kupferstichkabinett des Kunstmuseum Basel und das druckwerk dazu ein, sich mit dem Begriff der Sammlung auseinanderzusetzen \u2013 sei es \u00fcber die eigene Sammelleidenschaft, das Sammeln im Museum oder die Sammlung Dritter. Gespr\u00e4che, Austausch und Workshops rund um die Kunst auf Papier mach Lust, gleich alle drei Institutionen zu besuchen und die Vielfalt des Sammelns kennenzulernen. <\/strong><\/p>\n<p><strong>Programm Samstag 11.11.:<\/strong><\/p>\n<p><strong>druckwerk Basel<\/strong><br \/>\n<strong>13\u201317 Uhr<\/strong><\/p>\n<p><strong>Poster:<\/strong><br \/>\n<strong>Beginnen Sie Ihre Postersammlung \u2013 drucken Sie Ihr eigenes Plakat in limitierter Auflage auf der grossformatigen Vandercook-Presse.<\/strong><\/p>\n<p><strong>Exlibris:<\/strong><br \/>\n<strong>Setzen Sie Ihren Namen in Lettern und drucken Sie dann einen Satz personalisierter Exlibris. Nehmen Sie diese mit nach Hause, um Ihre Lieblingsb\u00fccher zu kennzeichnen.<\/strong><\/p>\n<p><strong>Klassifizieren &amp; Katalogisieren:<\/strong><br \/>\n<strong>Ordnen Sie eine zuf\u00e4llige Gruppe von Fundst\u00fccken nach Ihren eigenen Kriterien. Arrangieren Sie diese Sammlung und drucken Sie sie auf ein A3-Blatt.<\/strong><\/p>\n<p>&nbsp;<\/p>\n<p><strong>Basler Papierm\u00fchle<br \/>\n<\/strong><strong>13\u201316.45 Uhr<br \/>\n<\/strong><br \/>\n<strong>Post-it \u2013 eine Gedankensammlung: Was macht eine Sammlung aus? Wieso wird gesammelt? Und was wird eigentlich alles gesammelt? Ein Gedankenaustausch mit allen Besucher:innen vor Ort.<\/strong><\/p>\n<p><strong>Aus unserer Sammlung:<\/strong><br \/>\n<strong>Drucken Sie ein ganz besonderes Motiv aus unserem Fundus voller wundersamer, historischer Vorlagen.<\/strong><\/p>\n<p><strong>Ganz pers\u00f6nlich:<\/strong><br \/>\n<strong>Gestalten Sie Ihren eigenen Sammlungsstempel im Hochdruck und erhalten Sie ein individuelles Zertifikat f\u00fcr Ihre (zuk\u00fcnftige) Sammlung.<\/strong><\/p>\n<p><strong>Zudem kann Papier gesch\u00f6pft, ein Kalender gedruckt, Papier marmoriert und mit Feder und Tinte geschrieben werden.<\/strong><\/p>\n<p>&nbsp;<\/p>\n<p><strong>Programm Sonntag 12.11:<\/strong><\/p>\n<p><strong>druckwerk Basel<\/strong><br \/>\n<strong>11\u201317 Uhr: <\/strong><strong>Programm wie Samstag<\/strong><\/p>\n<p><strong>Basler Papierm\u00fchle<\/strong><br \/>\n<strong>11\u201316.45 Uhr: <\/strong><strong>Programm wie Samstag<\/strong><\/p>\n<p>&nbsp;<\/p>\n<p><strong>Kupferstichkabinett Kunstmuseum Basel<\/strong><br \/>\n<strong>Kurzf\u00fchrungen<\/strong><br \/>\n<strong>Dauer: jeweils 30 Minuten<\/strong><br \/>\n<strong>Treffpunkt: Kunstmuseum Basel, Foyer Hauptbau, EG oder Foyer Neubau, EG<\/strong><\/p>\n<p><strong>Erhalten Sie am Beispiel unserer aktuellen Ausstellungen Einblicke in vier unterschiedliche Sammlungen von Arbeiten auf Papier und erfahren Sie von unseren Papierrestauratorinnen, wie Sie Zeichnungen und Druckgrafiken bei sich zuhause am besten pr\u00e4sentieren.<\/strong><\/p>\n<p><strong>Hauptbau:<\/strong><br \/>\n<strong>10.30 Uhr <\/strong><br \/>\n<strong>Sammeln \u2013 und dann? <\/strong><br \/>\n<strong>Kunstwerke auf Papier richtig aufbewahren<\/strong><br \/>\n<strong>Mit dem Team der Papierrestaurierung<\/strong><\/p>\n<p><strong>11.15 Uhr <\/strong><br \/>\n<strong>Die Spuren des Sammlers. <\/strong><br \/>\n<strong>Werke aus dem Museum Faesch<\/strong><br \/>\n<strong>Mit Ariane Mensger<\/strong><\/p>\n<p><strong>12 Uhr <\/strong><br \/>\n<strong>Picasso drehen und wenden.<\/strong><br \/>\n<strong>Eine Zeichnung aus der Schenkung Baumgartner<\/strong><br \/>\n<strong>Mit Amanda Kopp<\/strong><\/p>\n<p><strong>13.45 Uhr <\/strong><br \/>\n<strong>Sammeln \u2013 und dann? <\/strong><br \/>\n<strong>Kunstwerke auf Papier richtig aufbewahren<\/strong><br \/>\n<strong>Mit dem Team der Papierrestaurierung<\/strong><\/p>\n<p><strong>Neubau:<\/strong><br \/>\n<strong>14.30 Uhr <\/strong><br \/>\n<strong>Lieblingswerke Teil I<\/strong><br \/>\n<strong>Anita Haldemann (Leiterin Kupferstichkabinett) und Susanne A. Kudielka (Personal Curator) sprechen zu Druckgrafiken von Jasper Johns aus dem Kupferstichkabinett.<\/strong><\/p>\n<p><strong>15.15 Uhr <\/strong><br \/>\n<strong>Lieblingswerke Teil II<\/strong><br \/>\n<strong>Ren\u00e9e Levi (K\u00fcnstlerin) und Sibylle Ryser (Grafikerin) sprechen zu ihren Lieblingswerken aus der Sammlung Jasper Johns.<\/strong><\/p>\n<p><strong>16 Uhr <\/strong><br \/>\n<strong>Lieblingswerke Teil III<\/strong><br \/>\n<strong>Dominique Jehle (K\u00fcnstlerin, Vizepr\u00e4sidentin Freunde des Kunstmuseums Basel) und Samuel Werenfels (Freund des Kupferstichkabinetts und Druckgrafiker) sprechen zu ihren Lieblingswerken aus der Sammlung Jasper Johns.<\/strong><\/p>\n<p><strong>Informieren Sie sich \u00fcber das Programm unserer Partner:innen<\/strong><\/p>\n<blockquote><p><a href=\"https:\/\/kunstmuseumbasel.ch\/\"><strong>Kunstmuseum Basel<\/strong><\/a><br \/>\n<strong><a href=\"https:\/\/www.druckwerk.ch\/de\/aktuell\">druckwerk<\/a><\/strong><\/p><\/blockquote>\n<p><strong>Tickets<\/strong><br \/>\n<strong>Alle Anl\u00e4sse ohne Anmeldung und im Eintritt inbegriffen. Ein Ticket ist jeweils f\u00fcr einen Tag in allen drei Institutionen g\u00fcltig. Basler Papierm\u00fchle und druckwerk offerieren zudem eine \u00dcberfahrt mit der F\u00e4hre.<\/strong><\/p>\n<p><strong><em>Sponsoren<\/em><\/strong><br \/>\n<strong>Das Wochenende der Graphik wird unterst\u00fctzt durch: <\/strong><strong>Freunde des Kunstmuseum Basel<\/strong><\/p>\n<p><strong>\u00a0<\/strong><\/p>\n","protected":false},"excerpt":{"rendered":"<p>Drei Institutionen, ein Thema: Am Wochenende der Graphik laden die Basler Papierm\u00fchle, das Kupferstichkabinett des Kunstmuseum Basel und das druckwerk dazu ein, sich mit dem Begriff der Sammlung auseinanderzusetzen \u2013 sei es \u00fcber die eigene Sammelleidenschaft, das Sammeln im Museum oder die Sammlung Dritter. Gespr\u00e4che, Austausch und Workshops rund um die Kunst auf Papier mach [&hellip;]<\/p>\n","protected":false},"author":3,"featured_media":18719,"comment_status":"closed","ping_status":"closed","template":"","tags":[],"mec_category":[118],"class_list":["post-18694","mec-events","type-mec-events","status-publish","has-post-thumbnail","hentry","mec_category-spezial"],"acf":[],"yoast_head":"<!-- This site is optimized with the Yoast SEO plugin v26.8 - https:\/\/yoast.com\/product\/yoast-seo-wordpress\/ -->\n<title>Wochenende der Graphik Collect, collect, collect! Und was sammelst Du? - Basler Papierm\u00fchle<\/title>\n<meta name=\"robots\" content=\"index, follow, max-snippet:-1, max-image-preview:large, max-video-preview:-1\" \/>\n<link rel=\"canonical\" href=\"https:\/\/www.baslerpapiermuehle.ch\/events\/wochenende-der-graphik-collect-collect-collect-und-was-sammelst-du\/\" \/>\n<meta property=\"og:locale\" content=\"en_US\" \/>\n<meta property=\"og:type\" content=\"article\" \/>\n<meta property=\"og:title\" content=\"Wochenende der Graphik Collect, collect, collect! Und was sammelst Du? - Basler Papierm\u00fchle\" \/>\n<meta property=\"og:description\" content=\"Drei Institutionen, ein Thema: Am Wochenende der Graphik laden die Basler Papierm\u00fchle, das Kupferstichkabinett des Kunstmuseum Basel und das druckwerk dazu ein, sich mit dem Begriff der Sammlung auseinanderzusetzen \u2013 sei es \u00fcber die eigene Sammelleidenschaft, das Sammeln im Museum oder die Sammlung Dritter. Gespr\u00e4che, Austausch und Workshops rund um die Kunst auf Papier mach [&hellip;]\" \/>\n<meta property=\"og:url\" content=\"https:\/\/www.baslerpapiermuehle.ch\/events\/wochenende-der-graphik-collect-collect-collect-und-was-sammelst-du\/\" \/>\n<meta property=\"og:site_name\" content=\"Basler Papierm\u00fchle\" \/>\n<meta property=\"article:publisher\" content=\"https:\/\/www.facebook.com\/baslerpapiermuehle\/\" \/>\n<meta property=\"article:modified_time\" content=\"2023-10-03T09:09:26+00:00\" \/>\n<meta property=\"og:image\" content=\"https:\/\/www.baslerpapiermuehle.ch\/wp-content\/uploads\/2023\/09\/Titelseite_Flyer.jpg\" \/>\n\t<meta property=\"og:image:width\" content=\"759\" \/>\n\t<meta property=\"og:image:height\" content=\"1075\" \/>\n\t<meta property=\"og:image:type\" content=\"image\/jpeg\" \/>\n<meta name=\"twitter:card\" content=\"summary_large_image\" \/>\n<meta name=\"twitter:label1\" content=\"Est. reading time\" \/>\n\t<meta name=\"twitter:data1\" content=\"3 minutes\" \/>\n<script type=\"application\/ld+json\" class=\"yoast-schema-graph\">{\"@context\":\"https:\/\/schema.org\",\"@graph\":[{\"@type\":\"WebPage\",\"@id\":\"https:\/\/www.baslerpapiermuehle.ch\/events\/wochenende-der-graphik-collect-collect-collect-und-was-sammelst-du\/\",\"url\":\"https:\/\/www.baslerpapiermuehle.ch\/events\/wochenende-der-graphik-collect-collect-collect-und-was-sammelst-du\/\",\"name\":\"Wochenende der Graphik Collect, collect, collect! Und was sammelst Du? - Basler Papierm\u00fchle\",\"isPartOf\":{\"@id\":\"https:\/\/www.baslerpapiermuehle.ch\/#website\"},\"primaryImageOfPage\":{\"@id\":\"https:\/\/www.baslerpapiermuehle.ch\/events\/wochenende-der-graphik-collect-collect-collect-und-was-sammelst-du\/#primaryimage\"},\"image\":{\"@id\":\"https:\/\/www.baslerpapiermuehle.ch\/events\/wochenende-der-graphik-collect-collect-collect-und-was-sammelst-du\/#primaryimage\"},\"thumbnailUrl\":\"https:\/\/www.baslerpapiermuehle.ch\/wp-content\/uploads\/2023\/09\/Titelseite_Flyer-jpg.webp\",\"datePublished\":\"2023-09-20T14:22:19+00:00\",\"dateModified\":\"2023-10-03T09:09:26+00:00\",\"breadcrumb\":{\"@id\":\"https:\/\/www.baslerpapiermuehle.ch\/events\/wochenende-der-graphik-collect-collect-collect-und-was-sammelst-du\/#breadcrumb\"},\"inLanguage\":\"en-US\",\"potentialAction\":[{\"@type\":\"ReadAction\",\"target\":[\"https:\/\/www.baslerpapiermuehle.ch\/events\/wochenende-der-graphik-collect-collect-collect-und-was-sammelst-du\/\"]}]},{\"@type\":\"ImageObject\",\"inLanguage\":\"en-US\",\"@id\":\"https:\/\/www.baslerpapiermuehle.ch\/events\/wochenende-der-graphik-collect-collect-collect-und-was-sammelst-du\/#primaryimage\",\"url\":\"https:\/\/www.baslerpapiermuehle.ch\/wp-content\/uploads\/2023\/09\/Titelseite_Flyer-jpg.webp\",\"contentUrl\":\"https:\/\/www.baslerpapiermuehle.ch\/wp-content\/uploads\/2023\/09\/Titelseite_Flyer-jpg.webp\",\"width\":759,\"height\":1075},{\"@type\":\"BreadcrumbList\",\"@id\":\"https:\/\/www.baslerpapiermuehle.ch\/events\/wochenende-der-graphik-collect-collect-collect-und-was-sammelst-du\/#breadcrumb\",\"itemListElement\":[{\"@type\":\"ListItem\",\"position\":1,\"name\":\"Home\",\"item\":\"https:\/\/www.baslerpapiermuehle.ch\/en\/home-eng\/\"},{\"@type\":\"ListItem\",\"position\":2,\"name\":\"Veranstaltungen\",\"item\":\"https:\/\/www.baslerpapiermuehle.ch\/events\/\"},{\"@type\":\"ListItem\",\"position\":3,\"name\":\"Wochenende der Graphik Collect, collect, collect! Und was sammelst Du?\"}]},{\"@type\":\"WebSite\",\"@id\":\"https:\/\/www.baslerpapiermuehle.ch\/#website\",\"url\":\"https:\/\/www.baslerpapiermuehle.ch\/\",\"name\":\"Basler Papierm\u00fchle - Swiss Museum for Paper, Writing and Printing\",\"description\":\"Swiss Museum for Paper, Writing and Printing\",\"publisher\":{\"@id\":\"https:\/\/www.baslerpapiermuehle.ch\/#organization\"},\"potentialAction\":[{\"@type\":\"SearchAction\",\"target\":{\"@type\":\"EntryPoint\",\"urlTemplate\":\"https:\/\/www.baslerpapiermuehle.ch\/?s={search_term_string}\"},\"query-input\":{\"@type\":\"PropertyValueSpecification\",\"valueRequired\":true,\"valueName\":\"search_term_string\"}}],\"inLanguage\":\"en-US\"},{\"@type\":\"Organization\",\"@id\":\"https:\/\/www.baslerpapiermuehle.ch\/#organization\",\"name\":\"Basler Papierm\u00fchle Museum\",\"url\":\"https:\/\/www.baslerpapiermuehle.ch\/\",\"logo\":{\"@type\":\"ImageObject\",\"inLanguage\":\"en-US\",\"@id\":\"https:\/\/www.baslerpapiermuehle.ch\/#\/schema\/logo\/image\/\",\"url\":\"https:\/\/www.baslerpapiermuehle.ch\/wp-content\/uploads\/2019\/12\/logo-Basler-Papiermuhle-marrone-1.png\",\"contentUrl\":\"https:\/\/www.baslerpapiermuehle.ch\/wp-content\/uploads\/2019\/12\/logo-Basler-Papiermuhle-marrone-1.png\",\"width\":2051,\"height\":530,\"caption\":\"Basler Papierm\u00fchle Museum\"},\"image\":{\"@id\":\"https:\/\/www.baslerpapiermuehle.ch\/#\/schema\/logo\/image\/\"},\"sameAs\":[\"https:\/\/www.facebook.com\/baslerpapiermuehle\/\"]}]}<\/script>\n<!-- \/ Yoast SEO plugin. -->","yoast_head_json":{"title":"Wochenende der Graphik Collect, collect, collect! Und was sammelst Du? - Basler Papierm\u00fchle","robots":{"index":"index","follow":"follow","max-snippet":"max-snippet:-1","max-image-preview":"max-image-preview:large","max-video-preview":"max-video-preview:-1"},"canonical":"https:\/\/www.baslerpapiermuehle.ch\/events\/wochenende-der-graphik-collect-collect-collect-und-was-sammelst-du\/","og_locale":"en_US","og_type":"article","og_title":"Wochenende der Graphik Collect, collect, collect! Und was sammelst Du? - Basler Papierm\u00fchle","og_description":"Drei Institutionen, ein Thema: Am Wochenende der Graphik laden die Basler Papierm\u00fchle, das Kupferstichkabinett des Kunstmuseum Basel und das druckwerk dazu ein, sich mit dem Begriff der Sammlung auseinanderzusetzen \u2013 sei es \u00fcber die eigene Sammelleidenschaft, das Sammeln im Museum oder die Sammlung Dritter. Gespr\u00e4che, Austausch und Workshops rund um die Kunst auf Papier mach [&hellip;]","og_url":"https:\/\/www.baslerpapiermuehle.ch\/events\/wochenende-der-graphik-collect-collect-collect-und-was-sammelst-du\/","og_site_name":"Basler Papierm\u00fchle","article_publisher":"https:\/\/www.facebook.com\/baslerpapiermuehle\/","article_modified_time":"2023-10-03T09:09:26+00:00","og_image":[{"width":759,"height":1075,"url":"https:\/\/www.baslerpapiermuehle.ch\/wp-content\/uploads\/2023\/09\/Titelseite_Flyer.jpg","type":"image\/jpeg"}],"twitter_card":"summary_large_image","twitter_misc":{"Est. reading time":"3 minutes"},"schema":{"@context":"https:\/\/schema.org","@graph":[{"@type":"WebPage","@id":"https:\/\/www.baslerpapiermuehle.ch\/events\/wochenende-der-graphik-collect-collect-collect-und-was-sammelst-du\/","url":"https:\/\/www.baslerpapiermuehle.ch\/events\/wochenende-der-graphik-collect-collect-collect-und-was-sammelst-du\/","name":"Wochenende der Graphik Collect, collect, collect! Und was sammelst Du? - Basler Papierm\u00fchle","isPartOf":{"@id":"https:\/\/www.baslerpapiermuehle.ch\/#website"},"primaryImageOfPage":{"@id":"https:\/\/www.baslerpapiermuehle.ch\/events\/wochenende-der-graphik-collect-collect-collect-und-was-sammelst-du\/#primaryimage"},"image":{"@id":"https:\/\/www.baslerpapiermuehle.ch\/events\/wochenende-der-graphik-collect-collect-collect-und-was-sammelst-du\/#primaryimage"},"thumbnailUrl":"https:\/\/www.baslerpapiermuehle.ch\/wp-content\/uploads\/2023\/09\/Titelseite_Flyer-jpg.webp","datePublished":"2023-09-20T14:22:19+00:00","dateModified":"2023-10-03T09:09:26+00:00","breadcrumb":{"@id":"https:\/\/www.baslerpapiermuehle.ch\/events\/wochenende-der-graphik-collect-collect-collect-und-was-sammelst-du\/#breadcrumb"},"inLanguage":"en-US","potentialAction":[{"@type":"ReadAction","target":["https:\/\/www.baslerpapiermuehle.ch\/events\/wochenende-der-graphik-collect-collect-collect-und-was-sammelst-du\/"]}]},{"@type":"ImageObject","inLanguage":"en-US","@id":"https:\/\/www.baslerpapiermuehle.ch\/events\/wochenende-der-graphik-collect-collect-collect-und-was-sammelst-du\/#primaryimage","url":"https:\/\/www.baslerpapiermuehle.ch\/wp-content\/uploads\/2023\/09\/Titelseite_Flyer-jpg.webp","contentUrl":"https:\/\/www.baslerpapiermuehle.ch\/wp-content\/uploads\/2023\/09\/Titelseite_Flyer-jpg.webp","width":759,"height":1075},{"@type":"BreadcrumbList","@id":"https:\/\/www.baslerpapiermuehle.ch\/events\/wochenende-der-graphik-collect-collect-collect-und-was-sammelst-du\/#breadcrumb","itemListElement":[{"@type":"ListItem","position":1,"name":"Home","item":"https:\/\/www.baslerpapiermuehle.ch\/en\/home-eng\/"},{"@type":"ListItem","position":2,"name":"Veranstaltungen","item":"https:\/\/www.baslerpapiermuehle.ch\/events\/"},{"@type":"ListItem","position":3,"name":"Wochenende der Graphik Collect, collect, collect! Und was sammelst Du?"}]},{"@type":"WebSite","@id":"https:\/\/www.baslerpapiermuehle.ch\/#website","url":"https:\/\/www.baslerpapiermuehle.ch\/","name":"Basler Papierm\u00fchle - Swiss Museum for Paper, Writing and Printing","description":"Swiss Museum for Paper, Writing and Printing","publisher":{"@id":"https:\/\/www.baslerpapiermuehle.ch\/#organization"},"potentialAction":[{"@type":"SearchAction","target":{"@type":"EntryPoint","urlTemplate":"https:\/\/www.baslerpapiermuehle.ch\/?s={search_term_string}"},"query-input":{"@type":"PropertyValueSpecification","valueRequired":true,"valueName":"search_term_string"}}],"inLanguage":"en-US"},{"@type":"Organization","@id":"https:\/\/www.baslerpapiermuehle.ch\/#organization","name":"Basler Papierm\u00fchle Museum","url":"https:\/\/www.baslerpapiermuehle.ch\/","logo":{"@type":"ImageObject","inLanguage":"en-US","@id":"https:\/\/www.baslerpapiermuehle.ch\/#\/schema\/logo\/image\/","url":"https:\/\/www.baslerpapiermuehle.ch\/wp-content\/uploads\/2019\/12\/logo-Basler-Papiermuhle-marrone-1.png","contentUrl":"https:\/\/www.baslerpapiermuehle.ch\/wp-content\/uploads\/2019\/12\/logo-Basler-Papiermuhle-marrone-1.png","width":2051,"height":530,"caption":"Basler Papierm\u00fchle Museum"},"image":{"@id":"https:\/\/www.baslerpapiermuehle.ch\/#\/schema\/logo\/image\/"},"sameAs":["https:\/\/www.facebook.com\/baslerpapiermuehle\/"]}]}},"_links":{"self":[{"href":"https:\/\/www.baslerpapiermuehle.ch\/en\/wp-json\/wp\/v2\/mec-events\/18694","targetHints":{"allow":["GET"]}}],"collection":[{"href":"https:\/\/www.baslerpapiermuehle.ch\/en\/wp-json\/wp\/v2\/mec-events"}],"about":[{"href":"https:\/\/www.baslerpapiermuehle.ch\/en\/wp-json\/wp\/v2\/types\/mec-events"}],"author":[{"embeddable":true,"href":"https:\/\/www.baslerpapiermuehle.ch\/en\/wp-json\/wp\/v2\/users\/3"}],"replies":[{"embeddable":true,"href":"https:\/\/www.baslerpapiermuehle.ch\/en\/wp-json\/wp\/v2\/comments?post=18694"}],"wp:featuredmedia":[{"embeddable":true,"href":"https:\/\/www.baslerpapiermuehle.ch\/en\/wp-json\/wp\/v2\/media\/18719"}],"wp:attachment":[{"href":"https:\/\/www.baslerpapiermuehle.ch\/en\/wp-json\/wp\/v2\/media?parent=18694"}],"wp:term":[{"taxonomy":"post_tag","embeddable":true,"href":"https:\/\/www.baslerpapiermuehle.ch\/en\/wp-json\/wp\/v2\/tags?post=18694"},{"taxonomy":"mec_category","embeddable":true,"href":"https:\/\/www.baslerpapiermuehle.ch\/en\/wp-json\/wp\/v2\/mec_category?post=18694"}],"curies":[{"name":"wp","href":"https:\/\/api.w.org\/{rel}","templated":true}]}}