{"id":23575,"date":"2026-03-20T12:04:55","date_gmt":"2026-03-20T12:04:55","guid":{"rendered":"https:\/\/www.baslerpapiermuehle.ch\/?post_type=mec-events&#038;p=23575"},"modified":"2026-03-20T12:04:55","modified_gmt":"2026-03-20T12:04:55","slug":"buendelbanden-karton-packt-aus","status":"publish","type":"mec-events","link":"https:\/\/www.baslerpapiermuehle.ch\/en\/events\/buendelbanden-karton-packt-aus\/","title":{"rendered":"B\u00fcndelbanden. Karton packt aus"},"content":{"rendered":"<p>J<strong>ede Woche f\u00fcllen sich die Strassen Basels mit Karton. Wer genau hinschaut, merkt: Die Kartonsammlung ist voller Spuren. Im ganz Grossen steht die Kartonsammlung in Verbindung mit den \u00f6kologischen und sozialen Dringlichkeiten unserer globalisierten Gegenwart. Im ganz Kleinen wiederum offenbart sie poetische Facetten und erz\u00e4hlt Anekdoten aus unserem Alltag. Egal ob du Karton b\u00fcndelst, stopfst oder eh jedes Mal vergisst: Komm mit uns auf Spurensuche! In der Ausstellung und auf Spazierg\u00e4ngen erkunden wir die Kartonflut am Strassenrand. Und im Workshop experimentieren wir mit Karton als wandelbarem Material.<\/strong><\/p>\n<p><strong>Der offene Workshop und die Ausstellung finden im Atelier 39 statt, direkt neben dem Museum. Die Teilnahme ist im Museumseintritt inbegriffen. Das Angebot richtet sich an Kinder, Jugendliche und Erwachsene. Eine Anmeldung ist nicht erforderlich.<\/strong><\/p>\n<p><strong><em>Gef\u00f6rdert durch den Swisslos-Fonds Basel-Stadt<\/em><\/strong><\/p>\n","protected":false},"excerpt":{"rendered":"<p>Jede Woche f\u00fcllen sich die Strassen Basels mit Karton. Wer genau hinschaut, merkt: Die Kartonsammlung ist voller Spuren. Im ganz Grossen steht die Kartonsammlung in Verbindung mit den \u00f6kologischen und sozialen Dringlichkeiten unserer globalisierten Gegenwart. Im ganz Kleinen wiederum offenbart sie poetische Facetten und erz\u00e4hlt Anekdoten aus unserem Alltag. Egal ob du Karton b\u00fcndelst, stopfst [&hellip;]<\/p>\n","protected":false},"author":3,"featured_media":23576,"comment_status":"closed","ping_status":"closed","template":"","tags":[],"mec_category":[112],"class_list":["post-23575","mec-events","type-mec-events","status-publish","has-post-thumbnail","hentry","mec_category-offener-workshop"],"acf":[],"yoast_head":"<!-- This site is optimized with the Yoast SEO plugin v26.8 - https:\/\/yoast.com\/product\/yoast-seo-wordpress\/ -->\n<title>B\u00fcndelbanden. Karton packt aus - Basler Papierm\u00fchle<\/title>\n<meta name=\"robots\" content=\"index, follow, max-snippet:-1, max-image-preview:large, max-video-preview:-1\" \/>\n<link rel=\"canonical\" href=\"https:\/\/www.baslerpapiermuehle.ch\/events\/buendelbanden-karton-packt-aus\/\" \/>\n<meta property=\"og:locale\" content=\"en_US\" \/>\n<meta property=\"og:type\" content=\"article\" \/>\n<meta property=\"og:title\" content=\"B\u00fcndelbanden. Karton packt aus - Basler Papierm\u00fchle\" \/>\n<meta property=\"og:description\" content=\"Jede Woche f\u00fcllen sich die Strassen Basels mit Karton. Wer genau hinschaut, merkt: Die Kartonsammlung ist voller Spuren. Im ganz Grossen steht die Kartonsammlung in Verbindung mit den \u00f6kologischen und sozialen Dringlichkeiten unserer globalisierten Gegenwart. Im ganz Kleinen wiederum offenbart sie poetische Facetten und erz\u00e4hlt Anekdoten aus unserem Alltag. Egal ob du Karton b\u00fcndelst, stopfst [&hellip;]\" \/>\n<meta property=\"og:url\" content=\"https:\/\/www.baslerpapiermuehle.ch\/events\/buendelbanden-karton-packt-aus\/\" \/>\n<meta property=\"og:site_name\" content=\"Basler Papierm\u00fchle\" \/>\n<meta property=\"article:publisher\" content=\"https:\/\/www.facebook.com\/baslerpapiermuehle\/\" \/>\n<meta property=\"og:image\" content=\"https:\/\/www.baslerpapiermuehle.ch\/wp-content\/uploads\/2026\/03\/Workshop_Buendelbanden.jpg\" \/>\n\t<meta property=\"og:image:width\" content=\"1440\" \/>\n\t<meta property=\"og:image:height\" content=\"1920\" \/>\n\t<meta property=\"og:image:type\" content=\"image\/jpeg\" \/>\n<meta name=\"twitter:card\" content=\"summary_large_image\" \/>\n<meta name=\"twitter:label1\" content=\"Est. reading time\" \/>\n\t<meta name=\"twitter:data1\" content=\"1 minute\" \/>\n<script type=\"application\/ld+json\" class=\"yoast-schema-graph\">{\"@context\":\"https:\/\/schema.org\",\"@graph\":[{\"@type\":\"WebPage\",\"@id\":\"https:\/\/www.baslerpapiermuehle.ch\/events\/buendelbanden-karton-packt-aus\/\",\"url\":\"https:\/\/www.baslerpapiermuehle.ch\/events\/buendelbanden-karton-packt-aus\/\",\"name\":\"B\u00fcndelbanden. Karton packt aus - Basler Papierm\u00fchle\",\"isPartOf\":{\"@id\":\"https:\/\/www.baslerpapiermuehle.ch\/#website\"},\"primaryImageOfPage\":{\"@id\":\"https:\/\/www.baslerpapiermuehle.ch\/events\/buendelbanden-karton-packt-aus\/#primaryimage\"},\"image\":{\"@id\":\"https:\/\/www.baslerpapiermuehle.ch\/events\/buendelbanden-karton-packt-aus\/#primaryimage\"},\"thumbnailUrl\":\"https:\/\/www.baslerpapiermuehle.ch\/wp-content\/uploads\/2026\/03\/Workshop_Buendelbanden.jpg\",\"datePublished\":\"2026-03-20T12:04:55+00:00\",\"breadcrumb\":{\"@id\":\"https:\/\/www.baslerpapiermuehle.ch\/events\/buendelbanden-karton-packt-aus\/#breadcrumb\"},\"inLanguage\":\"en-US\",\"potentialAction\":[{\"@type\":\"ReadAction\",\"target\":[\"https:\/\/www.baslerpapiermuehle.ch\/events\/buendelbanden-karton-packt-aus\/\"]}]},{\"@type\":\"ImageObject\",\"inLanguage\":\"en-US\",\"@id\":\"https:\/\/www.baslerpapiermuehle.ch\/events\/buendelbanden-karton-packt-aus\/#primaryimage\",\"url\":\"https:\/\/www.baslerpapiermuehle.ch\/wp-content\/uploads\/2026\/03\/Workshop_Buendelbanden.jpg\",\"contentUrl\":\"https:\/\/www.baslerpapiermuehle.ch\/wp-content\/uploads\/2026\/03\/Workshop_Buendelbanden.jpg\",\"width\":1440,\"height\":1920},{\"@type\":\"BreadcrumbList\",\"@id\":\"https:\/\/www.baslerpapiermuehle.ch\/events\/buendelbanden-karton-packt-aus\/#breadcrumb\",\"itemListElement\":[{\"@type\":\"ListItem\",\"position\":1,\"name\":\"Home\",\"item\":\"https:\/\/www.baslerpapiermuehle.ch\/en\/home-eng\/\"},{\"@type\":\"ListItem\",\"position\":2,\"name\":\"Veranstaltungen\",\"item\":\"https:\/\/www.baslerpapiermuehle.ch\/events\/\"},{\"@type\":\"ListItem\",\"position\":3,\"name\":\"B\u00fcndelbanden. Karton packt aus\"}]},{\"@type\":\"WebSite\",\"@id\":\"https:\/\/www.baslerpapiermuehle.ch\/#website\",\"url\":\"https:\/\/www.baslerpapiermuehle.ch\/\",\"name\":\"Basler Papierm\u00fchle - Swiss Museum for Paper, Writing and Printing\",\"description\":\"Swiss Museum for Paper, Writing and Printing\",\"publisher\":{\"@id\":\"https:\/\/www.baslerpapiermuehle.ch\/#organization\"},\"potentialAction\":[{\"@type\":\"SearchAction\",\"target\":{\"@type\":\"EntryPoint\",\"urlTemplate\":\"https:\/\/www.baslerpapiermuehle.ch\/?s={search_term_string}\"},\"query-input\":{\"@type\":\"PropertyValueSpecification\",\"valueRequired\":true,\"valueName\":\"search_term_string\"}}],\"inLanguage\":\"en-US\"},{\"@type\":\"Organization\",\"@id\":\"https:\/\/www.baslerpapiermuehle.ch\/#organization\",\"name\":\"Basler Papierm\u00fchle Museum\",\"url\":\"https:\/\/www.baslerpapiermuehle.ch\/\",\"logo\":{\"@type\":\"ImageObject\",\"inLanguage\":\"en-US\",\"@id\":\"https:\/\/www.baslerpapiermuehle.ch\/#\/schema\/logo\/image\/\",\"url\":\"https:\/\/www.baslerpapiermuehle.ch\/wp-content\/uploads\/2019\/12\/logo-Basler-Papiermuhle-marrone-1.png\",\"contentUrl\":\"https:\/\/www.baslerpapiermuehle.ch\/wp-content\/uploads\/2019\/12\/logo-Basler-Papiermuhle-marrone-1.png\",\"width\":2051,\"height\":530,\"caption\":\"Basler Papierm\u00fchle Museum\"},\"image\":{\"@id\":\"https:\/\/www.baslerpapiermuehle.ch\/#\/schema\/logo\/image\/\"},\"sameAs\":[\"https:\/\/www.facebook.com\/baslerpapiermuehle\/\"]}]}<\/script>\n<!-- \/ Yoast SEO plugin. -->","yoast_head_json":{"title":"B\u00fcndelbanden. Karton packt aus - Basler Papierm\u00fchle","robots":{"index":"index","follow":"follow","max-snippet":"max-snippet:-1","max-image-preview":"max-image-preview:large","max-video-preview":"max-video-preview:-1"},"canonical":"https:\/\/www.baslerpapiermuehle.ch\/events\/buendelbanden-karton-packt-aus\/","og_locale":"en_US","og_type":"article","og_title":"B\u00fcndelbanden. Karton packt aus - Basler Papierm\u00fchle","og_description":"Jede Woche f\u00fcllen sich die Strassen Basels mit Karton. Wer genau hinschaut, merkt: Die Kartonsammlung ist voller Spuren. Im ganz Grossen steht die Kartonsammlung in Verbindung mit den \u00f6kologischen und sozialen Dringlichkeiten unserer globalisierten Gegenwart. Im ganz Kleinen wiederum offenbart sie poetische Facetten und erz\u00e4hlt Anekdoten aus unserem Alltag. Egal ob du Karton b\u00fcndelst, stopfst [&hellip;]","og_url":"https:\/\/www.baslerpapiermuehle.ch\/events\/buendelbanden-karton-packt-aus\/","og_site_name":"Basler Papierm\u00fchle","article_publisher":"https:\/\/www.facebook.com\/baslerpapiermuehle\/","og_image":[{"width":1440,"height":1920,"url":"https:\/\/www.baslerpapiermuehle.ch\/wp-content\/uploads\/2026\/03\/Workshop_Buendelbanden.jpg","type":"image\/jpeg"}],"twitter_card":"summary_large_image","twitter_misc":{"Est. reading time":"1 minute"},"schema":{"@context":"https:\/\/schema.org","@graph":[{"@type":"WebPage","@id":"https:\/\/www.baslerpapiermuehle.ch\/events\/buendelbanden-karton-packt-aus\/","url":"https:\/\/www.baslerpapiermuehle.ch\/events\/buendelbanden-karton-packt-aus\/","name":"B\u00fcndelbanden. Karton packt aus - Basler Papierm\u00fchle","isPartOf":{"@id":"https:\/\/www.baslerpapiermuehle.ch\/#website"},"primaryImageOfPage":{"@id":"https:\/\/www.baslerpapiermuehle.ch\/events\/buendelbanden-karton-packt-aus\/#primaryimage"},"image":{"@id":"https:\/\/www.baslerpapiermuehle.ch\/events\/buendelbanden-karton-packt-aus\/#primaryimage"},"thumbnailUrl":"https:\/\/www.baslerpapiermuehle.ch\/wp-content\/uploads\/2026\/03\/Workshop_Buendelbanden.jpg","datePublished":"2026-03-20T12:04:55+00:00","breadcrumb":{"@id":"https:\/\/www.baslerpapiermuehle.ch\/events\/buendelbanden-karton-packt-aus\/#breadcrumb"},"inLanguage":"en-US","potentialAction":[{"@type":"ReadAction","target":["https:\/\/www.baslerpapiermuehle.ch\/events\/buendelbanden-karton-packt-aus\/"]}]},{"@type":"ImageObject","inLanguage":"en-US","@id":"https:\/\/www.baslerpapiermuehle.ch\/events\/buendelbanden-karton-packt-aus\/#primaryimage","url":"https:\/\/www.baslerpapiermuehle.ch\/wp-content\/uploads\/2026\/03\/Workshop_Buendelbanden.jpg","contentUrl":"https:\/\/www.baslerpapiermuehle.ch\/wp-content\/uploads\/2026\/03\/Workshop_Buendelbanden.jpg","width":1440,"height":1920},{"@type":"BreadcrumbList","@id":"https:\/\/www.baslerpapiermuehle.ch\/events\/buendelbanden-karton-packt-aus\/#breadcrumb","itemListElement":[{"@type":"ListItem","position":1,"name":"Home","item":"https:\/\/www.baslerpapiermuehle.ch\/en\/home-eng\/"},{"@type":"ListItem","position":2,"name":"Veranstaltungen","item":"https:\/\/www.baslerpapiermuehle.ch\/events\/"},{"@type":"ListItem","position":3,"name":"B\u00fcndelbanden. Karton packt aus"}]},{"@type":"WebSite","@id":"https:\/\/www.baslerpapiermuehle.ch\/#website","url":"https:\/\/www.baslerpapiermuehle.ch\/","name":"Basler Papierm\u00fchle - Swiss Museum for Paper, Writing and Printing","description":"Swiss Museum for Paper, Writing and Printing","publisher":{"@id":"https:\/\/www.baslerpapiermuehle.ch\/#organization"},"potentialAction":[{"@type":"SearchAction","target":{"@type":"EntryPoint","urlTemplate":"https:\/\/www.baslerpapiermuehle.ch\/?s={search_term_string}"},"query-input":{"@type":"PropertyValueSpecification","valueRequired":true,"valueName":"search_term_string"}}],"inLanguage":"en-US"},{"@type":"Organization","@id":"https:\/\/www.baslerpapiermuehle.ch\/#organization","name":"Basler Papierm\u00fchle Museum","url":"https:\/\/www.baslerpapiermuehle.ch\/","logo":{"@type":"ImageObject","inLanguage":"en-US","@id":"https:\/\/www.baslerpapiermuehle.ch\/#\/schema\/logo\/image\/","url":"https:\/\/www.baslerpapiermuehle.ch\/wp-content\/uploads\/2019\/12\/logo-Basler-Papiermuhle-marrone-1.png","contentUrl":"https:\/\/www.baslerpapiermuehle.ch\/wp-content\/uploads\/2019\/12\/logo-Basler-Papiermuhle-marrone-1.png","width":2051,"height":530,"caption":"Basler Papierm\u00fchle Museum"},"image":{"@id":"https:\/\/www.baslerpapiermuehle.ch\/#\/schema\/logo\/image\/"},"sameAs":["https:\/\/www.facebook.com\/baslerpapiermuehle\/"]}]}},"_links":{"self":[{"href":"https:\/\/www.baslerpapiermuehle.ch\/en\/wp-json\/wp\/v2\/mec-events\/23575","targetHints":{"allow":["GET"]}}],"collection":[{"href":"https:\/\/www.baslerpapiermuehle.ch\/en\/wp-json\/wp\/v2\/mec-events"}],"about":[{"href":"https:\/\/www.baslerpapiermuehle.ch\/en\/wp-json\/wp\/v2\/types\/mec-events"}],"author":[{"embeddable":true,"href":"https:\/\/www.baslerpapiermuehle.ch\/en\/wp-json\/wp\/v2\/users\/3"}],"replies":[{"embeddable":true,"href":"https:\/\/www.baslerpapiermuehle.ch\/en\/wp-json\/wp\/v2\/comments?post=23575"}],"wp:featuredmedia":[{"embeddable":true,"href":"https:\/\/www.baslerpapiermuehle.ch\/en\/wp-json\/wp\/v2\/media\/23576"}],"wp:attachment":[{"href":"https:\/\/www.baslerpapiermuehle.ch\/en\/wp-json\/wp\/v2\/media?parent=23575"}],"wp:term":[{"taxonomy":"post_tag","embeddable":true,"href":"https:\/\/www.baslerpapiermuehle.ch\/en\/wp-json\/wp\/v2\/tags?post=23575"},{"taxonomy":"mec_category","embeddable":true,"href":"https:\/\/www.baslerpapiermuehle.ch\/en\/wp-json\/wp\/v2\/mec_category?post=23575"}],"curies":[{"name":"wp","href":"https:\/\/api.w.org\/{rel}","templated":true}]}}