{"id":16240,"date":"2020-07-05T10:52:17","date_gmt":"2020-07-05T10:52:17","guid":{"rendered":"https:\/\/www.baslerpapiermuehle.ch\/?page_id=16240"},"modified":"2026-04-14T10:04:23","modified_gmt":"2026-04-14T10:04:23","slug":"info","status":"publish","type":"page","link":"https:\/\/www.baslerpapiermuehle.ch\/en\/info\/","title":{"rendered":"INFORMATION"},"content":{"rendered":"<p>[et_pb_section fb_built=&#8221;1&#8243; module_class=&#8221;links&#8221; _builder_version=&#8221;4.22.2&#8243; _module_preset=&#8221;default&#8221; positioning=&#8221;none&#8221; width=&#8221;100%&#8221; max_width=&#8221;1920px&#8221; custom_margin=&#8221;10px|auto|20px|auto|false|true&#8221; custom_padding=&#8221;0px||0px||true|false&#8221; global_colors_info=&#8221;{}&#8221;][et_pb_row column_structure=&#8221;1_3,1_3,1_3&#8243; use_custom_gutter=&#8221;on&#8221; gutter_width=&#8221;1&#8243; make_equal=&#8221;on&#8221; _builder_version=&#8221;4.22.2&#8243; _module_preset=&#8221;default&#8221; width=&#8221;100%&#8221; max_width=&#8221;2560px&#8221; overflow-y=&#8221;hidden&#8221; custom_margin=&#8221;0px||0px||true|false&#8221; custom_padding=&#8221;0px|10px|10px|10px|false|true&#8221; global_colors_info=&#8221;{}&#8221;][et_pb_column type=&#8221;1_3&#8243; _builder_version=&#8221;4.22.2&#8243; _module_preset=&#8221;default&#8221; global_colors_info=&#8221;{}&#8221;][et_pb_text module_id=&#8221;offnungszeiten&#8221; module_class=&#8221;border_grid&#8221; _builder_version=&#8221;4.23&#8243; _module_preset=&#8221;default&#8221; text_text_color=&#8221;#FFFFFF&#8221; header_text_color=&#8221;#FFFFFF&#8221; header_2_font=&#8221;|700||on|||||&#8221; header_2_text_color=&#8221;#FFFFFF&#8221; header_2_font_size=&#8221;2.2rem&#8221; background_color=&#8221;#445F65&#8243; custom_padding=&#8221;2rem|1rem|2rem|1rem|true|true&#8221; header_2_font_size_tablet=&#8221;2.2rem&#8221; header_2_font_size_phone=&#8221;1.6rem&#8221; header_2_font_size_last_edited=&#8221;on|phone&#8221; global_colors_info=&#8221;{}&#8221; header_2_font_size__hover_enabled=&#8221;on|desktop&#8221; header_2_font_size__hover=&#8221;2.2rem&#8221;]<\/p>\n<h2>Opening hours<\/h2>\n<table style=\"height: 92px; width: 100%; border-collapse: collapse; border-style: solid; border-color: transparent;\" border=\"1\">\n<tbody>\n<tr style=\"height: 23px;\">\n<td style=\"width: 50%; height: 23px;\"><strong>Tuesday till Friday<\/strong><\/td>\n<td style=\"width: 50%; height: 23px;\">11 &#8211; 17h<\/td>\n<\/tr>\n<tr style=\"height: 23px;\">\n<td style=\"width: 50%; height: 23px;\"><strong>Saturday<\/strong><\/td>\n<td style=\"width: 50%; height: 23px;\">13 &#8211; 17h<\/td>\n<\/tr>\n<tr style=\"height: 23px;\">\n<td style=\"width: 50%; height: 23px;\"><strong>Sunday<\/strong><\/td>\n<td style=\"width: 50%; height: 23px;\">11 &#8211; 17h<\/td>\n<\/tr>\n<tr style=\"height: 23px;\">\n<td style=\"width: 50%; height: 23px;\"><strong>Monday<\/strong><\/td>\n<td style=\"width: 50%; height: 23px;\">closed<\/td>\n<\/tr>\n<\/tbody>\n<\/table>\n<p>[\/et_pb_text][et_pb_text module_id=&#8221;Menschen&#8221; module_class=&#8221;border_grid&#8221; _builder_version=&#8221;4.22.2&#8243; _module_preset=&#8221;default&#8221; header_2_font=&#8221;|700||on|||||&#8221; header_2_text_color=&#8221;#000000&#8243; header_2_font_size=&#8221;2.2rem&#8221; background_color=&#8221;#f5f5f5&#8243; custom_padding=&#8221;2rem|1rem|2rem|1rem|true|true&#8221; header_2_font_size_tablet=&#8221;2.2rem&#8221; header_2_font_size_phone=&#8221;1.6rem&#8221; header_2_font_size_last_edited=&#8221;on|phone&#8221; global_colors_info=&#8221;{}&#8221; header_2_font_size__hover_enabled=&#8221;on|desktop&#8221; header_2_font_size__hover=&#8221;2.2rem&#8221;]<\/p>\n<h2>VISITORS WITH SPECIAL NEEDS<\/h2>\n<p>The museum is located in a Late Medieval mill, listed as a historic site. Most rooms are wheelchair-accessible. An elevator connects all floors.<\/p>\n<p>On each floor, a member of our staff will be able to answer your questions and provide assistance.<\/p>\n<p>[\/et_pb_text][et_pb_text module_id=&#8221;feiertage&#8221; module_class=&#8221;border_grid table_res&#8221; _builder_version=&#8221;4.27.6&#8243; _module_preset=&#8221;default&#8221; text_text_color=&#8221;#FFFFFF&#8221; header_text_color=&#8221;#FFFFFF&#8221; header_2_font=&#8221;|700||on|||||&#8221; header_2_text_color=&#8221;#FFFFFF&#8221; header_2_font_size=&#8221;2.2rem&#8221; background_color=&#8221;#aeb9bb&#8221; height=&#8221;100%&#8221; custom_padding=&#8221;2rem|1rem|1rem|1rem|false|true&#8221; hover_enabled=&#8221;0&#8243; header_2_font_size_tablet=&#8221;2.2rem&#8221; header_2_font_size_phone=&#8221;1.6rem&#8221; header_2_font_size_last_edited=&#8221;on|phone&#8221; global_colors_info=&#8221;{}&#8221; header_2_font_size__hover_enabled=&#8221;on|desktop&#8221; header_2_font_size__hover=&#8221;2.2rem&#8221; sticky_enabled=&#8221;0&#8243;]<\/p>\n<h2>PUBLIC HOLIDAYS<\/h2>\n<table style=\"height: 197px; width: 100%; border-collapse: collapse; border-color: transparent;\" border=\"1\">\n<tbody>\n<tr style=\"height: 23px;\">\n<td style=\"width: 33.3333%; height: 23px;\"><strong>Friday <\/strong><\/td>\n<td style=\"width: 33.3333%; height: 23px; text-align: center;\">01.05.2026<\/td>\n<td style=\"width: 33.3333%; height: 23px; text-align: center;\">closed\u00a0<\/td>\n<\/tr>\n<tr style=\"height: 23px;\">\n<td style=\"width: 33.3333%; height: 23px;\"><strong>Thursday<\/strong><\/td>\n<td style=\"width: 33.3333%; height: 23px; text-align: center;\">14.05.2026<\/td>\n<td style=\"width: 33.3333%; height: 23px; text-align: center;\">open<\/td>\n<\/tr>\n<tr style=\"height: 23px;\">\n<td style=\"width: 33.3333%; height: 23px;\"><strong>Sunday<\/strong><\/td>\n<td style=\"width: 33.3333%; height: 23px; text-align: center;\">24.05.2026<\/td>\n<td style=\"width: 33.3333%; height: 23px; text-align: center;\">open<\/td>\n<\/tr>\n<tr style=\"height: 23px;\">\n<td style=\"width: 33.3333%; height: 10px;\"><strong>Monday<\/strong><\/td>\n<td style=\"width: 33.3333%; height: 10px; text-align: center;\">25.05.2026<\/td>\n<td style=\"width: 33.3333%; height: 10px; text-align: center;\">closed<\/td>\n<\/tr>\n<tr style=\"height: 23px;\">\n<td style=\"width: 33.3333%; height: 23px;\"><strong>Saturday<\/strong><\/td>\n<td style=\"width: 33.3333%; height: 23px; text-align: center;\">01.08.2026<\/td>\n<td style=\"width: 33.3333%; height: 23px; text-align: center;\">closed<\/td>\n<\/tr>\n<tr style=\"height: 23px;\">\n<td style=\"width: 33.3333%; height: 23px;\"><strong>Thursday<\/strong><\/td>\n<td style=\"width: 33.3333%; height: 23px; text-align: center;\">24.12.2026<\/td>\n<td style=\"width: 33.3333%; height: 23px; text-align: center;\">closed<\/td>\n<\/tr>\n<tr style=\"height: 23px;\">\n<td style=\"width: 33.3333%; height: 23px;\"><strong>Friday<\/strong><\/td>\n<td style=\"width: 33.3333%; height: 23px; text-align: center;\">25.12.2026<\/td>\n<td style=\"width: 33.3333%; height: 23px; text-align: center;\">closed<\/td>\n<\/tr>\n<tr style=\"height: 26px;\">\n<td style=\"width: 33.3333%; height: 26px;\"><strong>Saturday<\/strong><\/td>\n<td style=\"width: 33.3333%; height: 26px; text-align: center;\">26.12.2026<\/td>\n<td style=\"width: 33.3333%; height: 26px; text-align: center;\">open<\/td>\n<\/tr>\n<tr style=\"height: 23px;\">\n<td style=\"width: 33.3333%; height: 23px;\"><strong>Thursday<\/strong><\/td>\n<td style=\"width: 33.3333%; height: 23px; text-align: center;\">31.12.2026<\/td>\n<td style=\"width: 33.3333%; height: 23px; text-align: center;\">closed<\/td>\n<\/tr>\n<\/tbody>\n<\/table>\n<p>[\/et_pb_text][\/et_pb_column][et_pb_column type=&#8221;1_3&#8243; _builder_version=&#8221;4.22.2&#8243; _module_preset=&#8221;default&#8221; global_colors_info=&#8221;{}&#8221;][et_pb_text module_id=&#8221;Restaurant&#8221; module_class=&#8221;border_grid&#8221; _builder_version=&#8221;4.25.1&#8243; _module_preset=&#8221;default&#8221; text_text_color=&#8221;#FFFFFF&#8221; header_text_color=&#8221;#FFFFFF&#8221; header_2_font=&#8221;|700||on|||||&#8221; header_2_text_color=&#8221;#FFFFFF&#8221; header_2_font_size=&#8221;2.2rem&#8221; background_color=&#8221;#aeb9bb&#8221; custom_padding=&#8221;2rem|1rem|1rem|1rem|false|true&#8221; header_2_font_size_tablet=&#8221;2.2rem&#8221; header_2_font_size_phone=&#8221;1.6rem&#8221; header_2_font_size_last_edited=&#8221;on|phone&#8221; global_colors_info=&#8221;{}&#8221; header_2_font_size__hover_enabled=&#8221;on|desktop&#8221; header_2_font_size__hover=&#8221;2.2rem&#8221;]<\/p>\n<h2>Restaurant<\/h2>\n<p>The <a href=\"http:\/\/www.papiermuehle.ch\/de\/\" target=\"_blank\" rel=\"noopener\">Restaurant and Caf\u00e9<\/a> Papierm\u00fchle welcomes you with a lively and relaxed atmosphere.<\/p>\n<p>The lunch menu offers both traditional and creative dishes using local ingredients.<\/p>\n<p>Enjoy a homemade sandwich for lunch or choose from a delicious assortment of fine cakes for afternoon tea. A variety of tasty options awaits you, before or after your visit to the museum.<\/p>\n<p>Weather permitting, you can also sit outside and enjoy the tranquil scenery with the mill river rushing by.<\/p>\n<p>For reservations and information about special events, please contact Restaurant Caf\u00e9 Papierm\u00fchle,<\/p>\n<p>(+41) 061 272 48 48 &#8211; <a href=\"mailto:restaurant@papiermuehle.ch\">restaurant@papiermuehle.ch<\/a><\/p>\n<p>[\/et_pb_text][et_pb_text module_id=&#8221;Anreise&#8221; module_class=&#8221;border_grid&#8221; _builder_version=&#8221;4.23.1&#8243; _module_preset=&#8221;default&#8221; text_text_color=&#8221;#FFFFFF&#8221; header_text_color=&#8221;#FFFFFF&#8221; header_2_font=&#8221;|700||on|||||&#8221; header_2_text_color=&#8221;#FFFFFF&#8221; header_2_font_size=&#8221;2.2rem&#8221; header_5_font=&#8221;|600|||||||&#8221; header_5_text_color=&#8221;#FFFFFF&#8221; header_5_line_height=&#8221;2em&#8221; background_color=&#8221;#445F65&#8243; height=&#8221;100%&#8221; custom_padding=&#8221;2rem|1rem|2rem|1rem|true|true&#8221; header_2_font_size_tablet=&#8221;2.2rem&#8221; header_2_font_size_phone=&#8221;1.6rem&#8221; header_2_font_size_last_edited=&#8221;on|phone&#8221; global_colors_info=&#8221;{}&#8221; header_2_font_size__hover_enabled=&#8221;on|desktop&#8221; header_2_font_size__hover=&#8221;2.2rem&#8221;]<\/p>\n<h2>GETTING HERE<\/h2>\n<p><a href=\"http:\/\/bvb.ch\/\" target=\"_blank\" rel=\"noopener noreferrer\">Public transport<\/a><\/p>\n<p>From SBB railway station: Tram no. 2 in the direction of Eglisee to Kunstmuseum station, then on foot.<br \/>From Badischer Bahnhof DB: Tram no. 2 in the direction of Binningen to Kunstmuseum station, then on foot.<\/p>\n<p>&nbsp;<\/p>\n<h5>On foot<\/h5>\n<p>Ab From the tram stop \u201cKunstmuseum\u201d walk 5-10 minutes via St. Alban-Vorstadt steet, then down M\u00fchleberg, along St. Alban-Rheinweg until you reach Restaurant Caf\u00e9 Papierm\u00fchle and the museum.<\/p>\n<p>&nbsp;<\/p>\n<h5>By car<\/h5>\n<p>We recommend the use of public transport. Parking near the museum is limited<\/p>\n<h5><\/h5>\n<h5>By ferry<\/h5>\n<p>The <a href=\"http:\/\/www.faehri.ch\/\" target=\"_blank\" rel=\"noopener noreferrer\">St. Alban \u201cWilde Maa\u201d<\/a> ferry operates year round. Enjoy crossing the Rhein from Kleinbasel to St. Alban-Tal. You can also arrive by <a href=\"http:\/\/www.rhytaxi.ch\/\" target=\"_blank\" rel=\"noopener noreferrer\">water-taxi<\/a>.<\/p>\n<p>[\/et_pb_text][\/et_pb_column][et_pb_column type=&#8221;1_3&#8243; _builder_version=&#8221;4.22.2&#8243; _module_preset=&#8221;default&#8221; global_colors_info=&#8221;{}&#8221;][et_pb_text module_id=&#8221;Menschen&#8221; module_class=&#8221;border_grid&#8221; _builder_version=&#8221;4.22.2&#8243; _module_preset=&#8221;default&#8221; header_2_font=&#8221;|700||on|||||&#8221; header_2_text_color=&#8221;#000000&#8243; header_2_font_size=&#8221;2.2rem&#8221; background_color=&#8221;#f5f5f5&#8243; custom_padding=&#8221;2rem|1rem|2rem|1rem|true|true&#8221; header_2_font_size_tablet=&#8221;2.2rem&#8221; header_2_font_size_phone=&#8221;1.6rem&#8221; header_2_font_size_last_edited=&#8221;on|phone&#8221; global_colors_info=&#8221;{}&#8221; header_2_font_size__hover_enabled=&#8221;on|desktop&#8221; header_2_font_size__hover=&#8221;2.2rem&#8221;]<\/p>\n<h2>TICKET PRICES<\/h2>\n<p>[\/et_pb_text][et_pb_accordion open_toggle_text_color=&#8221;#000000&#8243; open_toggle_background_color=&#8221;#E5E5E5&#8243; closed_toggle_background_color=&#8221;#445F65&#8243; module_class=&#8221;border_grid&#8221; _builder_version=&#8221;4.24.0&#8243; _module_preset=&#8221;default&#8221; toggle_text_color=&#8221;#FFFFFF&#8221; custom_margin=&#8221;0px||0px||true|false&#8221; custom_padding=&#8221;0px||0px||true|false&#8221; custom_css_main_element=&#8221;text-transform:uppercase!important;&#8221; global_colors_info=&#8221;{}&#8221;][et_pb_accordion_item title=&#8221;REGULAR&#8221; open=&#8221;on&#8221; _builder_version=&#8221;4.24.0&#8243; _module_preset=&#8221;default&#8221; custom_margin=&#8221;||0.5rem||false|false&#8221; global_colors_info=&#8221;{}&#8221;]<\/p>\n<p>CHF 20<\/p>\n<p>[\/et_pb_accordion_item][et_pb_accordion_item title=&#8221;Seniors &#038; students over 16 years old and visitors with disabilities&#8221; _builder_version=&#8221;4.24.0&#8243; _module_preset=&#8221;default&#8221; custom_margin=&#8221;||0.5rem||false|false&#8221; global_colors_info=&#8221;{}&#8221; open=&#8221;off&#8221;]<\/p>\n<p>CHF 17<\/p>\n<p>[\/et_pb_accordion_item][et_pb_accordion_item title=&#8221;STUDENTS 5 TO 16 YEARS OLD&#8221; _builder_version=&#8221;4.24.0&#8243; _module_preset=&#8221;default&#8221; custom_margin=&#8221;||0.5rem||false|false&#8221; global_colors_info=&#8221;{}&#8221; open=&#8221;off&#8221;]<\/p>\n<p>CHF 11<\/p>\n<p>[\/et_pb_accordion_item][et_pb_accordion_item title=&#8221;PRE-SCHOOL CHILDREN UP TO 5 YEARS OLD&#8221; _builder_version=&#8221;4.24.0&#8243; _module_preset=&#8221;default&#8221; custom_margin=&#8221;||0.5rem||false|false&#8221; global_colors_info=&#8221;{}&#8221; open=&#8221;off&#8221;]<\/p>\n<p>free of CharGe<\/p>\n<p>[\/et_pb_accordion_item][et_pb_accordion_item title=&#8221;Kindergarten groups outside BS\/BL per child&#8221; _builder_version=&#8221;4.24.0&#8243; _module_preset=&#8221;default&#8221; custom_margin=&#8221;||0.5rem||false|false&#8221; global_colors_info=&#8221;{}&#8221; open=&#8221;off&#8221;]<\/p>\n<p>CHF 11<\/p>\n<p>[\/et_pb_accordion_item][et_pb_accordion_item title=&#8221;1 ADULT WITH 2 CHILDREN&#8217;S UNDER 16  &#8221; _builder_version=&#8221;4.24.0&#8243; _module_preset=&#8221;default&#8221; custom_margin=&#8221;||0.5rem||false|false&#8221; global_colors_info=&#8221;{}&#8221; open=&#8221;off&#8221;]<\/p>\n<p>CHF 38<\/p>\n<p>[\/et_pb_accordion_item][et_pb_accordion_item title=&#8221;2 ADULTS WITH UP TO 4 CHILDREN&#8217;S  &#8221; _builder_version=&#8221;4.24.0&#8243; _module_preset=&#8221;default&#8221; custom_margin=&#8221;||0.5rem||false|false&#8221; global_colors_info=&#8221;{}&#8221; open=&#8221;off&#8221;]<\/p>\n<p>CHF 56<\/p>\n<p>[\/et_pb_accordion_item][et_pb_accordion_item title=&#8221;GROUPS WITH DISABILITIES (PER PERSON)&#8221; _builder_version=&#8221;4.24.0&#8243; _module_preset=&#8221;default&#8221; custom_margin=&#8221;||0.5rem||false|false&#8221; global_colors_info=&#8221;{}&#8221; open=&#8221;off&#8221;]<\/p>\n<p style=\"text-align: center;\">CHF 17<br \/>COMPANIONS FREE<\/p>\n<p>[\/et_pb_accordion_item][et_pb_accordion_item title=&#8221;GROUPS (up to 10) AND SCHOOLS &#8221; _builder_version=&#8221;4.24.0&#8243; _module_preset=&#8221;default&#8221; custom_margin=&#8221;||0.5rem||false|false&#8221; global_colors_info=&#8221;{}&#8221; open=&#8221;off&#8221;]<\/p>\n<p>Groups: CHF 17<br \/>Schools BS &amp; BL: free of CharGe<\/p>\n<a href='https:\/\/www.baslerpapiermuehle.ch\/angebote\/' class='small-button smallblueshort_code' target=\"_blank\">SPECIAL OFFERS<\/a>\n<p>[\/et_pb_accordion_item][et_pb_accordion_item title=&#8221;WE ACCEPT BASEL CARD, MUSEUMS PASS-MUS\u00c9ES, SWISS MUSEUMSPASS, VMS, AND ICOM MEMBERSHIP, KULTURLEGI&#8221; _builder_version=&#8221;4.24.0&#8243; _module_preset=&#8221;default&#8221; custom_margin=&#8221;||0.5rem||false|false&#8221; global_colors_info=&#8221;{}&#8221; open=&#8221;off&#8221;]<\/p>\n<p>This does not apply to group admissions.<\/p>\n<p>[\/et_pb_accordion_item][\/et_pb_accordion][et_pb_text module_id=&#8221;Media&#8221; module_class=&#8221;border_grid&#8221; _builder_version=&#8221;4.22.2&#8243; _module_preset=&#8221;default&#8221; text_text_color=&#8221;#FFFFFF&#8221; header_text_color=&#8221;#FFFFFF&#8221; header_2_font=&#8221;|700||on|||||&#8221; header_2_text_color=&#8221;#FFFFFF&#8221; header_2_font_size=&#8221;2.2rem&#8221; background_color=&#8221;#aeb9bb&#8221; height=&#8221;100%&#8221; custom_padding=&#8221;2rem|1rem|1rem|1rem|false|true&#8221; header_2_font_size_tablet=&#8221;2.2rem&#8221; header_2_font_size_phone=&#8221;1.6rem&#8221; header_2_font_size_last_edited=&#8221;on|phone&#8221; global_colors_info=&#8221;{}&#8221; header_2_font_size__hover_enabled=&#8221;on|desktop&#8221; header_2_font_size__hover=&#8221;2.2rem&#8221;]<\/p>\n<h2>Media<\/h2>\n<p><span style=\"text-align: justify;\">We are pleased to provide the press with photos. For information on exhibitions and special events, please<\/span><\/p>\n<p>Conatct: <a href=\"mailto:n.konstantinou@baslerpapiermuehle.ch\">n.konstantinou@baslerpapiermuehle.ch<\/a><\/p>\n<p>When using photos received from the Basel Paper Mill, we kindly ask you to include relevant copyright information.<\/p>\n<p>[\/et_pb_text][\/et_pb_column][\/et_pb_row][\/et_pb_section]<\/p>\n","protected":false},"excerpt":{"rendered":"<p>Opening hours Tuesday till Friday 11 &#8211; 17h Saturday 13 &#8211; 17h Sunday 11 &#8211; 17h Monday closed VISITORS WITH SPECIAL NEEDS The museum is located in a Late Medieval mill, listed as a historic site. Most rooms are wheelchair-accessible. An elevator connects all floors. On each floor, a member of our staff will be [&hellip;]<\/p>\n","protected":false},"author":1,"featured_media":0,"parent":0,"menu_order":0,"comment_status":"closed","ping_status":"closed","template":"","meta":{"_acf_changed":false,"_et_pb_use_builder":"on","_et_pb_old_content":"","_et_gb_content_width":"","footnotes":""},"class_list":["post-16240","page","type-page","status-publish","hentry"],"acf":[],"yoast_head":"<!-- This site is optimized with the Yoast SEO plugin v26.8 - https:\/\/yoast.com\/product\/yoast-seo-wordpress\/ -->\n<title>INFORMATION - Basler Papierm\u00fchle<\/title>\n<meta name=\"description\" content=\"The museum is located in a Late Medieval mill, listed as a historic site. Most rooms are wheelchair-accessible. An elevator connects all floors.\" \/>\n<meta name=\"robots\" content=\"index, follow, max-snippet:-1, max-image-preview:large, max-video-preview:-1\" \/>\n<link rel=\"canonical\" href=\"https:\/\/www.baslerpapiermuehle.ch\/informationen\/\" \/>\n<meta property=\"og:locale\" content=\"en_US\" \/>\n<meta property=\"og:type\" content=\"article\" \/>\n<meta property=\"og:title\" content=\"INFORMATION - Basler Papierm\u00fchle\" \/>\n<meta property=\"og:description\" content=\"The museum is located in a Late Medieval mill, listed as a historic site. Most rooms are wheelchair-accessible. An elevator connects all floors.\" \/>\n<meta property=\"og:url\" content=\"https:\/\/www.baslerpapiermuehle.ch\/informationen\/\" \/>\n<meta property=\"og:site_name\" content=\"Basler Papierm\u00fchle\" \/>\n<meta property=\"article:publisher\" content=\"https:\/\/www.facebook.com\/baslerpapiermuehle\/\" \/>\n<meta property=\"article:modified_time\" content=\"2026-04-14T10:04:23+00:00\" \/>\n<meta name=\"twitter:card\" content=\"summary_large_image\" \/>\n<meta name=\"twitter:label1\" content=\"Est. reading time\" \/>\n\t<meta name=\"twitter:data1\" content=\"3 minutes\" \/>\n<script type=\"application\/ld+json\" class=\"yoast-schema-graph\">{\"@context\":\"https:\/\/schema.org\",\"@graph\":[{\"@type\":\"WebPage\",\"@id\":\"https:\/\/www.baslerpapiermuehle.ch\/informationen\/\",\"url\":\"https:\/\/www.baslerpapiermuehle.ch\/informationen\/\",\"name\":\"INFORMATION - Basler Papierm\u00fchle\",\"isPartOf\":{\"@id\":\"https:\/\/www.baslerpapiermuehle.ch\/#website\"},\"datePublished\":\"2020-07-05T10:52:17+00:00\",\"dateModified\":\"2026-04-14T10:04:23+00:00\",\"description\":\"The museum is located in a Late Medieval mill, listed as a historic site. Most rooms are wheelchair-accessible. An elevator connects all floors.\",\"breadcrumb\":{\"@id\":\"https:\/\/www.baslerpapiermuehle.ch\/informationen\/#breadcrumb\"},\"inLanguage\":\"en-US\",\"potentialAction\":[{\"@type\":\"ReadAction\",\"target\":[\"https:\/\/www.baslerpapiermuehle.ch\/informationen\/\"]}]},{\"@type\":\"BreadcrumbList\",\"@id\":\"https:\/\/www.baslerpapiermuehle.ch\/informationen\/#breadcrumb\",\"itemListElement\":[{\"@type\":\"ListItem\",\"position\":1,\"name\":\"Home\",\"item\":\"https:\/\/www.baslerpapiermuehle.ch\/en\/home-eng\/\"},{\"@type\":\"ListItem\",\"position\":2,\"name\":\"INFORMATION\"}]},{\"@type\":\"WebSite\",\"@id\":\"https:\/\/www.baslerpapiermuehle.ch\/#website\",\"url\":\"https:\/\/www.baslerpapiermuehle.ch\/\",\"name\":\"Basler Papierm\u00fchle - Swiss Museum for Paper, Writing and Printing\",\"description\":\"Swiss Museum for Paper, Writing and Printing\",\"publisher\":{\"@id\":\"https:\/\/www.baslerpapiermuehle.ch\/#organization\"},\"potentialAction\":[{\"@type\":\"SearchAction\",\"target\":{\"@type\":\"EntryPoint\",\"urlTemplate\":\"https:\/\/www.baslerpapiermuehle.ch\/?s={search_term_string}\"},\"query-input\":{\"@type\":\"PropertyValueSpecification\",\"valueRequired\":true,\"valueName\":\"search_term_string\"}}],\"inLanguage\":\"en-US\"},{\"@type\":\"Organization\",\"@id\":\"https:\/\/www.baslerpapiermuehle.ch\/#organization\",\"name\":\"Basler Papierm\u00fchle Museum\",\"url\":\"https:\/\/www.baslerpapiermuehle.ch\/\",\"logo\":{\"@type\":\"ImageObject\",\"inLanguage\":\"en-US\",\"@id\":\"https:\/\/www.baslerpapiermuehle.ch\/#\/schema\/logo\/image\/\",\"url\":\"https:\/\/www.baslerpapiermuehle.ch\/wp-content\/uploads\/2019\/12\/logo-Basler-Papiermuhle-marrone-1.png\",\"contentUrl\":\"https:\/\/www.baslerpapiermuehle.ch\/wp-content\/uploads\/2019\/12\/logo-Basler-Papiermuhle-marrone-1.png\",\"width\":2051,\"height\":530,\"caption\":\"Basler Papierm\u00fchle Museum\"},\"image\":{\"@id\":\"https:\/\/www.baslerpapiermuehle.ch\/#\/schema\/logo\/image\/\"},\"sameAs\":[\"https:\/\/www.facebook.com\/baslerpapiermuehle\/\"]}]}<\/script>\n<!-- \/ Yoast SEO plugin. -->","yoast_head_json":{"title":"INFORMATION - Basler Papierm\u00fchle","description":"The museum is located in a Late Medieval mill, listed as a historic site. Most rooms are wheelchair-accessible. An elevator connects all floors.","robots":{"index":"index","follow":"follow","max-snippet":"max-snippet:-1","max-image-preview":"max-image-preview:large","max-video-preview":"max-video-preview:-1"},"canonical":"https:\/\/www.baslerpapiermuehle.ch\/informationen\/","og_locale":"en_US","og_type":"article","og_title":"INFORMATION - Basler Papierm\u00fchle","og_description":"The museum is located in a Late Medieval mill, listed as a historic site. Most rooms are wheelchair-accessible. An elevator connects all floors.","og_url":"https:\/\/www.baslerpapiermuehle.ch\/informationen\/","og_site_name":"Basler Papierm\u00fchle","article_publisher":"https:\/\/www.facebook.com\/baslerpapiermuehle\/","article_modified_time":"2026-04-14T10:04:23+00:00","twitter_card":"summary_large_image","twitter_misc":{"Est. reading time":"3 minutes"},"schema":{"@context":"https:\/\/schema.org","@graph":[{"@type":"WebPage","@id":"https:\/\/www.baslerpapiermuehle.ch\/informationen\/","url":"https:\/\/www.baslerpapiermuehle.ch\/informationen\/","name":"INFORMATION - Basler Papierm\u00fchle","isPartOf":{"@id":"https:\/\/www.baslerpapiermuehle.ch\/#website"},"datePublished":"2020-07-05T10:52:17+00:00","dateModified":"2026-04-14T10:04:23+00:00","description":"The museum is located in a Late Medieval mill, listed as a historic site. Most rooms are wheelchair-accessible. An elevator connects all floors.","breadcrumb":{"@id":"https:\/\/www.baslerpapiermuehle.ch\/informationen\/#breadcrumb"},"inLanguage":"en-US","potentialAction":[{"@type":"ReadAction","target":["https:\/\/www.baslerpapiermuehle.ch\/informationen\/"]}]},{"@type":"BreadcrumbList","@id":"https:\/\/www.baslerpapiermuehle.ch\/informationen\/#breadcrumb","itemListElement":[{"@type":"ListItem","position":1,"name":"Home","item":"https:\/\/www.baslerpapiermuehle.ch\/en\/home-eng\/"},{"@type":"ListItem","position":2,"name":"INFORMATION"}]},{"@type":"WebSite","@id":"https:\/\/www.baslerpapiermuehle.ch\/#website","url":"https:\/\/www.baslerpapiermuehle.ch\/","name":"Basler Papierm\u00fchle - Swiss Museum for Paper, Writing and Printing","description":"Swiss Museum for Paper, Writing and Printing","publisher":{"@id":"https:\/\/www.baslerpapiermuehle.ch\/#organization"},"potentialAction":[{"@type":"SearchAction","target":{"@type":"EntryPoint","urlTemplate":"https:\/\/www.baslerpapiermuehle.ch\/?s={search_term_string}"},"query-input":{"@type":"PropertyValueSpecification","valueRequired":true,"valueName":"search_term_string"}}],"inLanguage":"en-US"},{"@type":"Organization","@id":"https:\/\/www.baslerpapiermuehle.ch\/#organization","name":"Basler Papierm\u00fchle Museum","url":"https:\/\/www.baslerpapiermuehle.ch\/","logo":{"@type":"ImageObject","inLanguage":"en-US","@id":"https:\/\/www.baslerpapiermuehle.ch\/#\/schema\/logo\/image\/","url":"https:\/\/www.baslerpapiermuehle.ch\/wp-content\/uploads\/2019\/12\/logo-Basler-Papiermuhle-marrone-1.png","contentUrl":"https:\/\/www.baslerpapiermuehle.ch\/wp-content\/uploads\/2019\/12\/logo-Basler-Papiermuhle-marrone-1.png","width":2051,"height":530,"caption":"Basler Papierm\u00fchle Museum"},"image":{"@id":"https:\/\/www.baslerpapiermuehle.ch\/#\/schema\/logo\/image\/"},"sameAs":["https:\/\/www.facebook.com\/baslerpapiermuehle\/"]}]}},"_links":{"self":[{"href":"https:\/\/www.baslerpapiermuehle.ch\/en\/wp-json\/wp\/v2\/pages\/16240","targetHints":{"allow":["GET"]}}],"collection":[{"href":"https:\/\/www.baslerpapiermuehle.ch\/en\/wp-json\/wp\/v2\/pages"}],"about":[{"href":"https:\/\/www.baslerpapiermuehle.ch\/en\/wp-json\/wp\/v2\/types\/page"}],"author":[{"embeddable":true,"href":"https:\/\/www.baslerpapiermuehle.ch\/en\/wp-json\/wp\/v2\/users\/1"}],"replies":[{"embeddable":true,"href":"https:\/\/www.baslerpapiermuehle.ch\/en\/wp-json\/wp\/v2\/comments?post=16240"}],"version-history":[{"count":3,"href":"https:\/\/www.baslerpapiermuehle.ch\/en\/wp-json\/wp\/v2\/pages\/16240\/revisions"}],"predecessor-version":[{"id":23609,"href":"https:\/\/www.baslerpapiermuehle.ch\/en\/wp-json\/wp\/v2\/pages\/16240\/revisions\/23609"}],"wp:attachment":[{"href":"https:\/\/www.baslerpapiermuehle.ch\/en\/wp-json\/wp\/v2\/media?parent=16240"}],"curies":[{"name":"wp","href":"https:\/\/api.w.org\/{rel}","templated":true}]}}