{"id":18420,"date":"2023-03-08T13:43:30","date_gmt":"2023-03-08T13:43:30","guid":{"rendered":"https:\/\/www.baslerpapiermuehle.ch\/?post_type=mec-events&#038;p=18420"},"modified":"2023-03-08T13:43:30","modified_gmt":"2023-03-08T13:43:30","slug":"welttag-des-buches","status":"publish","type":"mec-events","link":"https:\/\/www.baslerpapiermuehle.ch\/fr\/events\/welttag-des-buches\/","title":{"rendered":"Welttag des Buches"},"content":{"rendered":"<p><strong>Am 23. April ist der UNESCO-Weltbuchtag. Wir feiern mit! Interessierte und zuk\u00fcnftige Autor:innen, ob jung oder alt, k\u00f6nnen ihr eigenes Notizheft binden und mit Ideen f\u00fcllen. Wer will, kann sich die Titelseite kunstvoll mit einer Pr\u00e4gung verzieren.<\/strong><\/p>\n<p><strong>Das Angebot ist im Museumseintritt inbegriffen. Eine Anmeldung ist nicht erforderlich.<\/strong><\/p>\n","protected":false},"excerpt":{"rendered":"<p>Am 23. April ist der UNESCO-Weltbuchtag. Wir feiern mit! Interessierte und zuk\u00fcnftige Autor:innen, ob jung oder alt, k\u00f6nnen ihr eigenes Notizheft binden und mit Ideen f\u00fcllen. Wer will, kann sich die Titelseite kunstvoll mit einer Pr\u00e4gung verzieren. Das Angebot ist im Museumseintritt inbegriffen. Eine Anmeldung ist nicht erforderlich.<\/p>\n","protected":false},"author":3,"featured_media":18413,"comment_status":"closed","ping_status":"closed","template":"","tags":[],"mec_category":[112],"class_list":["post-18420","mec-events","type-mec-events","status-publish","has-post-thumbnail","hentry","mec_category-offener-workshop"],"acf":[],"yoast_head":"<!-- This site is optimized with the Yoast SEO plugin v26.8 - https:\/\/yoast.com\/product\/yoast-seo-wordpress\/ -->\n<title>Welttag des Buches - Basler Papierm\u00fchle<\/title>\n<meta name=\"robots\" content=\"index, follow, max-snippet:-1, max-image-preview:large, max-video-preview:-1\" \/>\n<link rel=\"canonical\" href=\"https:\/\/www.baslerpapiermuehle.ch\/events\/welttag-des-buches\/\" \/>\n<meta property=\"og:locale\" content=\"fr_FR\" \/>\n<meta property=\"og:type\" content=\"article\" \/>\n<meta property=\"og:title\" content=\"Welttag des Buches - Basler Papierm\u00fchle\" \/>\n<meta property=\"og:description\" content=\"Am 23. April ist der UNESCO-Weltbuchtag. Wir feiern mit! Interessierte und zuk\u00fcnftige Autor:innen, ob jung oder alt, k\u00f6nnen ihr eigenes Notizheft binden und mit Ideen f\u00fcllen. Wer will, kann sich die Titelseite kunstvoll mit einer Pr\u00e4gung verzieren. Das Angebot ist im Museumseintritt inbegriffen. Eine Anmeldung ist nicht erforderlich.\" \/>\n<meta property=\"og:url\" content=\"https:\/\/www.baslerpapiermuehle.ch\/events\/welttag-des-buches\/\" \/>\n<meta property=\"og:site_name\" content=\"Basler Papierm\u00fchle\" \/>\n<meta property=\"article:publisher\" content=\"https:\/\/www.facebook.com\/baslerpapiermuehle\/\" \/>\n<meta property=\"og:image\" content=\"https:\/\/www.baslerpapiermuehle.ch\/wp-content\/uploads\/2023\/03\/23-WS_Weltbuchtag2_web.jpg\" \/>\n\t<meta property=\"og:image:width\" content=\"770\" \/>\n\t<meta property=\"og:image:height\" content=\"500\" \/>\n\t<meta property=\"og:image:type\" content=\"image\/jpeg\" \/>\n<meta name=\"twitter:card\" content=\"summary_large_image\" \/>\n<meta name=\"twitter:label1\" content=\"Dur\u00e9e de lecture estim\u00e9e\" \/>\n\t<meta name=\"twitter:data1\" content=\"1 minute\" \/>\n<script type=\"application\/ld+json\" class=\"yoast-schema-graph\">{\"@context\":\"https:\/\/schema.org\",\"@graph\":[{\"@type\":\"WebPage\",\"@id\":\"https:\/\/www.baslerpapiermuehle.ch\/events\/welttag-des-buches\/\",\"url\":\"https:\/\/www.baslerpapiermuehle.ch\/events\/welttag-des-buches\/\",\"name\":\"Welttag des Buches - Basler Papierm\u00fchle\",\"isPartOf\":{\"@id\":\"https:\/\/www.baslerpapiermuehle.ch\/#website\"},\"primaryImageOfPage\":{\"@id\":\"https:\/\/www.baslerpapiermuehle.ch\/events\/welttag-des-buches\/#primaryimage\"},\"image\":{\"@id\":\"https:\/\/www.baslerpapiermuehle.ch\/events\/welttag-des-buches\/#primaryimage\"},\"thumbnailUrl\":\"https:\/\/www.baslerpapiermuehle.ch\/wp-content\/uploads\/2023\/03\/23-WS_Weltbuchtag2_web-jpg.webp\",\"datePublished\":\"2023-03-08T13:43:30+00:00\",\"breadcrumb\":{\"@id\":\"https:\/\/www.baslerpapiermuehle.ch\/events\/welttag-des-buches\/#breadcrumb\"},\"inLanguage\":\"fr-FR\",\"potentialAction\":[{\"@type\":\"ReadAction\",\"target\":[\"https:\/\/www.baslerpapiermuehle.ch\/events\/welttag-des-buches\/\"]}]},{\"@type\":\"ImageObject\",\"inLanguage\":\"fr-FR\",\"@id\":\"https:\/\/www.baslerpapiermuehle.ch\/events\/welttag-des-buches\/#primaryimage\",\"url\":\"https:\/\/www.baslerpapiermuehle.ch\/wp-content\/uploads\/2023\/03\/23-WS_Weltbuchtag2_web-jpg.webp\",\"contentUrl\":\"https:\/\/www.baslerpapiermuehle.ch\/wp-content\/uploads\/2023\/03\/23-WS_Weltbuchtag2_web-jpg.webp\",\"width\":770,\"height\":500},{\"@type\":\"BreadcrumbList\",\"@id\":\"https:\/\/www.baslerpapiermuehle.ch\/events\/welttag-des-buches\/#breadcrumb\",\"itemListElement\":[{\"@type\":\"ListItem\",\"position\":1,\"name\":\"Home\",\"item\":\"https:\/\/www.baslerpapiermuehle.ch\/fr\/home-fr\/\"},{\"@type\":\"ListItem\",\"position\":2,\"name\":\"Veranstaltungen\",\"item\":\"https:\/\/www.baslerpapiermuehle.ch\/events\/\"},{\"@type\":\"ListItem\",\"position\":3,\"name\":\"Welttag des Buches\"}]},{\"@type\":\"WebSite\",\"@id\":\"https:\/\/www.baslerpapiermuehle.ch\/#website\",\"url\":\"https:\/\/www.baslerpapiermuehle.ch\/\",\"name\":\"Basler Papierm\u00fchle - Swiss Museum for Paper, Writing and Printing\",\"description\":\"Swiss Museum for Paper, Writing and Printing\",\"publisher\":{\"@id\":\"https:\/\/www.baslerpapiermuehle.ch\/#organization\"},\"potentialAction\":[{\"@type\":\"SearchAction\",\"target\":{\"@type\":\"EntryPoint\",\"urlTemplate\":\"https:\/\/www.baslerpapiermuehle.ch\/?s={search_term_string}\"},\"query-input\":{\"@type\":\"PropertyValueSpecification\",\"valueRequired\":true,\"valueName\":\"search_term_string\"}}],\"inLanguage\":\"fr-FR\"},{\"@type\":\"Organization\",\"@id\":\"https:\/\/www.baslerpapiermuehle.ch\/#organization\",\"name\":\"Basler Papierm\u00fchle Museum\",\"url\":\"https:\/\/www.baslerpapiermuehle.ch\/\",\"logo\":{\"@type\":\"ImageObject\",\"inLanguage\":\"fr-FR\",\"@id\":\"https:\/\/www.baslerpapiermuehle.ch\/#\/schema\/logo\/image\/\",\"url\":\"https:\/\/www.baslerpapiermuehle.ch\/wp-content\/uploads\/2019\/12\/logo-Basler-Papiermuhle-marrone-1.png\",\"contentUrl\":\"https:\/\/www.baslerpapiermuehle.ch\/wp-content\/uploads\/2019\/12\/logo-Basler-Papiermuhle-marrone-1.png\",\"width\":2051,\"height\":530,\"caption\":\"Basler Papierm\u00fchle Museum\"},\"image\":{\"@id\":\"https:\/\/www.baslerpapiermuehle.ch\/#\/schema\/logo\/image\/\"},\"sameAs\":[\"https:\/\/www.facebook.com\/baslerpapiermuehle\/\"]}]}<\/script>\n<!-- \/ Yoast SEO plugin. -->","yoast_head_json":{"title":"Welttag des Buches - Basler Papierm\u00fchle","robots":{"index":"index","follow":"follow","max-snippet":"max-snippet:-1","max-image-preview":"max-image-preview:large","max-video-preview":"max-video-preview:-1"},"canonical":"https:\/\/www.baslerpapiermuehle.ch\/events\/welttag-des-buches\/","og_locale":"fr_FR","og_type":"article","og_title":"Welttag des Buches - Basler Papierm\u00fchle","og_description":"Am 23. April ist der UNESCO-Weltbuchtag. Wir feiern mit! Interessierte und zuk\u00fcnftige Autor:innen, ob jung oder alt, k\u00f6nnen ihr eigenes Notizheft binden und mit Ideen f\u00fcllen. Wer will, kann sich die Titelseite kunstvoll mit einer Pr\u00e4gung verzieren. Das Angebot ist im Museumseintritt inbegriffen. Eine Anmeldung ist nicht erforderlich.","og_url":"https:\/\/www.baslerpapiermuehle.ch\/events\/welttag-des-buches\/","og_site_name":"Basler Papierm\u00fchle","article_publisher":"https:\/\/www.facebook.com\/baslerpapiermuehle\/","og_image":[{"width":770,"height":500,"url":"https:\/\/www.baslerpapiermuehle.ch\/wp-content\/uploads\/2023\/03\/23-WS_Weltbuchtag2_web.jpg","type":"image\/jpeg"}],"twitter_card":"summary_large_image","twitter_misc":{"Dur\u00e9e de lecture estim\u00e9e":"1 minute"},"schema":{"@context":"https:\/\/schema.org","@graph":[{"@type":"WebPage","@id":"https:\/\/www.baslerpapiermuehle.ch\/events\/welttag-des-buches\/","url":"https:\/\/www.baslerpapiermuehle.ch\/events\/welttag-des-buches\/","name":"Welttag des Buches - Basler Papierm\u00fchle","isPartOf":{"@id":"https:\/\/www.baslerpapiermuehle.ch\/#website"},"primaryImageOfPage":{"@id":"https:\/\/www.baslerpapiermuehle.ch\/events\/welttag-des-buches\/#primaryimage"},"image":{"@id":"https:\/\/www.baslerpapiermuehle.ch\/events\/welttag-des-buches\/#primaryimage"},"thumbnailUrl":"https:\/\/www.baslerpapiermuehle.ch\/wp-content\/uploads\/2023\/03\/23-WS_Weltbuchtag2_web-jpg.webp","datePublished":"2023-03-08T13:43:30+00:00","breadcrumb":{"@id":"https:\/\/www.baslerpapiermuehle.ch\/events\/welttag-des-buches\/#breadcrumb"},"inLanguage":"fr-FR","potentialAction":[{"@type":"ReadAction","target":["https:\/\/www.baslerpapiermuehle.ch\/events\/welttag-des-buches\/"]}]},{"@type":"ImageObject","inLanguage":"fr-FR","@id":"https:\/\/www.baslerpapiermuehle.ch\/events\/welttag-des-buches\/#primaryimage","url":"https:\/\/www.baslerpapiermuehle.ch\/wp-content\/uploads\/2023\/03\/23-WS_Weltbuchtag2_web-jpg.webp","contentUrl":"https:\/\/www.baslerpapiermuehle.ch\/wp-content\/uploads\/2023\/03\/23-WS_Weltbuchtag2_web-jpg.webp","width":770,"height":500},{"@type":"BreadcrumbList","@id":"https:\/\/www.baslerpapiermuehle.ch\/events\/welttag-des-buches\/#breadcrumb","itemListElement":[{"@type":"ListItem","position":1,"name":"Home","item":"https:\/\/www.baslerpapiermuehle.ch\/fr\/home-fr\/"},{"@type":"ListItem","position":2,"name":"Veranstaltungen","item":"https:\/\/www.baslerpapiermuehle.ch\/events\/"},{"@type":"ListItem","position":3,"name":"Welttag des Buches"}]},{"@type":"WebSite","@id":"https:\/\/www.baslerpapiermuehle.ch\/#website","url":"https:\/\/www.baslerpapiermuehle.ch\/","name":"Basler Papierm\u00fchle - Swiss Museum for Paper, Writing and Printing","description":"Swiss Museum for Paper, Writing and Printing","publisher":{"@id":"https:\/\/www.baslerpapiermuehle.ch\/#organization"},"potentialAction":[{"@type":"SearchAction","target":{"@type":"EntryPoint","urlTemplate":"https:\/\/www.baslerpapiermuehle.ch\/?s={search_term_string}"},"query-input":{"@type":"PropertyValueSpecification","valueRequired":true,"valueName":"search_term_string"}}],"inLanguage":"fr-FR"},{"@type":"Organization","@id":"https:\/\/www.baslerpapiermuehle.ch\/#organization","name":"Basler Papierm\u00fchle Museum","url":"https:\/\/www.baslerpapiermuehle.ch\/","logo":{"@type":"ImageObject","inLanguage":"fr-FR","@id":"https:\/\/www.baslerpapiermuehle.ch\/#\/schema\/logo\/image\/","url":"https:\/\/www.baslerpapiermuehle.ch\/wp-content\/uploads\/2019\/12\/logo-Basler-Papiermuhle-marrone-1.png","contentUrl":"https:\/\/www.baslerpapiermuehle.ch\/wp-content\/uploads\/2019\/12\/logo-Basler-Papiermuhle-marrone-1.png","width":2051,"height":530,"caption":"Basler Papierm\u00fchle Museum"},"image":{"@id":"https:\/\/www.baslerpapiermuehle.ch\/#\/schema\/logo\/image\/"},"sameAs":["https:\/\/www.facebook.com\/baslerpapiermuehle\/"]}]}},"_links":{"self":[{"href":"https:\/\/www.baslerpapiermuehle.ch\/fr\/wp-json\/wp\/v2\/mec-events\/18420","targetHints":{"allow":["GET"]}}],"collection":[{"href":"https:\/\/www.baslerpapiermuehle.ch\/fr\/wp-json\/wp\/v2\/mec-events"}],"about":[{"href":"https:\/\/www.baslerpapiermuehle.ch\/fr\/wp-json\/wp\/v2\/types\/mec-events"}],"author":[{"embeddable":true,"href":"https:\/\/www.baslerpapiermuehle.ch\/fr\/wp-json\/wp\/v2\/users\/3"}],"replies":[{"embeddable":true,"href":"https:\/\/www.baslerpapiermuehle.ch\/fr\/wp-json\/wp\/v2\/comments?post=18420"}],"wp:featuredmedia":[{"embeddable":true,"href":"https:\/\/www.baslerpapiermuehle.ch\/fr\/wp-json\/wp\/v2\/media\/18413"}],"wp:attachment":[{"href":"https:\/\/www.baslerpapiermuehle.ch\/fr\/wp-json\/wp\/v2\/media?parent=18420"}],"wp:term":[{"taxonomy":"post_tag","embeddable":true,"href":"https:\/\/www.baslerpapiermuehle.ch\/fr\/wp-json\/wp\/v2\/tags?post=18420"},{"taxonomy":"mec_category","embeddable":true,"href":"https:\/\/www.baslerpapiermuehle.ch\/fr\/wp-json\/wp\/v2\/mec_category?post=18420"}],"curies":[{"name":"wp","href":"https:\/\/api.w.org\/{rel}","templated":true}]}}