{"id":16331,"date":"2020-07-06T07:13:48","date_gmt":"2020-07-06T07:13:48","guid":{"rendered":"https:\/\/www.baslerpapiermuehle.ch\/?page_id=16331"},"modified":"2026-04-14T10:13:08","modified_gmt":"2026-04-14T10:13:08","slug":"informations","status":"publish","type":"page","link":"https:\/\/www.baslerpapiermuehle.ch\/fr\/informations\/","title":{"rendered":"INFORMATIONS"},"content":{"rendered":"<p>[et_pb_section fb_built=\u00a0\u00bb1&Prime; module_class=\u00a0\u00bblinks\u00a0\u00bb _builder_version=\u00a0\u00bb4.22.2&Prime; _module_preset=\u00a0\u00bbdefault\u00a0\u00bb positioning=\u00a0\u00bbnone\u00a0\u00bb width=\u00a0\u00bb100%\u00a0\u00bb max_width=\u00a0\u00bb1920px\u00a0\u00bb custom_margin=\u00a0\u00bb10px|auto|20px|auto|false|true\u00a0\u00bb custom_padding=\u00a0\u00bb0px||0px||true|false\u00a0\u00bb global_colors_info=\u00a0\u00bb{}\u00a0\u00bb][et_pb_row column_structure=\u00a0\u00bb1_3,1_3,1_3&Prime; use_custom_gutter=\u00a0\u00bbon\u00a0\u00bb gutter_width=\u00a0\u00bb1&Prime; make_equal=\u00a0\u00bbon\u00a0\u00bb _builder_version=\u00a0\u00bb4.22.2&Prime; _module_preset=\u00a0\u00bbdefault\u00a0\u00bb width=\u00a0\u00bb100%\u00a0\u00bb max_width=\u00a0\u00bb2560px\u00a0\u00bb overflow-y=\u00a0\u00bbhidden\u00a0\u00bb custom_margin=\u00a0\u00bb0px||0px||true|false\u00a0\u00bb custom_padding=\u00a0\u00bb0px|10px|10px|10px|false|true\u00a0\u00bb global_colors_info=\u00a0\u00bb{}\u00a0\u00bb][et_pb_column type=\u00a0\u00bb1_3&Prime; _builder_version=\u00a0\u00bb4.22.2&Prime; _module_preset=\u00a0\u00bbdefault\u00a0\u00bb global_colors_info=\u00a0\u00bb{}\u00a0\u00bb][et_pb_text module_id=\u00a0\u00bboffnungszeiten\u00a0\u00bb module_class=\u00a0\u00bbborder_grid\u00a0\u00bb _builder_version=\u00a0\u00bb4.23&Prime; _module_preset=\u00a0\u00bbdefault\u00a0\u00bb text_text_color=\u00a0\u00bb#FFFFFF\u00a0\u00bb header_text_color=\u00a0\u00bb#FFFFFF\u00a0\u00bb header_2_font=\u00a0\u00bb|700||on|||||\u00a0\u00bb header_2_text_color=\u00a0\u00bb#FFFFFF\u00a0\u00bb header_2_font_size=\u00a0\u00bb2.2rem\u00a0\u00bb background_color=\u00a0\u00bb#445F65&Prime; custom_padding=\u00a0\u00bb2rem|1rem|2rem|1rem|true|true\u00a0\u00bb header_2_font_size_tablet=\u00a0\u00bb2.2rem\u00a0\u00bb header_2_font_size_phone=\u00a0\u00bb1.6rem\u00a0\u00bb header_2_font_size_last_edited=\u00a0\u00bbon|phone\u00a0\u00bb global_colors_info=\u00a0\u00bb{}\u00a0\u00bb header_2_font_size__hover_enabled=\u00a0\u00bbon|desktop\u00a0\u00bb header_2_font_size__hover=\u00a0\u00bb2.2rem\u00a0\u00bb]<\/p>\n<h2>Heures d&rsquo;ouverture<\/h2>\n<table style=\"height: 92px; width: 100%; border-collapse: collapse; border-style: solid; border-color: transparent;\" border=\"1\">\n<tbody>\n<tr style=\"height: 23px;\">\n<td style=\"width: 50%; height: 23px;\"><strong>du mardi au vendredi<\/strong><\/td>\n<td style=\"width: 50%; height: 23px;\">11 &#8211; 17h<\/td>\n<\/tr>\n<tr style=\"height: 23px;\">\n<td style=\"width: 50%; height: 23px;\"><strong>Samedi<\/strong><\/td>\n<td style=\"width: 50%; height: 23px;\">13 &#8211; 17h<\/td>\n<\/tr>\n<tr style=\"height: 23px;\">\n<td style=\"width: 50%; height: 23px;\"><strong>Dimanche<\/strong><\/td>\n<td style=\"width: 50%; height: 23px;\">11 &#8211; 17h<\/td>\n<\/tr>\n<tr style=\"height: 23px;\">\n<td style=\"width: 50%; height: 23px;\"><strong>Lundi<\/strong><\/td>\n<td style=\"width: 50%; height: 23px;\">ferm\u00e9<\/td>\n<\/tr>\n<\/tbody>\n<\/table>\n<p>[\/et_pb_text][et_pb_text module_id=\u00a0\u00bbMenschen\u00a0\u00bb module_class=\u00a0\u00bbborder_grid\u00a0\u00bb _builder_version=\u00a0\u00bb4.27.4&Prime; _module_preset=\u00a0\u00bbdefault\u00a0\u00bb header_2_font=\u00a0\u00bb|700||on|||||\u00a0\u00bb header_2_text_color=\u00a0\u00bb#000000&Prime; header_2_font_size=\u00a0\u00bb2.2rem\u00a0\u00bb background_color=\u00a0\u00bb#f5f5f5&Prime; custom_padding=\u00a0\u00bb2rem|1rem|2rem|1rem|true|true\u00a0\u00bb header_2_font_size_tablet=\u00a0\u00bb2.2rem\u00a0\u00bb header_2_font_size_phone=\u00a0\u00bb1.6rem\u00a0\u00bb header_2_font_size_last_edited=\u00a0\u00bbon|phone\u00a0\u00bb global_colors_info=\u00a0\u00bb{}\u00a0\u00bb header_2_font_size__hover_enabled=\u00a0\u00bbon|desktop\u00a0\u00bb header_2_font_size__hover=\u00a0\u00bb2.2rem\u00a0\u00bb]<\/p>\n<h2>PERSONNES HANDICAP\u00c9ES<\/h2>\n<p>Le mus\u00e9e se situe au c\u0153ur d\u2019un moulin du bas Moyen-\u00c2ge class\u00e9 monument historique. N\u00e9anmoins, presque toutes les salles sont accessibles en fauteuil roulant. Les \u00e9tages sont accessibles par ascenseur.<\/p>\n<p>Notre personnel se tient \u00e0 votre disposition \u00e0 chaque \u00e9tage pour vous pr\u00e9senter les m\u00e9tiers artisanaux, r\u00e9pondre \u00e0 vos questions ou vous apporter son aide.<\/p>\n<p>[\/et_pb_text][et_pb_text module_id=\u00a0\u00bbfeiertage\u00a0\u00bb module_class=\u00a0\u00bbborder_grid table_res\u00a0\u00bb _builder_version=\u00a0\u00bb4.27.6&Prime; _module_preset=\u00a0\u00bbdefault\u00a0\u00bb text_text_color=\u00a0\u00bb#FFFFFF\u00a0\u00bb header_text_color=\u00a0\u00bb#FFFFFF\u00a0\u00bb header_2_font=\u00a0\u00bb|700||on|||||\u00a0\u00bb header_2_text_color=\u00a0\u00bb#FFFFFF\u00a0\u00bb header_2_font_size=\u00a0\u00bb2.2rem\u00a0\u00bb background_color=\u00a0\u00bb#aeb9bb\u00a0\u00bb height=\u00a0\u00bb100%\u00a0\u00bb custom_padding=\u00a0\u00bb2rem|1rem|1rem|1rem|false|true\u00a0\u00bb hover_enabled=\u00a0\u00bb0&Prime; header_2_font_size_tablet=\u00a0\u00bb2.2rem\u00a0\u00bb header_2_font_size_phone=\u00a0\u00bb1.6rem\u00a0\u00bb header_2_font_size_last_edited=\u00a0\u00bbon|phone\u00a0\u00bb global_colors_info=\u00a0\u00bb{}\u00a0\u00bb header_2_font_size__hover_enabled=\u00a0\u00bbon|desktop\u00a0\u00bb header_2_font_size__hover=\u00a0\u00bb2.2rem\u00a0\u00bb sticky_enabled=\u00a0\u00bb0&Prime;]<\/p>\n<h2>JOURS F\u00c9RI\u00c9S<\/h2>\n<table style=\"height: 213px; width: 100%; border-collapse: collapse; border-color: transparent;\" border=\"1\">\n<tbody>\n<tr style=\"height: 23px;\">\n<td style=\"width: 33.3333%; height: 23px;\"><strong>Vendredi\u00a0<\/strong><\/td>\n<td style=\"width: 33.3333%; height: 23px; text-align: center;\">01.05.2026<\/td>\n<td style=\"width: 33.3333%; height: 23px; text-align: center;\">ferm\u00e9\u00a0<\/td>\n<\/tr>\n<tr style=\"height: 23px;\">\n<td style=\"width: 33.3333%; height: 29px;\"><strong>Jeudi<\/strong><\/td>\n<td style=\"width: 33.3333%; height: 29px; text-align: center;\">14.05.2026<\/td>\n<td style=\"width: 33.3333%; height: 29px; text-align: center;\">ouvert<\/td>\n<\/tr>\n<tr style=\"height: 23px;\">\n<td style=\"width: 33.3333%; height: 23px;\"><strong>Dimanche<\/strong><\/td>\n<td style=\"width: 33.3333%; height: 23px; text-align: center;\">24.05.2026<\/td>\n<td style=\"width: 33.3333%; height: 23px; text-align: center;\">ouvert<\/td>\n<\/tr>\n<tr style=\"height: 23px;\">\n<td style=\"width: 33.3333%; height: 23px;\"><strong>Lundi<\/strong><\/td>\n<td style=\"width: 33.3333%; height: 23px; text-align: center;\">25.05.2026<\/td>\n<td style=\"width: 33.3333%; height: 23px; text-align: center;\">ouvert<\/td>\n<\/tr>\n<tr style=\"height: 23px;\">\n<td style=\"width: 33.3333%; height: 23px;\"><strong>Samedi<\/strong><\/td>\n<td style=\"width: 33.3333%; height: 23px; text-align: center;\">01.08.2026<\/td>\n<td style=\"width: 33.3333%; height: 23px; text-align: center;\">ferm\u00e9<\/td>\n<\/tr>\n<tr style=\"height: 23px;\">\n<td style=\"width: 33.3333%; height: 23px;\"><strong>Jeudi<\/strong><\/td>\n<td style=\"width: 33.3333%; height: 23px; text-align: center;\">24.12.2026<\/td>\n<td style=\"width: 33.3333%; height: 23px; text-align: center;\">ferm\u00e9<\/td>\n<\/tr>\n<tr style=\"height: 23px;\">\n<td style=\"width: 33.3333%; height: 23px;\"><strong>Vendredi<\/strong><\/td>\n<td style=\"width: 33.3333%; height: 23px; text-align: center;\">25.12.2026<\/td>\n<td style=\"width: 33.3333%; height: 23px; text-align: center;\">ferm\u00e9<\/td>\n<\/tr>\n<tr style=\"height: 23px;\">\n<td style=\"width: 33.3333%; height: 23px;\"><strong>Samedi<\/strong><\/td>\n<td style=\"width: 33.3333%; height: 23px; text-align: center;\">26.12.2026<\/td>\n<td style=\"width: 33.3333%; height: 23px; text-align: center;\">ouvert<\/td>\n<\/tr>\n<tr style=\"height: 23px;\">\n<td style=\"width: 33.3333%; height: 23px;\"><strong>Jeudi<\/strong><\/td>\n<td style=\"width: 33.3333%; height: 23px; text-align: center;\">31.12.2026<\/td>\n<td style=\"width: 33.3333%; height: 23px; text-align: center;\">ferm\u00e9<\/td>\n<\/tr>\n<\/tbody>\n<\/table>\n<p>[\/et_pb_text][\/et_pb_column][et_pb_column type=\u00a0\u00bb1_3&Prime; _builder_version=\u00a0\u00bb4.22.2&Prime; _module_preset=\u00a0\u00bbdefault\u00a0\u00bb global_colors_info=\u00a0\u00bb{}\u00a0\u00bb][et_pb_text module_id=\u00a0\u00bbRestaurant\u00a0\u00bb module_class=\u00a0\u00bbborder_grid\u00a0\u00bb _builder_version=\u00a0\u00bb4.25.1&Prime; _module_preset=\u00a0\u00bbdefault\u00a0\u00bb text_text_color=\u00a0\u00bb#FFFFFF\u00a0\u00bb header_text_color=\u00a0\u00bb#FFFFFF\u00a0\u00bb header_2_font=\u00a0\u00bb|700||on|||||\u00a0\u00bb header_2_text_color=\u00a0\u00bb#FFFFFF\u00a0\u00bb header_2_font_size=\u00a0\u00bb2.2rem\u00a0\u00bb background_color=\u00a0\u00bb#aeb9bb\u00a0\u00bb custom_padding=\u00a0\u00bb2rem|1rem|1rem|1rem|false|true\u00a0\u00bb header_2_font_size_tablet=\u00a0\u00bb2.2rem\u00a0\u00bb header_2_font_size_phone=\u00a0\u00bb1.6rem\u00a0\u00bb header_2_font_size_last_edited=\u00a0\u00bbon|phone\u00a0\u00bb global_colors_info=\u00a0\u00bb{}\u00a0\u00bb header_2_font_size__hover_enabled=\u00a0\u00bbon|desktop\u00a0\u00bb header_2_font_size__hover=\u00a0\u00bb2.2rem\u00a0\u00bb]<\/p>\n<h2>Restaurant<\/h2>\n<p>Le <a href=\"http:\/\/www.papiermuehle.ch\/de\/\" target=\"_blank\" rel=\"noopener\">restaurant Papierm\u00fchle<\/a> vous accueille dans une ambiance anim\u00e9e et d\u00e9tendue.<\/p>\n<p>Nos repas de midi sauront vous surprendre. Ils se composent de plats traditionnels et cr\u00e9atifs pr\u00e9par\u00e9s \u00e0 partir de produits r\u00e9gionaux. La carte des menus est renouvel\u00e9e chaque mois.<\/p>\n<p>Un assortiment de g\u00e2teaux faits maison vous attend avant ou apr\u00e8s votre visite du mus\u00e9e, et nos sandwichs confectionn\u00e9s sur place apaiseront les petites faims.<\/p>\n<p>Vous pouvez \u00e9galement vous asseoir \u00e0 l\u2019ext\u00e9rieur si la m\u00e9t\u00e9o s\u2019y pr\u00eate. Le chenal pr\u00eate son murmure apaisant \u00e0 la beaut\u00e9 des lieux.<\/p>\n<p>Pour r\u00e9server ou obtenir des informations sur nos \u00e9v\u00e9nements sp\u00e9ciaux, veuillez vous adresser directement au caf\u00e9-restaurant du Moulin \u00e0 papier, par t\u00e9l\u00e9phone a<\/p>\n<p>(+41) 061 272 48 48, ou par <a href=\"mailto:restaurant@papiermuehle.ch\">restaurant@papiermuehle.ch<\/a><\/p>\n<p>[\/et_pb_text][et_pb_text module_id=\u00a0\u00bbAnreise\u00a0\u00bb module_class=\u00a0\u00bbborder_grid\u00a0\u00bb _builder_version=\u00a0\u00bb4.23.1&Prime; _module_preset=\u00a0\u00bbdefault\u00a0\u00bb text_text_color=\u00a0\u00bb#FFFFFF\u00a0\u00bb header_text_color=\u00a0\u00bb#FFFFFF\u00a0\u00bb header_2_font=\u00a0\u00bb|700||on|||||\u00a0\u00bb header_2_text_color=\u00a0\u00bb#FFFFFF\u00a0\u00bb header_2_font_size=\u00a0\u00bb2.2rem\u00a0\u00bb header_5_font=\u00a0\u00bb|600|||||||\u00a0\u00bb header_5_text_color=\u00a0\u00bb#FFFFFF\u00a0\u00bb header_5_line_height=\u00a0\u00bb2em\u00a0\u00bb background_color=\u00a0\u00bb#445F65&Prime; height=\u00a0\u00bb100%\u00a0\u00bb custom_padding=\u00a0\u00bb2rem|1rem|2rem|1rem|true|true\u00a0\u00bb header_2_font_size_tablet=\u00a0\u00bb2.2rem\u00a0\u00bb header_2_font_size_phone=\u00a0\u00bb1.6rem\u00a0\u00bb header_2_font_size_last_edited=\u00a0\u00bbon|phone\u00a0\u00bb global_colors_info=\u00a0\u00bb{}\u00a0\u00bb header_2_font_size__hover_enabled=\u00a0\u00bbon|desktop\u00a0\u00bb header_2_font_size__hover=\u00a0\u00bb2.2rem\u00a0\u00bb]<\/p>\n<h2>VENIR AU MUS\u00c9E<\/h2>\n<p><a href=\"http:\/\/bvb.ch\/\" target=\"_blank\" rel=\"noopener noreferrer\">En transports publics<\/a><\/p>\n<p>Depuis la gare CFF : Tram n\u00b0 2 direction Eglisee jusqu&rsquo;\u00e0 la station Kunstmuseum, puis \u00e0 pied.<br \/>Depuis la gare Badischer Bahnhof DB : Tram n\u00b0 2 direction Binningen jusqu&rsquo;\u00e0 la station Kunstmuseum, puis \u00e0 pied.<\/p>\n<p>&nbsp;<\/p>\n<h5>\u00c0 PIED<\/h5>\n<p>Depuis la station Kunstmuseum: 5 \u00e0 10 minutes via St. Alban-Vorstadt \u2013 M\u00fchleberg \u2013 St. Alban-Rheinweg \u2013 Caf\u00e9 Papierm\u00fchle \u2013 Museum<\/p>\n<p>&nbsp;<\/p>\n<h5>EN VOITURE<\/h5>\n<p>Nous recommandons l\u2019utilisation des transports publics. Seules quelques places de parc sont disponibles aux abords imm\u00e9diats du mus\u00e9e pour les voitures.<\/p>\n<h5><\/h5>\n<h5>EN FERRY<\/h5>\n<p>Le <a href=\"http:\/\/www.faehri.ch\/\" target=\"_blank\" rel=\"noopener noreferrer\">St. Alban \u00ab Wilde Maa \u00bb<\/a> est en service toute l\u2019ann\u00e9e. Profitez d\u2019une travers\u00e9e du Rhin depuis la rive du Petit-B\u00e2le jusqu\u2019\u00e0 St. Alban-Tal. Venir au mus\u00e9e par <a href=\"http:\/\/www.rhytaxi.ch\/\" target=\"_blank\" rel=\"noopener noreferrer\">taxi fluvial<\/a> est \u00e9galement possible.<\/p>\n<p>[\/et_pb_text][\/et_pb_column][et_pb_column type=\u00a0\u00bb1_3&Prime; _builder_version=\u00a0\u00bb4.22.2&Prime; _module_preset=\u00a0\u00bbdefault\u00a0\u00bb global_colors_info=\u00a0\u00bb{}\u00a0\u00bb][et_pb_text module_id=\u00a0\u00bbMenschen\u00a0\u00bb module_class=\u00a0\u00bbborder_grid\u00a0\u00bb _builder_version=\u00a0\u00bb4.22.2&Prime; _module_preset=\u00a0\u00bbdefault\u00a0\u00bb header_2_font=\u00a0\u00bb|700||on|||||\u00a0\u00bb header_2_text_color=\u00a0\u00bb#000000&Prime; header_2_font_size=\u00a0\u00bb2.2rem\u00a0\u00bb background_color=\u00a0\u00bb#f5f5f5&Prime; custom_padding=\u00a0\u00bb2rem|1rem|2rem|1rem|true|true\u00a0\u00bb header_2_font_size_tablet=\u00a0\u00bb2.2rem\u00a0\u00bb header_2_font_size_phone=\u00a0\u00bb1.6rem\u00a0\u00bb header_2_font_size_last_edited=\u00a0\u00bbon|phone\u00a0\u00bb global_colors_info=\u00a0\u00bb{}\u00a0\u00bb header_2_font_size__hover_enabled=\u00a0\u00bbon|desktop\u00a0\u00bb header_2_font_size__hover=\u00a0\u00bb2.2rem\u00a0\u00bb]<\/p>\n<h2>PRIX DES BILLETS<\/h2>\n<p>[\/et_pb_text][et_pb_accordion open_toggle_text_color=\u00a0\u00bb#000000&Prime; open_toggle_background_color=\u00a0\u00bb#E5E5E5&Prime; closed_toggle_background_color=\u00a0\u00bb#445F65&Prime; module_class=\u00a0\u00bbborder_grid\u00a0\u00bb _builder_version=\u00a0\u00bb4.22.2&Prime; _module_preset=\u00a0\u00bbdefault\u00a0\u00bb toggle_text_color=\u00a0\u00bb#FFFFFF\u00a0\u00bb custom_margin=\u00a0\u00bb0px||0px||true|false\u00a0\u00bb custom_padding=\u00a0\u00bb0px||0px||true|false\u00a0\u00bb custom_css_main_element=\u00a0\u00bbtext-transform:uppercase!important;\u00a0\u00bb global_colors_info=\u00a0\u00bb{}\u00a0\u00bb][et_pb_accordion_item title=\u00a0\u00bbNORMAL\u00a0\u00bb open=\u00a0\u00bbon\u00a0\u00bb _builder_version=\u00a0\u00bb4.22.2&Prime; _module_preset=\u00a0\u00bbdefault\u00a0\u00bb custom_margin=\u00a0\u00bb||0.5rem||false|false\u00a0\u00bb global_colors_info=\u00a0\u00bb{}\u00a0\u00bb]<\/p>\n<p>CHF 20<\/p>\n<p>[\/et_pb_accordion_item][et_pb_accordion_item title=\u00a0\u00bbAVS \/ \u00c9TUDIANTS \/ \u00c9COLIERS DE PLUS DE 16 ANS\u00a0\u00bb _builder_version=\u00a0\u00bb4.22.2&Prime; _module_preset=\u00a0\u00bbdefault\u00a0\u00bb custom_margin=\u00a0\u00bb||0.5rem||false|false\u00a0\u00bb global_colors_info=\u00a0\u00bb{}\u00a0\u00bb open=\u00a0\u00bboff\u00a0\u00bb]<\/p>\n<p>CHF 17<\/p>\n<p>[\/et_pb_accordion_item][et_pb_accordion_item title=\u00a0\u00bbENFANTS SCOLARIS\u00c9S \/ JEUNES JUSQU\u2019\u00c0 16 ANS\u00a0\u00bb _builder_version=\u00a0\u00bb4.22.2&Prime; _module_preset=\u00a0\u00bbdefault\u00a0\u00bb custom_margin=\u00a0\u00bb||0.5rem||false|false\u00a0\u00bb global_colors_info=\u00a0\u00bb{}\u00a0\u00bb open=\u00a0\u00bboff\u00a0\u00bb]<\/p>\n<p>CHF 11<\/p>\n<p>[\/et_pb_accordion_item][et_pb_accordion_item title=\u00a0\u00bbENFANTS EN \u00c2GE PR\u00c9SCOLAIRE\u00a0\u00bb _builder_version=\u00a0\u00bb4.22.2&Prime; _module_preset=\u00a0\u00bbdefault\u00a0\u00bb custom_margin=\u00a0\u00bb||0.5rem||false|false\u00a0\u00bb global_colors_info=\u00a0\u00bb{}\u00a0\u00bb open=\u00a0\u00bboff\u00a0\u00bb]<\/p>\n<p>Gratuit<\/p>\n<p>[\/et_pb_accordion_item][et_pb_accordion_item title=\u00a0\u00bbGROUPES D\u2019\u00c9COLES ENFANTINES HORS BS\/BL\u00a0\u00bb _builder_version=\u00a0\u00bb4.22.2&Prime; _module_preset=\u00a0\u00bbdefault\u00a0\u00bb custom_margin=\u00a0\u00bb||0.5rem||false|false\u00a0\u00bb global_colors_info=\u00a0\u00bb{}\u00a0\u00bb open=\u00a0\u00bboff\u00a0\u00bb]<\/p>\n<p>CHF 11<\/p>\n<p>[\/et_pb_accordion_item][et_pb_accordion_item title=\u00a0\u00bb1 adulte avec max. 2 enfants jusqu\u2019\u00e0 16 ans  \u00a0\u00bb _builder_version=\u00a0\u00bb4.22.2&Prime; _module_preset=\u00a0\u00bbdefault\u00a0\u00bb custom_margin=\u00a0\u00bb||0.5rem||false|false\u00a0\u00bb global_colors_info=\u00a0\u00bb{}\u00a0\u00bb open=\u00a0\u00bboff\u00a0\u00bb]<\/p>\n<p>CHF 38<\/p>\n<p>[\/et_pb_accordion_item][et_pb_accordion_item title=\u00a0\u00bb2 adultes avec max. 4 enfants jusqu\u2019\u00e0 16 ans  \u00a0\u00bb _builder_version=\u00a0\u00bb4.22.2&Prime; _module_preset=\u00a0\u00bbdefault\u00a0\u00bb custom_margin=\u00a0\u00bb||0.5rem||false|false\u00a0\u00bb global_colors_info=\u00a0\u00bb{}\u00a0\u00bb open=\u00a0\u00bboff\u00a0\u00bb]<\/p>\n<p>CHF 56<\/p>\n<p>[\/et_pb_accordion_item][et_pb_accordion_item title=\u00a0\u00bbGROUPES DE PERSONNES HANDICAP\u00c9ES, PAR PERSONNE\u00a0\u00bb _builder_version=\u00a0\u00bb4.22.2&Prime; _module_preset=\u00a0\u00bbdefault\u00a0\u00bb custom_margin=\u00a0\u00bb||0.5rem||false|false\u00a0\u00bb global_colors_info=\u00a0\u00bb{}\u00a0\u00bb open=\u00a0\u00bboff\u00a0\u00bb]<\/p>\n<p style=\"text-align: center;\">CHF 17<br \/>ENTR\u00c9E GRATUITE POUR TOUTES LES PERSONNES ACCOMPAGNATRICES<\/p>\n<p>[\/et_pb_accordion_item][et_pb_accordion_item title=\u00a0\u00bbGROUPES (10 Personnes) ET CLASSES \u00a0\u00bb _builder_version=\u00a0\u00bb4.22.2&Prime; _module_preset=\u00a0\u00bbdefault\u00a0\u00bb custom_margin=\u00a0\u00bb||0.5rem||false|false\u00a0\u00bb global_colors_info=\u00a0\u00bb{}\u00a0\u00bb open=\u00a0\u00bboff\u00a0\u00bb]<\/p>\n<p>Groupes: CHF 17<br \/>Classes BS &amp; BL: Gratuit<\/p>\n<a href='https:\/\/www.baslerpapiermuehle.ch\/angebote\/' class='small-button smallblueshort_code' target=\"_blank\">OFFRES<\/a>\n<p>[\/et_pb_accordion_item][et_pb_accordion_item title=\u00a0\u00bbNOUS ACCEPTONS: BASELCARD, MUSEUMS-PASS-MUS\u00c9ES, PASSEPORT MUS\u00c9ES SUISSES, MEMBRES AMS ET ICOM, KULTURLEGI\u00a0\u00bb _builder_version=\u00a0\u00bb4.22.2&Prime; _module_preset=\u00a0\u00bbdefault\u00a0\u00bb custom_margin=\u00a0\u00bb||0.5rem||false|false\u00a0\u00bb global_colors_info=\u00a0\u00bb{}\u00a0\u00bb open=\u00a0\u00bboff\u00a0\u00bb]<\/p>\n<p>Cela ne s&rsquo;applique pas aux entr\u00e9es de groupe.<\/p>\n<p>[\/et_pb_accordion_item][\/et_pb_accordion][et_pb_text module_id=\u00a0\u00bbMedia\u00a0\u00bb module_class=\u00a0\u00bbborder_grid\u00a0\u00bb _builder_version=\u00a0\u00bb4.22.2&Prime; _module_preset=\u00a0\u00bbdefault\u00a0\u00bb text_text_color=\u00a0\u00bb#FFFFFF\u00a0\u00bb header_text_color=\u00a0\u00bb#FFFFFF\u00a0\u00bb header_2_font=\u00a0\u00bb|700||on|||||\u00a0\u00bb header_2_text_color=\u00a0\u00bb#FFFFFF\u00a0\u00bb header_2_font_size=\u00a0\u00bb2.2rem\u00a0\u00bb background_color=\u00a0\u00bb#aeb9bb\u00a0\u00bb height=\u00a0\u00bb100%\u00a0\u00bb custom_padding=\u00a0\u00bb2rem|1rem|1rem|1rem|false|true\u00a0\u00bb header_2_font_size_tablet=\u00a0\u00bb2.2rem\u00a0\u00bb header_2_font_size_phone=\u00a0\u00bb1.6rem\u00a0\u00bb header_2_font_size_last_edited=\u00a0\u00bbon|phone\u00a0\u00bb global_colors_info=\u00a0\u00bb{}\u00a0\u00bb header_2_font_size__hover_enabled=\u00a0\u00bbon|desktop\u00a0\u00bb header_2_font_size__hover=\u00a0\u00bb2.2rem\u00a0\u00bb]<\/p>\n<h2>M\u00c9DIAS<\/h2>\n<p><span style=\"text-align: justify;\">Nous vous faisons volontiers parvenir des images et photos pour vos publications dans le cadre de reportages au sujet du Moulin \u00e0 papier de B\u00e2le, d\u2019expositions du mus\u00e9e ou d\u2019\u00e9v\u00e9nements sp\u00e9ciaux.<\/span><\/p>\n<p>Contact: <a href=\"mailto:n.konstantinou@baslerpapiermuehle.ch\">n.konstantinou@baslerpapiermuehle.ch<\/a><\/p>\n<p>Nous vous prions de toujours mentionner le copyright et les droits d\u2019auteurs lorsque vous publiez des photos du Moulin \u00e0 papier de B\u00e2le.<\/p>\n<p>[\/et_pb_text][\/et_pb_column][\/et_pb_row][\/et_pb_section]<\/p>\n","protected":false},"excerpt":{"rendered":"<p>Heures d&rsquo;ouverture du mardi au vendredi 11 &#8211; 17h Samedi 13 &#8211; 17h Dimanche 11 &#8211; 17h Lundi ferm\u00e9 PERSONNES HANDICAP\u00c9ES Le mus\u00e9e se situe au c\u0153ur d\u2019un moulin du bas Moyen-\u00c2ge class\u00e9 monument historique. N\u00e9anmoins, presque toutes les salles sont accessibles en fauteuil roulant. Les \u00e9tages sont accessibles par ascenseur. Notre personnel se tient [&hellip;]<\/p>\n","protected":false},"author":1,"featured_media":0,"parent":0,"menu_order":0,"comment_status":"closed","ping_status":"closed","template":"","meta":{"_acf_changed":false,"_et_pb_use_builder":"on","_et_pb_old_content":"","_et_gb_content_width":"","footnotes":""},"class_list":["post-16331","page","type-page","status-publish","hentry"],"acf":[],"yoast_head":"<!-- This site is optimized with the Yoast SEO plugin v26.8 - https:\/\/yoast.com\/product\/yoast-seo-wordpress\/ -->\n<title>INFORMATIONS - Basler Papierm\u00fchle<\/title>\n<meta name=\"description\" content=\"Vous trouverez ici toutes les informations sur notre mus\u00e9e du papier, les dates des \u00e9v\u00e9nements, les horaires d\u2019entr\u00e9e et nos prix\" \/>\n<meta name=\"robots\" content=\"index, follow, max-snippet:-1, max-image-preview:large, max-video-preview:-1\" \/>\n<link rel=\"canonical\" href=\"https:\/\/www.baslerpapiermuehle.ch\/informationen\/\" \/>\n<meta property=\"og:locale\" content=\"fr_FR\" \/>\n<meta property=\"og:type\" content=\"article\" \/>\n<meta property=\"og:title\" content=\"INFORMATIONS - Basler Papierm\u00fchle\" \/>\n<meta property=\"og:description\" content=\"Vous trouverez ici toutes les informations sur notre mus\u00e9e du papier, les dates des \u00e9v\u00e9nements, les horaires d\u2019entr\u00e9e et nos prix\" \/>\n<meta property=\"og:url\" content=\"https:\/\/www.baslerpapiermuehle.ch\/informationen\/\" \/>\n<meta property=\"og:site_name\" content=\"Basler Papierm\u00fchle\" \/>\n<meta property=\"article:publisher\" content=\"https:\/\/www.facebook.com\/baslerpapiermuehle\/\" \/>\n<meta property=\"article:modified_time\" content=\"2026-04-14T10:13:08+00:00\" \/>\n<meta name=\"twitter:card\" content=\"summary_large_image\" \/>\n<meta name=\"twitter:label1\" content=\"Dur\u00e9e de lecture estim\u00e9e\" \/>\n\t<meta name=\"twitter:data1\" content=\"3 minutes\" \/>\n<script type=\"application\/ld+json\" class=\"yoast-schema-graph\">{\"@context\":\"https:\/\/schema.org\",\"@graph\":[{\"@type\":\"WebPage\",\"@id\":\"https:\/\/www.baslerpapiermuehle.ch\/informationen\/\",\"url\":\"https:\/\/www.baslerpapiermuehle.ch\/informationen\/\",\"name\":\"INFORMATIONS - Basler Papierm\u00fchle\",\"isPartOf\":{\"@id\":\"https:\/\/www.baslerpapiermuehle.ch\/#website\"},\"datePublished\":\"2020-07-06T07:13:48+00:00\",\"dateModified\":\"2026-04-14T10:13:08+00:00\",\"description\":\"Vous trouverez ici toutes les informations sur notre mus\u00e9e du papier, les dates des \u00e9v\u00e9nements, les horaires d\u2019entr\u00e9e et nos prix\",\"breadcrumb\":{\"@id\":\"https:\/\/www.baslerpapiermuehle.ch\/informationen\/#breadcrumb\"},\"inLanguage\":\"fr-FR\",\"potentialAction\":[{\"@type\":\"ReadAction\",\"target\":[\"https:\/\/www.baslerpapiermuehle.ch\/informationen\/\"]}]},{\"@type\":\"BreadcrumbList\",\"@id\":\"https:\/\/www.baslerpapiermuehle.ch\/informationen\/#breadcrumb\",\"itemListElement\":[{\"@type\":\"ListItem\",\"position\":1,\"name\":\"Home\",\"item\":\"https:\/\/www.baslerpapiermuehle.ch\/fr\/home-fr\/\"},{\"@type\":\"ListItem\",\"position\":2,\"name\":\"INFORMATIONS\"}]},{\"@type\":\"WebSite\",\"@id\":\"https:\/\/www.baslerpapiermuehle.ch\/#website\",\"url\":\"https:\/\/www.baslerpapiermuehle.ch\/\",\"name\":\"Basler Papierm\u00fchle - Swiss Museum for Paper, Writing and Printing\",\"description\":\"Swiss Museum for Paper, Writing and Printing\",\"publisher\":{\"@id\":\"https:\/\/www.baslerpapiermuehle.ch\/#organization\"},\"potentialAction\":[{\"@type\":\"SearchAction\",\"target\":{\"@type\":\"EntryPoint\",\"urlTemplate\":\"https:\/\/www.baslerpapiermuehle.ch\/?s={search_term_string}\"},\"query-input\":{\"@type\":\"PropertyValueSpecification\",\"valueRequired\":true,\"valueName\":\"search_term_string\"}}],\"inLanguage\":\"fr-FR\"},{\"@type\":\"Organization\",\"@id\":\"https:\/\/www.baslerpapiermuehle.ch\/#organization\",\"name\":\"Basler Papierm\u00fchle Museum\",\"url\":\"https:\/\/www.baslerpapiermuehle.ch\/\",\"logo\":{\"@type\":\"ImageObject\",\"inLanguage\":\"fr-FR\",\"@id\":\"https:\/\/www.baslerpapiermuehle.ch\/#\/schema\/logo\/image\/\",\"url\":\"https:\/\/www.baslerpapiermuehle.ch\/wp-content\/uploads\/2019\/12\/logo-Basler-Papiermuhle-marrone-1.png\",\"contentUrl\":\"https:\/\/www.baslerpapiermuehle.ch\/wp-content\/uploads\/2019\/12\/logo-Basler-Papiermuhle-marrone-1.png\",\"width\":2051,\"height\":530,\"caption\":\"Basler Papierm\u00fchle Museum\"},\"image\":{\"@id\":\"https:\/\/www.baslerpapiermuehle.ch\/#\/schema\/logo\/image\/\"},\"sameAs\":[\"https:\/\/www.facebook.com\/baslerpapiermuehle\/\"]}]}<\/script>\n<!-- \/ Yoast SEO plugin. -->","yoast_head_json":{"title":"INFORMATIONS - Basler Papierm\u00fchle","description":"Vous trouverez ici toutes les informations sur notre mus\u00e9e du papier, les dates des \u00e9v\u00e9nements, les horaires d\u2019entr\u00e9e et nos prix","robots":{"index":"index","follow":"follow","max-snippet":"max-snippet:-1","max-image-preview":"max-image-preview:large","max-video-preview":"max-video-preview:-1"},"canonical":"https:\/\/www.baslerpapiermuehle.ch\/informationen\/","og_locale":"fr_FR","og_type":"article","og_title":"INFORMATIONS - Basler Papierm\u00fchle","og_description":"Vous trouverez ici toutes les informations sur notre mus\u00e9e du papier, les dates des \u00e9v\u00e9nements, les horaires d\u2019entr\u00e9e et nos prix","og_url":"https:\/\/www.baslerpapiermuehle.ch\/informationen\/","og_site_name":"Basler Papierm\u00fchle","article_publisher":"https:\/\/www.facebook.com\/baslerpapiermuehle\/","article_modified_time":"2026-04-14T10:13:08+00:00","twitter_card":"summary_large_image","twitter_misc":{"Dur\u00e9e de lecture estim\u00e9e":"3 minutes"},"schema":{"@context":"https:\/\/schema.org","@graph":[{"@type":"WebPage","@id":"https:\/\/www.baslerpapiermuehle.ch\/informationen\/","url":"https:\/\/www.baslerpapiermuehle.ch\/informationen\/","name":"INFORMATIONS - Basler Papierm\u00fchle","isPartOf":{"@id":"https:\/\/www.baslerpapiermuehle.ch\/#website"},"datePublished":"2020-07-06T07:13:48+00:00","dateModified":"2026-04-14T10:13:08+00:00","description":"Vous trouverez ici toutes les informations sur notre mus\u00e9e du papier, les dates des \u00e9v\u00e9nements, les horaires d\u2019entr\u00e9e et nos prix","breadcrumb":{"@id":"https:\/\/www.baslerpapiermuehle.ch\/informationen\/#breadcrumb"},"inLanguage":"fr-FR","potentialAction":[{"@type":"ReadAction","target":["https:\/\/www.baslerpapiermuehle.ch\/informationen\/"]}]},{"@type":"BreadcrumbList","@id":"https:\/\/www.baslerpapiermuehle.ch\/informationen\/#breadcrumb","itemListElement":[{"@type":"ListItem","position":1,"name":"Home","item":"https:\/\/www.baslerpapiermuehle.ch\/fr\/home-fr\/"},{"@type":"ListItem","position":2,"name":"INFORMATIONS"}]},{"@type":"WebSite","@id":"https:\/\/www.baslerpapiermuehle.ch\/#website","url":"https:\/\/www.baslerpapiermuehle.ch\/","name":"Basler Papierm\u00fchle - Swiss Museum for Paper, Writing and Printing","description":"Swiss Museum for Paper, Writing and Printing","publisher":{"@id":"https:\/\/www.baslerpapiermuehle.ch\/#organization"},"potentialAction":[{"@type":"SearchAction","target":{"@type":"EntryPoint","urlTemplate":"https:\/\/www.baslerpapiermuehle.ch\/?s={search_term_string}"},"query-input":{"@type":"PropertyValueSpecification","valueRequired":true,"valueName":"search_term_string"}}],"inLanguage":"fr-FR"},{"@type":"Organization","@id":"https:\/\/www.baslerpapiermuehle.ch\/#organization","name":"Basler Papierm\u00fchle Museum","url":"https:\/\/www.baslerpapiermuehle.ch\/","logo":{"@type":"ImageObject","inLanguage":"fr-FR","@id":"https:\/\/www.baslerpapiermuehle.ch\/#\/schema\/logo\/image\/","url":"https:\/\/www.baslerpapiermuehle.ch\/wp-content\/uploads\/2019\/12\/logo-Basler-Papiermuhle-marrone-1.png","contentUrl":"https:\/\/www.baslerpapiermuehle.ch\/wp-content\/uploads\/2019\/12\/logo-Basler-Papiermuhle-marrone-1.png","width":2051,"height":530,"caption":"Basler Papierm\u00fchle Museum"},"image":{"@id":"https:\/\/www.baslerpapiermuehle.ch\/#\/schema\/logo\/image\/"},"sameAs":["https:\/\/www.facebook.com\/baslerpapiermuehle\/"]}]}},"_links":{"self":[{"href":"https:\/\/www.baslerpapiermuehle.ch\/fr\/wp-json\/wp\/v2\/pages\/16331","targetHints":{"allow":["GET"]}}],"collection":[{"href":"https:\/\/www.baslerpapiermuehle.ch\/fr\/wp-json\/wp\/v2\/pages"}],"about":[{"href":"https:\/\/www.baslerpapiermuehle.ch\/fr\/wp-json\/wp\/v2\/types\/page"}],"author":[{"embeddable":true,"href":"https:\/\/www.baslerpapiermuehle.ch\/fr\/wp-json\/wp\/v2\/users\/1"}],"replies":[{"embeddable":true,"href":"https:\/\/www.baslerpapiermuehle.ch\/fr\/wp-json\/wp\/v2\/comments?post=16331"}],"version-history":[{"count":3,"href":"https:\/\/www.baslerpapiermuehle.ch\/fr\/wp-json\/wp\/v2\/pages\/16331\/revisions"}],"predecessor-version":[{"id":23612,"href":"https:\/\/www.baslerpapiermuehle.ch\/fr\/wp-json\/wp\/v2\/pages\/16331\/revisions\/23612"}],"wp:attachment":[{"href":"https:\/\/www.baslerpapiermuehle.ch\/fr\/wp-json\/wp\/v2\/media?parent=16331"}],"curies":[{"name":"wp","href":"https:\/\/api.w.org\/{rel}","templated":true}]}}