{"id":16344,"date":"2020-07-06T08:36:48","date_gmt":"2020-07-06T08:36:48","guid":{"rendered":"https:\/\/www.baslerpapiermuehle.ch\/?page_id=16344"},"modified":"2025-01-28T09:55:14","modified_gmt":"2025-01-28T09:55:14","slug":"actualites","status":"publish","type":"page","link":"https:\/\/www.baslerpapiermuehle.ch\/fr\/actualites\/","title":{"rendered":"ACTUALIT\u00c9S"},"content":{"rendered":"<p>[et_pb_section fb_built=\u00a0\u00bb1&Prime; _builder_version=\u00a0\u00bb4.22.2&Prime; _module_preset=\u00a0\u00bbdefault\u00a0\u00bb custom_margin=\u00a0\u00bb||||true|false\u00a0\u00bb custom_margin_tablet=\u00a0\u00bb||||true|false\u00a0\u00bb custom_margin_phone=\u00a0\u00bb||||true|false\u00a0\u00bb custom_margin_last_edited=\u00a0\u00bbon|phone\u00a0\u00bb custom_padding=\u00a0\u00bb||||true|false\u00a0\u00bb global_colors_info=\u00a0\u00bb{}\u00a0\u00bb][et_pb_row make_equal=\u00a0\u00bbon\u00a0\u00bb _builder_version=\u00a0\u00bb4.22.2&Prime; _module_preset=\u00a0\u00bbdefault\u00a0\u00bb custom_margin=\u00a0\u00bb||||false\u00a0\u00bb custom_margin_tablet=\u00a0\u00bb||||false\u00a0\u00bb custom_margin_phone=\u00a0\u00bb||||false\u00a0\u00bb custom_margin_last_edited=\u00a0\u00bbon|phone\u00a0\u00bb custom_padding=\u00a0\u00bb||||false|false\u00a0\u00bb border_color_bottom=\u00a0\u00bb#E5E5E5&Prime; global_colors_info=\u00a0\u00bb{}\u00a0\u00bb][et_pb_column type=\u00a0\u00bb4_4&Prime; _builder_version=\u00a0\u00bb4.22.2&Prime; _module_preset=\u00a0\u00bbdefault\u00a0\u00bb global_colors_info=\u00a0\u00bb{}\u00a0\u00bb][et_pb_text _builder_version=\u00a0\u00bb4.22.2&Prime; _module_preset=\u00a0\u00bbdefault\u00a0\u00bb header_2_font=\u00a0\u00bb|||on|||||\u00a0\u00bb header_2_text_color=\u00a0\u00bbgcid-ea14148a-b20b-4152-9b52-64690fc894e6&Prime; header_4_font=\u00a0\u00bb|||on|||||\u00a0\u00bb header_4_text_color=\u00a0\u00bbgcid-ea14148a-b20b-4152-9b52-64690fc894e6&Prime; header_4_font_size=\u00a0\u00bb20px\u00a0\u00bb global_colors_info=\u00a0\u00bb{%22gcid-ea14148a-b20b-4152-9b52-64690fc894e6%22:%91%22header_2_text_color%22,%22header_4_text_color%22%93}\u00a0\u00bb]<\/p>\n<h2>EXPOSITIONS<\/h2>\n<h4>EXPOSITION PERMANENTE<\/h4>\n<p>Le moulin \u00e0 papier de B\u00e2le se pr\u00e9sente comme l\u2019un des rares mus\u00e9es \u00e0 pr\u00e9senter l\u2019histoire de papier depuis la pr\u00e9paration de la p\u00e2te jusqu\u2019au livre termin\u00e9 sous un m\u00eame toit. L\u2019exposition propose une alternance \u00e9quilibr\u00e9e entre informations, exp\u00e9riences et activit\u00e9s. Des ateliers d\u2019\u00e9poque alternent avec des parties expositives dans lesquelles le contexte historique est racont\u00e9 par le biais des objets expos\u00e9s. Suivent ensuite des reconstitutions et des espaces consacr\u00e9s aux activit\u00e9s manuelles pour les visiteurs.<\/p>\n<p>[\/et_pb_text][\/et_pb_column][\/et_pb_row][\/et_pb_section][et_pb_section fb_built=\u00a0\u00bb1&Prime; module_id=\u00a0\u00bbPostes actifs\u00a0\u00bb _builder_version=\u00a0\u00bb4.22.2&Prime; _module_preset=\u00a0\u00bbdefault\u00a0\u00bb custom_margin=\u00a0\u00bb||||true|false\u00a0\u00bb custom_margin_tablet=\u00a0\u00bb||||true|false\u00a0\u00bb custom_margin_phone=\u00a0\u00bb||||true|false\u00a0\u00bb custom_margin_last_edited=\u00a0\u00bbon|phone\u00a0\u00bb custom_padding=\u00a0\u00bb||||true|false\u00a0\u00bb global_colors_info=\u00a0\u00bb{}\u00a0\u00bb][et_pb_row use_custom_gutter=\u00a0\u00bbon\u00a0\u00bb gutter_width=\u00a0\u00bb3&Prime; make_equal=\u00a0\u00bbon\u00a0\u00bb _builder_version=\u00a0\u00bb4.22.2&Prime; _module_preset=\u00a0\u00bbdefault\u00a0\u00bb custom_margin=\u00a0\u00bb||||false\u00a0\u00bb custom_padding=\u00a0\u00bb||||false|false\u00a0\u00bb border_color_bottom=\u00a0\u00bb#E5E5E5&Prime; global_colors_info=\u00a0\u00bb{}\u00a0\u00bb][et_pb_column type=\u00a0\u00bb4_4&Prime; _builder_version=\u00a0\u00bb4.22.2&Prime; _module_preset=\u00a0\u00bbdefault\u00a0\u00bb global_colors_info=\u00a0\u00bb{}\u00a0\u00bb][et_pb_text _builder_version=\u00a0\u00bb4.27.4&Prime; _module_preset=\u00a0\u00bbdefault\u00a0\u00bb header_2_font=\u00a0\u00bb|||on|||||\u00a0\u00bb header_2_text_color=\u00a0\u00bbgcid-ea14148a-b20b-4152-9b52-64690fc894e6&Prime; header_4_font=\u00a0\u00bb|||on|||||\u00a0\u00bb header_4_text_color=\u00a0\u00bbgcid-ea14148a-b20b-4152-9b52-64690fc894e6&Prime; header_4_font_size=\u00a0\u00bb20px\u00a0\u00bb hover_enabled=\u00a0\u00bb0&Prime; global_colors_info=\u00a0\u00bb{%22gcid-ea14148a-b20b-4152-9b52-64690fc894e6%22:%91%22header_2_text_color%22,%22header_4_text_color%22%93}\u00a0\u00bb sticky_enabled=\u00a0\u00bb0&Prime;]<\/p>\n<h2>DES ACTIVIT\u00c9S POUR LES VISITEURS<\/h2>\n<p>Fabriquer du papier, \u00e9crire avec une plume d\u2019oie, taper \u00e0 la machine, composer son nom avec des caract\u00e8res en plomb puis l\u2019imprimer ou tester les couleurs de l\u2019atelier de marbrure sont autant d\u2019activit\u00e9s comprises dans l\u2019entr\u00e9e du mus\u00e9e. Notre personnel vous apportera son aide \u00e0 tous les postes d\u2019activit\u00e9. Nous recommandons une visite du mus\u00e9e \u00e0 partir de l&rsquo;\u00e2ge de 6 ans. Les postes sont occup\u00e9s aux horaires suivants:<\/p>\n<p>[\/et_pb_text][et_pb_tabs active_tab_background_color=\u00a0\u00bb#445F65&Prime; inactive_tab_background_color=\u00a0\u00bb#E5E5E5&Prime; active_tab_text_color=\u00a0\u00bb#FFFFFF\u00a0\u00bb _builder_version=\u00a0\u00bb4.22.2&Prime; _module_preset=\u00a0\u00bbdefault\u00a0\u00bb tab_text_color=\u00a0\u00bb#000000&Prime; body_font_size=\u00a0\u00bb20px\u00a0\u00bb body_line_height=\u00a0\u00bb1.6em\u00a0\u00bb tab_font_size=\u00a0\u00bb16px\u00a0\u00bb background_color=\u00a0\u00bbRGBA(255,255,255,0)\u00a0\u00bb max_width=\u00a0\u00bb675px\u00a0\u00bb module_alignment=\u00a0\u00bbcenter\u00a0\u00bb custom_padding=\u00a0\u00bb||||false|false\u00a0\u00bb body_font_size_tablet=\u00a0\u00bb20px\u00a0\u00bb body_font_size_phone=\u00a0\u00bb18px\u00a0\u00bb body_font_size_last_edited=\u00a0\u00bbon|phone\u00a0\u00bb custom_css_after=\u00a0\u00bb||display:none;\u00a0\u00bb custom_css_tabs_controls=\u00a0\u00bbbackground:transparent;||||\u00a0\u00bb custom_css_tab=\u00a0\u00bbpadding:10px 0; ||\u00a0\u00bb custom_css_active_tab=\u00a0\u00bbborder:none;\u00a0\u00bb custom_css_tabs_content=\u00a0\u00bbborder:none;\u00a0\u00bb border_width_all=\u00a0\u00bb0px\u00a0\u00bb global_colors_info=\u00a0\u00bb{}\u00a0\u00bb][et_pb_tab title=\u00a0\u00bbFabrication de papier\u00a0\u00bb _builder_version=\u00a0\u00bb4.22.2&Prime; _module_preset=\u00a0\u00bbdefault\u00a0\u00bb background_color=\u00a0\u00bbgcid-7e7988ce-a97a-4631-80fa-6f481ec50333&Prime; background_enable_color=\u00a0\u00bbon\u00a0\u00bb custom_padding=\u00a0\u00bb||||false|false\u00a0\u00bb global_colors_info=\u00a0\u00bb{%22gcid-7e7988ce-a97a-4631-80fa-6f481ec50333%22:%91%22background_color%22%93}\u00a0\u00bb]<\/p>\n<p style=\"text-align: center;\">mardi-vendredi \/ dimanche: de 11h \u00e0 16h45 Samedi: de 13h \u00e0 16h45<\/p>\n<p>[\/et_pb_tab][et_pb_tab title=\u00a0\u00bbImprimerie\u00a0\u00bb _builder_version=\u00a0\u00bb4.22.2&Prime; _module_preset=\u00a0\u00bbdefault\u00a0\u00bb global_colors_info=\u00a0\u00bb{}\u00a0\u00bb]<\/p>\n<p style=\"text-align: center;\">mardi-vendredi \/ dimanche: de 11h \u00e0 16h45 Samedi: de 13h \u00e0 16h45<\/p>\n<p>[\/et_pb_tab][et_pb_tab title=\u00a0\u00bbCaract\u00e8res d\u2019imprimerie\u00a0\u00bb _builder_version=\u00a0\u00bb4.22.2&Prime; _module_preset=\u00a0\u00bbdefault\u00a0\u00bb global_colors_info=\u00a0\u00bb{}\u00a0\u00bb]<\/p>\n<p style=\"text-align: center;\">mardi-vendredi \/ dimanche: de 11h \u00e0 16h45<br \/>Au stand des lettres, vous pouvez faire cacheter des enveloppes avec de la cire.<\/p>\n<p>[\/et_pb_tab][et_pb_tab title=\u00a0\u00bbMarbrure\u00a0\u00bb _builder_version=\u00a0\u00bb4.22.2&Prime; _module_preset=\u00a0\u00bbdefault\u00a0\u00bb global_colors_info=\u00a0\u00bb{}\u00a0\u00bb]<\/p>\n<p style=\"text-align: center;\">Tous les jours de 13h \u00e0 16h45 Samedi: de 13h \u00e0 16h30<br \/>En \u00e9t\u00e9, la marbrure a lieu \u00e0 l\u2019ext\u00e9rieur.<\/p>\n<p>[\/et_pb_tab][\/et_pb_tabs][\/et_pb_column][\/et_pb_row][\/et_pb_section][et_pb_section fb_built=\u00a0\u00bb1&Prime; _builder_version=\u00a0\u00bb4.22.2&Prime; _module_preset=\u00a0\u00bbdefault\u00a0\u00bb custom_margin=\u00a0\u00bb||||true|false\u00a0\u00bb custom_margin_tablet=\u00a0\u00bb||||true|false\u00a0\u00bb custom_margin_phone=\u00a0\u00bb||||true|false\u00a0\u00bb custom_margin_last_edited=\u00a0\u00bbon|phone\u00a0\u00bb custom_padding=\u00a0\u00bb||||true|false\u00a0\u00bb global_colors_info=\u00a0\u00bb{}\u00a0\u00bb][et_pb_row _builder_version=\u00a0\u00bb4.22.2&Prime; _module_preset=\u00a0\u00bbdefault\u00a0\u00bb background_color=\u00a0\u00bb#aeb9bb\u00a0\u00bb custom_padding=\u00a0\u00bb2rem||2rem||true|false\u00a0\u00bb global_colors_info=\u00a0\u00bb{}\u00a0\u00bb][et_pb_column type=\u00a0\u00bb4_4&Prime; _builder_version=\u00a0\u00bb4.22.2&Prime; _module_preset=\u00a0\u00bbdefault\u00a0\u00bb global_colors_info=\u00a0\u00bb{}\u00a0\u00bb][et_pb_text _builder_version=\u00a0\u00bb4.22.2&Prime; _module_preset=\u00a0\u00bbdefault\u00a0\u00bb header_2_text_color=\u00a0\u00bb#445F65&Prime; custom_margin=\u00a0\u00bb||0px||false|false\u00a0\u00bb custom_padding=\u00a0\u00bb||1rem||false|false\u00a0\u00bb global_colors_info=\u00a0\u00bb{}\u00a0\u00bb]<\/p>\n<h2 style=\"text-align: center; margin: 0;\">CE QUI SE PASSE<\/h2>\n<p>[\/et_pb_text][et_pb_button button_url=\u00a0\u00bb@ET-DC@eyJkeW5hbWljIjp0cnVlLCJjb250ZW50IjoicG9zdF9saW5rX3VybF9wYWdlIiwic2V0dGluZ3MiOnsicG9zdF9pZCI6IjE5MDMwIn19@\u00a0\u00bb button_text=\u00a0\u00bbAGENDA\u00a0\u00bb button_alignment=\u00a0\u00bbcenter\u00a0\u00bb _builder_version=\u00a0\u00bb4.22.2&Prime; _dynamic_attributes=\u00a0\u00bbbutton_url\u00a0\u00bb _module_preset=\u00a0\u00bbdefault\u00a0\u00bb background_layout=\u00a0\u00bbdark\u00a0\u00bb global_colors_info=\u00a0\u00bb{}\u00a0\u00bb button_bg_color__hover_enabled=\u00a0\u00bbon|hover\u00a0\u00bb button_bg_color__hover=\u00a0\u00bb#E5E5E5&Prime; button_bg_enable_color__hover=\u00a0\u00bbon\u00a0\u00bb][\/et_pb_button][\/et_pb_column][\/et_pb_row][\/et_pb_section][et_pb_section fb_built=\u00a0\u00bb1&Prime; _builder_version=\u00a0\u00bb4.22.2&Prime; _module_preset=\u00a0\u00bbdefault\u00a0\u00bb custom_margin=\u00a0\u00bb||||true|false\u00a0\u00bb custom_margin_tablet=\u00a0\u00bb||||true|false\u00a0\u00bb custom_margin_phone=\u00a0\u00bb||||true|false\u00a0\u00bb custom_margin_last_edited=\u00a0\u00bbon|phone\u00a0\u00bb custom_padding=\u00a0\u00bb||||true|false\u00a0\u00bb global_colors_info=\u00a0\u00bb{}\u00a0\u00bb][et_pb_row use_custom_gutter=\u00a0\u00bbon\u00a0\u00bb gutter_width=\u00a0\u00bb1&Prime; _builder_version=\u00a0\u00bb4.22.2&Prime; _module_preset=\u00a0\u00bbdefault\u00a0\u00bb global_colors_info=\u00a0\u00bb{}\u00a0\u00bb][et_pb_column type=\u00a0\u00bb4_4&Prime; _builder_version=\u00a0\u00bb4.22.2&Prime; _module_preset=\u00a0\u00bbdefault\u00a0\u00bb global_colors_info=\u00a0\u00bb{}\u00a0\u00bb][et_pb_gallery gallery_ids=\u00a0\u00bb16037,16035,16031,16027,16025,16023&Prime; posts_number=\u00a0\u00bb6&Prime; show_title_and_caption=\u00a0\u00bboff\u00a0\u00bb show_pagination=\u00a0\u00bboff\u00a0\u00bb zoom_icon_color=\u00a0\u00bb#FFFFFF\u00a0\u00bb hover_overlay_color=\u00a0\u00bbrgba(68,95,101,0.49)\u00a0\u00bb hover_icon=\u00a0\u00bb&#x55;||divi||400&Prime; module_id=\u00a0\u00bbkalendar_gallery\u00a0\u00bb module_class=\u00a0\u00bbcol-width\u00a0\u00bb _builder_version=\u00a0\u00bb4.22.2&Prime; _module_preset=\u00a0\u00bbdefault\u00a0\u00bb custom_margin=\u00a0\u00bb0px||0px||true|false\u00a0\u00bb custom_padding=\u00a0\u00bb0px||0px||true|false\u00a0\u00bb animation_style=\u00a0\u00bbfade\u00a0\u00bb border_width_all=\u00a0\u00bb4px\u00a0\u00bb border_color_all=\u00a0\u00bb#FFFFFF\u00a0\u00bb border_color_all_image=\u00a0\u00bbRGBA(255,255,255,0)\u00a0\u00bb global_colors_info=\u00a0\u00bb{}\u00a0\u00bb][\/et_pb_gallery][\/et_pb_column][\/et_pb_row][\/et_pb_section]<\/p>\n","protected":false},"excerpt":{"rendered":"<p>EXPOSITIONS EXPOSITION PERMANENTE Le moulin \u00e0 papier de B\u00e2le se pr\u00e9sente comme l\u2019un des rares mus\u00e9es \u00e0 pr\u00e9senter l\u2019histoire de papier depuis la pr\u00e9paration de la p\u00e2te jusqu\u2019au livre termin\u00e9 sous un m\u00eame toit. L\u2019exposition propose une alternance \u00e9quilibr\u00e9e entre informations, exp\u00e9riences et activit\u00e9s. Des ateliers d\u2019\u00e9poque alternent avec des parties expositives dans lesquelles le [&hellip;]<\/p>\n","protected":false},"author":1,"featured_media":0,"parent":0,"menu_order":0,"comment_status":"closed","ping_status":"closed","template":"","meta":{"_acf_changed":false,"_et_pb_use_builder":"on","_et_pb_old_content":"","_et_gb_content_width":"","footnotes":""},"class_list":["post-16344","page","type-page","status-publish","hentry"],"acf":[],"yoast_head":"<!-- This site is optimized with the Yoast SEO plugin v26.8 - https:\/\/yoast.com\/product\/yoast-seo-wordpress\/ -->\n<title>ACTUALIT\u00c9S - Basler Papierm\u00fchle<\/title>\n<meta name=\"robots\" content=\"index, follow, max-snippet:-1, max-image-preview:large, max-video-preview:-1\" \/>\n<link rel=\"canonical\" href=\"https:\/\/www.baslerpapiermuehle.ch\/actualites\/?lang=fr\" \/>\n<meta property=\"og:locale\" content=\"fr_FR\" \/>\n<meta property=\"og:type\" content=\"article\" \/>\n<meta property=\"og:title\" content=\"ACTUALIT\u00c9S - Basler Papierm\u00fchle\" \/>\n<meta property=\"og:description\" content=\"EXPOSITIONS EXPOSITION PERMANENTE Le moulin \u00e0 papier de B\u00e2le se pr\u00e9sente comme l\u2019un des rares mus\u00e9es \u00e0 pr\u00e9senter l\u2019histoire de papier depuis la pr\u00e9paration de la p\u00e2te jusqu\u2019au livre termin\u00e9 sous un m\u00eame toit. L\u2019exposition propose une alternance \u00e9quilibr\u00e9e entre informations, exp\u00e9riences et activit\u00e9s. Des ateliers d\u2019\u00e9poque alternent avec des parties expositives dans lesquelles le [&hellip;]\" \/>\n<meta property=\"og:url\" content=\"https:\/\/www.baslerpapiermuehle.ch\/actualites\/?lang=fr\" \/>\n<meta property=\"og:site_name\" content=\"Basler Papierm\u00fchle\" \/>\n<meta property=\"article:publisher\" content=\"https:\/\/www.facebook.com\/baslerpapiermuehle\/\" \/>\n<meta property=\"article:modified_time\" content=\"2025-01-28T09:55:14+00:00\" \/>\n<meta property=\"og:image\" content=\"https:\/\/www.baslerpapiermuehle.ch\/wp-content\/uploads\/2019\/12\/DSC_0475-68.jpg\" \/>\n<meta name=\"twitter:card\" content=\"summary_large_image\" \/>\n<meta name=\"twitter:label1\" content=\"Dur\u00e9e de lecture estim\u00e9e\" \/>\n\t<meta name=\"twitter:data1\" content=\"3 minutes\" \/>\n<script type=\"application\/ld+json\" class=\"yoast-schema-graph\">{\"@context\":\"https:\/\/schema.org\",\"@graph\":[{\"@type\":\"WebPage\",\"@id\":\"https:\/\/www.baslerpapiermuehle.ch\/actualites\/?lang=fr\",\"url\":\"https:\/\/www.baslerpapiermuehle.ch\/actualites\/?lang=fr\",\"name\":\"ACTUALIT\u00c9S - Basler Papierm\u00fchle\",\"isPartOf\":{\"@id\":\"https:\/\/www.baslerpapiermuehle.ch\/#website\"},\"datePublished\":\"2020-07-06T08:36:48+00:00\",\"dateModified\":\"2025-01-28T09:55:14+00:00\",\"breadcrumb\":{\"@id\":\"https:\/\/www.baslerpapiermuehle.ch\/actualites\/?lang=fr#breadcrumb\"},\"inLanguage\":\"fr-FR\",\"potentialAction\":[{\"@type\":\"ReadAction\",\"target\":[\"https:\/\/www.baslerpapiermuehle.ch\/actualites\/?lang=fr\"]}]},{\"@type\":\"BreadcrumbList\",\"@id\":\"https:\/\/www.baslerpapiermuehle.ch\/actualites\/?lang=fr#breadcrumb\",\"itemListElement\":[{\"@type\":\"ListItem\",\"position\":1,\"name\":\"Home\",\"item\":\"https:\/\/www.baslerpapiermuehle.ch\/fr\/home-fr\/\"},{\"@type\":\"ListItem\",\"position\":2,\"name\":\"Actualit\u00e9s\"}]},{\"@type\":\"WebSite\",\"@id\":\"https:\/\/www.baslerpapiermuehle.ch\/#website\",\"url\":\"https:\/\/www.baslerpapiermuehle.ch\/\",\"name\":\"Basler Papierm\u00fchle - Swiss Museum for Paper, Writing and Printing\",\"description\":\"Swiss Museum for Paper, Writing and Printing\",\"publisher\":{\"@id\":\"https:\/\/www.baslerpapiermuehle.ch\/#organization\"},\"potentialAction\":[{\"@type\":\"SearchAction\",\"target\":{\"@type\":\"EntryPoint\",\"urlTemplate\":\"https:\/\/www.baslerpapiermuehle.ch\/?s={search_term_string}\"},\"query-input\":{\"@type\":\"PropertyValueSpecification\",\"valueRequired\":true,\"valueName\":\"search_term_string\"}}],\"inLanguage\":\"fr-FR\"},{\"@type\":\"Organization\",\"@id\":\"https:\/\/www.baslerpapiermuehle.ch\/#organization\",\"name\":\"Basler Papierm\u00fchle Museum\",\"url\":\"https:\/\/www.baslerpapiermuehle.ch\/\",\"logo\":{\"@type\":\"ImageObject\",\"inLanguage\":\"fr-FR\",\"@id\":\"https:\/\/www.baslerpapiermuehle.ch\/#\/schema\/logo\/image\/\",\"url\":\"https:\/\/www.baslerpapiermuehle.ch\/wp-content\/uploads\/2019\/12\/logo-Basler-Papiermuhle-marrone-1.png\",\"contentUrl\":\"https:\/\/www.baslerpapiermuehle.ch\/wp-content\/uploads\/2019\/12\/logo-Basler-Papiermuhle-marrone-1.png\",\"width\":2051,\"height\":530,\"caption\":\"Basler Papierm\u00fchle Museum\"},\"image\":{\"@id\":\"https:\/\/www.baslerpapiermuehle.ch\/#\/schema\/logo\/image\/\"},\"sameAs\":[\"https:\/\/www.facebook.com\/baslerpapiermuehle\/\"]}]}<\/script>\n<!-- \/ Yoast SEO plugin. -->","yoast_head_json":{"title":"ACTUALIT\u00c9S - Basler Papierm\u00fchle","robots":{"index":"index","follow":"follow","max-snippet":"max-snippet:-1","max-image-preview":"max-image-preview:large","max-video-preview":"max-video-preview:-1"},"canonical":"https:\/\/www.baslerpapiermuehle.ch\/actualites\/?lang=fr","og_locale":"fr_FR","og_type":"article","og_title":"ACTUALIT\u00c9S - Basler Papierm\u00fchle","og_description":"EXPOSITIONS EXPOSITION PERMANENTE Le moulin \u00e0 papier de B\u00e2le se pr\u00e9sente comme l\u2019un des rares mus\u00e9es \u00e0 pr\u00e9senter l\u2019histoire de papier depuis la pr\u00e9paration de la p\u00e2te jusqu\u2019au livre termin\u00e9 sous un m\u00eame toit. L\u2019exposition propose une alternance \u00e9quilibr\u00e9e entre informations, exp\u00e9riences et activit\u00e9s. Des ateliers d\u2019\u00e9poque alternent avec des parties expositives dans lesquelles le [&hellip;]","og_url":"https:\/\/www.baslerpapiermuehle.ch\/actualites\/?lang=fr","og_site_name":"Basler Papierm\u00fchle","article_publisher":"https:\/\/www.facebook.com\/baslerpapiermuehle\/","article_modified_time":"2025-01-28T09:55:14+00:00","og_image":[{"url":"https:\/\/www.baslerpapiermuehle.ch\/wp-content\/uploads\/2019\/12\/DSC_0475-68.jpg","type":"","width":"","height":""}],"twitter_card":"summary_large_image","twitter_misc":{"Dur\u00e9e de lecture estim\u00e9e":"3 minutes"},"schema":{"@context":"https:\/\/schema.org","@graph":[{"@type":"WebPage","@id":"https:\/\/www.baslerpapiermuehle.ch\/actualites\/?lang=fr","url":"https:\/\/www.baslerpapiermuehle.ch\/actualites\/?lang=fr","name":"ACTUALIT\u00c9S - Basler Papierm\u00fchle","isPartOf":{"@id":"https:\/\/www.baslerpapiermuehle.ch\/#website"},"datePublished":"2020-07-06T08:36:48+00:00","dateModified":"2025-01-28T09:55:14+00:00","breadcrumb":{"@id":"https:\/\/www.baslerpapiermuehle.ch\/actualites\/?lang=fr#breadcrumb"},"inLanguage":"fr-FR","potentialAction":[{"@type":"ReadAction","target":["https:\/\/www.baslerpapiermuehle.ch\/actualites\/?lang=fr"]}]},{"@type":"BreadcrumbList","@id":"https:\/\/www.baslerpapiermuehle.ch\/actualites\/?lang=fr#breadcrumb","itemListElement":[{"@type":"ListItem","position":1,"name":"Home","item":"https:\/\/www.baslerpapiermuehle.ch\/fr\/home-fr\/"},{"@type":"ListItem","position":2,"name":"Actualit\u00e9s"}]},{"@type":"WebSite","@id":"https:\/\/www.baslerpapiermuehle.ch\/#website","url":"https:\/\/www.baslerpapiermuehle.ch\/","name":"Basler Papierm\u00fchle - Swiss Museum for Paper, Writing and Printing","description":"Swiss Museum for Paper, Writing and Printing","publisher":{"@id":"https:\/\/www.baslerpapiermuehle.ch\/#organization"},"potentialAction":[{"@type":"SearchAction","target":{"@type":"EntryPoint","urlTemplate":"https:\/\/www.baslerpapiermuehle.ch\/?s={search_term_string}"},"query-input":{"@type":"PropertyValueSpecification","valueRequired":true,"valueName":"search_term_string"}}],"inLanguage":"fr-FR"},{"@type":"Organization","@id":"https:\/\/www.baslerpapiermuehle.ch\/#organization","name":"Basler Papierm\u00fchle Museum","url":"https:\/\/www.baslerpapiermuehle.ch\/","logo":{"@type":"ImageObject","inLanguage":"fr-FR","@id":"https:\/\/www.baslerpapiermuehle.ch\/#\/schema\/logo\/image\/","url":"https:\/\/www.baslerpapiermuehle.ch\/wp-content\/uploads\/2019\/12\/logo-Basler-Papiermuhle-marrone-1.png","contentUrl":"https:\/\/www.baslerpapiermuehle.ch\/wp-content\/uploads\/2019\/12\/logo-Basler-Papiermuhle-marrone-1.png","width":2051,"height":530,"caption":"Basler Papierm\u00fchle Museum"},"image":{"@id":"https:\/\/www.baslerpapiermuehle.ch\/#\/schema\/logo\/image\/"},"sameAs":["https:\/\/www.facebook.com\/baslerpapiermuehle\/"]}]}},"_links":{"self":[{"href":"https:\/\/www.baslerpapiermuehle.ch\/fr\/wp-json\/wp\/v2\/pages\/16344","targetHints":{"allow":["GET"]}}],"collection":[{"href":"https:\/\/www.baslerpapiermuehle.ch\/fr\/wp-json\/wp\/v2\/pages"}],"about":[{"href":"https:\/\/www.baslerpapiermuehle.ch\/fr\/wp-json\/wp\/v2\/types\/page"}],"author":[{"embeddable":true,"href":"https:\/\/www.baslerpapiermuehle.ch\/fr\/wp-json\/wp\/v2\/users\/1"}],"replies":[{"embeddable":true,"href":"https:\/\/www.baslerpapiermuehle.ch\/fr\/wp-json\/wp\/v2\/comments?post=16344"}],"version-history":[{"count":0,"href":"https:\/\/www.baslerpapiermuehle.ch\/fr\/wp-json\/wp\/v2\/pages\/16344\/revisions"}],"wp:attachment":[{"href":"https:\/\/www.baslerpapiermuehle.ch\/fr\/wp-json\/wp\/v2\/media?parent=16344"}],"curies":[{"name":"wp","href":"https:\/\/api.w.org\/{rel}","templated":true}]}}