{"id":19375,"date":"2023-10-16T10:18:54","date_gmt":"2023-10-16T10:18:54","guid":{"rendered":"https:\/\/www.baslerpapiermuehle.ch\/calendar\/"},"modified":"2023-10-30T20:08:07","modified_gmt":"2023-10-30T20:08:07","slug":"calendar","status":"publish","type":"page","link":"https:\/\/www.baslerpapiermuehle.ch\/fr\/calendar\/","title":{"rendered":"Kalender"},"content":{"rendered":"<p>[et_pb_section fb_built=\u00a0\u00bb1&Prime; _builder_version=\u00a0\u00bb4.22.2&Prime; _module_preset=\u00a0\u00bbdefault\u00a0\u00bb global_colors_info=\u00a0\u00bb{}\u00a0\u00bb][et_pb_row _builder_version=\u00a0\u00bb4.22.2&Prime; _module_preset=\u00a0\u00bbdefault\u00a0\u00bb global_colors_info=\u00a0\u00bb{}\u00a0\u00bb][et_pb_column type=\u00a0\u00bb4_4&Prime; _builder_version=\u00a0\u00bb4.22.2&Prime; _module_preset=\u00a0\u00bbdefault\u00a0\u00bb global_colors_info=\u00a0\u00bb{}\u00a0\u00bb][et_pb_text _builder_version=\u00a0\u00bb4.22.2&Prime; _module_preset=\u00a0\u00bbdefault\u00a0\u00bb global_colors_info=\u00a0\u00bb{}\u00a0\u00bb]<\/p>\n<p>Neben der laufenden Ausstellung und unseren Mitmachstationen bieten wir regelm\u00e4ssig Workshops, Veranstaltungen und andere Highlights an.<\/p>\n<p><strong>UB-Vitrine zum Basler Fr\u00fchdrucker Michael Wenssler<\/strong><\/p>\n<p>August bis 8. Dezember<\/p>\n<p>Michael Wenssler (1445 \u2013 1512) war einer der ersten Basler Buchdrucker und f\u00fcr besonders innovative Drucke bekannt. Schnell erlangte er durch seine B\u00fccher grossen Reichtum, musste aber nach einigen Fehlkalkulationen die Stadt fluchtartig verlassen, um sich vor seinen Gl\u00e4ubigern in Sicherheit zu bringen. In seiner fast 20-j\u00e4hrigen Druckert\u00e4tigkeit in Basel etablierte sich das neue Gewerbe, wandelte sich das Medium Buch und erlebten die Basler Drucker ihre ersten Gesellenstreiks. Entdecken Sie Werke zum Aufstieg und Fall eines der wichtigsten Basler Fr\u00fchdrucker. In Kooperation mit der Universit\u00e4tsbibliothek Basel pr\u00e4sentieren wir historische Buchexponate in einer eigens daf\u00fcr vorgesehenen Vitrine.<\/p>\n<p>[\/et_pb_text][et_pb_code _builder_version=\u00a0\u00bb4.22.2&Prime; _module_preset=\u00a0\u00bbdefault\u00a0\u00bb hover_enabled=\u00a0\u00bb0&Prime; sticky_enabled=\u00a0\u00bb0&Prime;]<div class=\"mec-wrap mec-skin-list-container  \" id=\"mec_skin_17884\">\r\n\r\n    \r\n            <div class=\"mec-skin-list-events-container\" id=\"mec_skin_events_17884\">\r\n        <div class=\"mec-wrap colorskin-custom\">\r\n\t<div class=\"mec-event-list-classic\">\r\n\t\t\r\n                        <div class=\"mec-month-divider\" data-toggle-divider=\"mec-toggle-202604-17884\"><h5 style=\"display: inline;\">avril 2026<\/h5><i class=\"mec-sl-arrow-down\"><\/i><\/div>\r\n            \r\n                        <article class=\"mec-past-event mec-event-article  mec-clear  mec-divider-toggle mec-toggle-202604-17884\" itemscope>\r\n                                                        <div class=\"mec-event-image\"><a class=\"mec-color-hover\" data-event-id=\"17893\" href=\"https:\/\/www.baslerpapiermuehle.ch\/fr\/events\/die-linotype-setz-und-giessmaschine-ist-in-betrieb\/?occurrence=2026-04-28\" target=\"_blank\" rel=\"noopener\"><img decoding=\"async\" width=\"150\" height=\"150\" src=\"https:\/\/www.baslerpapiermuehle.ch\/wp-content\/uploads\/2024\/12\/DSC05647_Linotype-150x150.jpg\" class=\"attachment-thumbnail size-thumbnail wp-post-image\" alt=\"\" data-mec-postid=\"17893\" \/><\/a><\/div>\r\n                                            <div class=\"mec-event-date mec-color\"><i class=\"mec-sl-calendar\"><\/i> <span class=\"mec-start-date-label\">avril 28, 2026<\/span><\/div>\r\n                        <div class=\"mec-event-time mec-color\"><\/div>\r\n                                                                                <h4 class=\"mec-event-title\"><a class=\"mec-color-hover\" data-event-id=\"17893\" href=\"https:\/\/www.baslerpapiermuehle.ch\/fr\/events\/die-linotype-setz-und-giessmaschine-ist-in-betrieb\/?occurrence=2026-04-28\" target=\"_blank\" rel=\"noopener\">\u00ab\u00a0Oh, a line of types!\u00a0\u00bb<\/a><span class=\"event-color\" style=\"background: #fdd700\"><\/span><\/h4>\r\n                                                                                                                                                    <\/article>\r\n                        <article class=\"mec-past-event mec-event-article  mec-clear  mec-divider-toggle mec-toggle-202604-17884\" itemscope>\r\n                                                        <div class=\"mec-event-image\"><a class=\"mec-color-hover\" data-event-id=\"23047\" href=\"https:\/\/www.baslerpapiermuehle.ch\/fr\/events\/feierabendrundgang-vom-papier-bis-zum-buch\/?occurrence=2026-04-28&#038;time=1777397400\" target=\"_blank\" rel=\"noopener\"><img decoding=\"async\" width=\"150\" height=\"150\" src=\"https:\/\/www.baslerpapiermuehle.ch\/wp-content\/uploads\/2025\/02\/Feierabendfuehrung-150x150.jpg\" class=\"attachment-thumbnail size-thumbnail wp-post-image\" alt=\"\" data-mec-postid=\"23047\" \/><\/a><\/div>\r\n                                            <div class=\"mec-event-date mec-color\"><i class=\"mec-sl-calendar\"><\/i> <span class=\"mec-start-date-label\">avril 28, 2026<\/span><\/div>\r\n                        <div class=\"mec-event-time mec-color\"><\/div>\r\n                                                                                <h4 class=\"mec-event-title\"><a class=\"mec-color-hover\" data-event-id=\"23047\" href=\"https:\/\/www.baslerpapiermuehle.ch\/fr\/events\/feierabendrundgang-vom-papier-bis-zum-buch\/?occurrence=2026-04-28&#038;time=1777397400\" target=\"_blank\" rel=\"noopener\">Feierabendrundgang: Vom Papier bis zum Buch<\/a><span class=\"event-color\" style=\"background: #e14d43\"><\/span><\/h4>\r\n                                                                                                                                                    <\/article>\r\n            \t\t\r\n                        <div class=\"mec-month-divider\" data-toggle-divider=\"mec-toggle-202605-17884\"><h5 style=\"display: inline;\">mai 2026<\/h5><i class=\"mec-sl-arrow-down\"><\/i><\/div>\r\n            \r\n                        <article class=\"mec-past-event mec-event-article  mec-clear  mec-divider-toggle mec-toggle-202605-17884\" itemscope>\r\n                                                        <div class=\"mec-event-image\"><a class=\"mec-color-hover\" data-event-id=\"22133\" href=\"https:\/\/www.baslerpapiermuehle.ch\/fr\/events\/handguss-301\/?occurrence=2026-05-02\" target=\"_blank\" rel=\"noopener\"><img decoding=\"async\" width=\"150\" height=\"150\" src=\"https:\/\/www.baslerpapiermuehle.ch\/wp-content\/uploads\/2020\/03\/Papier_20111129_712335-150x150.webp\" class=\"attachment-thumbnail size-thumbnail wp-post-image\" alt=\"\" data-mec-postid=\"22133\" \/><\/a><\/div>\r\n                                            <div class=\"mec-event-date mec-color\"><i class=\"mec-sl-calendar\"><\/i> <span class=\"mec-start-date-label\">mai 2, 2026<\/span><\/div>\r\n                        <div class=\"mec-event-time mec-color\"><\/div>\r\n                                                                                <h4 class=\"mec-event-title\"><a class=\"mec-color-hover\" data-event-id=\"22133\" href=\"https:\/\/www.baslerpapiermuehle.ch\/fr\/events\/handguss-301\/?occurrence=2026-05-02\" target=\"_blank\" rel=\"noopener\">Handguss<\/a><span class=\"event-color\" style=\"background: #fdd700\"><\/span><\/h4>\r\n                                                                                                                                                    <\/article>\r\n                        <article class=\"mec-past-event mec-event-article  mec-clear  mec-divider-toggle mec-toggle-202605-17884\" itemscope>\r\n                                                        <div class=\"mec-event-image\"><a class=\"mec-color-hover\" data-event-id=\"22923\" href=\"https:\/\/www.baslerpapiermuehle.ch\/fr\/events\/kupferstich-co-6\/?occurrence=2026-05-02&#038;time=1777730400\" target=\"_blank\" rel=\"noopener\"><img decoding=\"async\" width=\"150\" height=\"150\" src=\"https:\/\/www.baslerpapiermuehle.ch\/wp-content\/uploads\/2025\/06\/Kupferplatte_blau_Meiershofer-150x150.jpg\" class=\"attachment-thumbnail size-thumbnail wp-post-image\" alt=\"\" data-mec-postid=\"22923\" \/><\/a><\/div>\r\n                                            <div class=\"mec-event-date mec-color\"><i class=\"mec-sl-calendar\"><\/i> <span class=\"mec-start-date-label\">mai 2, 2026<\/span><\/div>\r\n                        <div class=\"mec-event-time mec-color\"><\/div>\r\n                                                                                <h4 class=\"mec-event-title\"><a class=\"mec-color-hover\" data-event-id=\"22923\" href=\"https:\/\/www.baslerpapiermuehle.ch\/fr\/events\/kupferstich-co-6\/?occurrence=2026-05-02&#038;time=1777730400\" target=\"_blank\" rel=\"noopener\">Kupferstich &#038; Co.<\/a><span class=\"event-color\" style=\"background: #fdd700\"><\/span><\/h4>\r\n                                                                                                                                                    <\/article>\r\n            \t\t\r\n            \r\n                        <article class=\"mec-past-event mec-event-article  mec-clear  mec-divider-toggle mec-toggle-202605-17884\" itemscope>\r\n                                                        <div class=\"mec-event-image\"><a class=\"mec-color-hover\" data-event-id=\"22133\" href=\"https:\/\/www.baslerpapiermuehle.ch\/fr\/events\/handguss-301\/?occurrence=2026-05-03\" target=\"_blank\" rel=\"noopener\"><img decoding=\"async\" width=\"150\" height=\"150\" src=\"https:\/\/www.baslerpapiermuehle.ch\/wp-content\/uploads\/2020\/03\/Papier_20111129_712335-150x150.webp\" class=\"attachment-thumbnail size-thumbnail wp-post-image\" alt=\"\" data-mec-postid=\"22133\" \/><\/a><\/div>\r\n                                            <div class=\"mec-event-date mec-color\"><i class=\"mec-sl-calendar\"><\/i> <span class=\"mec-start-date-label\">mai 3, 2026<\/span><\/div>\r\n                        <div class=\"mec-event-time mec-color\"><\/div>\r\n                                                                                <h4 class=\"mec-event-title\"><a class=\"mec-color-hover\" data-event-id=\"22133\" href=\"https:\/\/www.baslerpapiermuehle.ch\/fr\/events\/handguss-301\/?occurrence=2026-05-03\" target=\"_blank\" rel=\"noopener\">Handguss<\/a><span class=\"event-color\" style=\"background: #fdd700\"><\/span><\/h4>\r\n                                                                                                                                                    <\/article>\r\n            \t\t\r\n            \r\n                        <article class=\"mec-past-event mec-event-article  mec-clear  mec-divider-toggle mec-toggle-202605-17884\" itemscope>\r\n                                                        <div class=\"mec-event-image\"><a class=\"mec-color-hover\" data-event-id=\"17893\" href=\"https:\/\/www.baslerpapiermuehle.ch\/fr\/events\/die-linotype-setz-und-giessmaschine-ist-in-betrieb\/?occurrence=2026-05-05\" target=\"_blank\" rel=\"noopener\"><img decoding=\"async\" width=\"150\" height=\"150\" src=\"https:\/\/www.baslerpapiermuehle.ch\/wp-content\/uploads\/2024\/12\/DSC05647_Linotype-150x150.jpg\" class=\"attachment-thumbnail size-thumbnail wp-post-image\" alt=\"\" data-mec-postid=\"17893\" \/><\/a><\/div>\r\n                                            <div class=\"mec-event-date mec-color\"><i class=\"mec-sl-calendar\"><\/i> <span class=\"mec-start-date-label\">mai 5, 2026<\/span><\/div>\r\n                        <div class=\"mec-event-time mec-color\"><\/div>\r\n                                                                                <h4 class=\"mec-event-title\"><a class=\"mec-color-hover\" data-event-id=\"17893\" href=\"https:\/\/www.baslerpapiermuehle.ch\/fr\/events\/die-linotype-setz-und-giessmaschine-ist-in-betrieb\/?occurrence=2026-05-05\" target=\"_blank\" rel=\"noopener\">\u00ab\u00a0Oh, a line of types!\u00a0\u00bb<\/a><span class=\"event-color\" style=\"background: #fdd700\"><\/span><\/h4>\r\n                                                                                                                                                    <\/article>\r\n            \t\t\r\n            \r\n                        <article class=\"mec-past-event mec-event-article  mec-clear  mec-divider-toggle mec-toggle-202605-17884\" itemscope>\r\n                                                        <div class=\"mec-event-image\"><a class=\"mec-color-hover\" data-event-id=\"18182\" href=\"https:\/\/www.baslerpapiermuehle.ch\/fr\/events\/origami-die-bunte-welt-des-faltens-3\/?occurrence=2026-05-09&#038;time=1778331600\" target=\"_blank\" rel=\"noopener\"><img decoding=\"async\" width=\"150\" height=\"150\" src=\"https:\/\/www.baslerpapiermuehle.ch\/wp-content\/uploads\/2024\/06\/origami-butterfly-150x150.jpg\" class=\"attachment-thumbnail size-thumbnail wp-post-image\" alt=\"\" data-mec-postid=\"18182\" \/><\/a><\/div>\r\n                                            <div class=\"mec-event-date mec-color\"><i class=\"mec-sl-calendar\"><\/i> <span class=\"mec-start-date-label\">mai 9, 2026<\/span><\/div>\r\n                        <div class=\"mec-event-time mec-color\"><\/div>\r\n                                                                                <h4 class=\"mec-event-title\"><a class=\"mec-color-hover\" data-event-id=\"18182\" href=\"https:\/\/www.baslerpapiermuehle.ch\/fr\/events\/origami-die-bunte-welt-des-faltens-3\/?occurrence=2026-05-09&#038;time=1778331600\" target=\"_blank\" rel=\"noopener\">Origami<\/a><span class=\"event-color\" style=\"background: #00a0d2\"><\/span><\/h4>\r\n                                                                                                                                                    <\/article>\r\n                        <article class=\"mec-past-event mec-event-article  mec-clear  mec-divider-toggle mec-toggle-202605-17884\" itemscope>\r\n                                                        <div class=\"mec-event-image\"><a class=\"mec-color-hover\" data-event-id=\"22133\" href=\"https:\/\/www.baslerpapiermuehle.ch\/fr\/events\/handguss-301\/?occurrence=2026-05-09\" target=\"_blank\" rel=\"noopener\"><img decoding=\"async\" width=\"150\" height=\"150\" src=\"https:\/\/www.baslerpapiermuehle.ch\/wp-content\/uploads\/2020\/03\/Papier_20111129_712335-150x150.webp\" class=\"attachment-thumbnail size-thumbnail wp-post-image\" alt=\"\" data-mec-postid=\"22133\" \/><\/a><\/div>\r\n                                            <div class=\"mec-event-date mec-color\"><i class=\"mec-sl-calendar\"><\/i> <span class=\"mec-start-date-label\">mai 9, 2026<\/span><\/div>\r\n                        <div class=\"mec-event-time mec-color\"><\/div>\r\n                                                                                <h4 class=\"mec-event-title\"><a class=\"mec-color-hover\" data-event-id=\"22133\" href=\"https:\/\/www.baslerpapiermuehle.ch\/fr\/events\/handguss-301\/?occurrence=2026-05-09\" target=\"_blank\" rel=\"noopener\">Handguss<\/a><span class=\"event-color\" style=\"background: #fdd700\"><\/span><\/h4>\r\n                                                                                                                                                    <\/article>\r\n            \t\t\r\n            \r\n                        <article class=\"mec-past-event mec-event-article  mec-clear  mec-divider-toggle mec-toggle-202605-17884\" itemscope>\r\n                                                        <div class=\"mec-event-image\"><a class=\"mec-color-hover\" data-event-id=\"18182\" href=\"https:\/\/www.baslerpapiermuehle.ch\/fr\/events\/origami-die-bunte-welt-des-faltens-3\/?occurrence=2026-05-10&#038;time=1778418000\" target=\"_blank\" rel=\"noopener\"><img decoding=\"async\" width=\"150\" height=\"150\" src=\"https:\/\/www.baslerpapiermuehle.ch\/wp-content\/uploads\/2024\/06\/origami-butterfly-150x150.jpg\" class=\"attachment-thumbnail size-thumbnail wp-post-image\" alt=\"\" data-mec-postid=\"18182\" \/><\/a><\/div>\r\n                                            <div class=\"mec-event-date mec-color\"><i class=\"mec-sl-calendar\"><\/i> <span class=\"mec-start-date-label\">mai 10, 2026<\/span><\/div>\r\n                        <div class=\"mec-event-time mec-color\"><\/div>\r\n                                                                                <h4 class=\"mec-event-title\"><a class=\"mec-color-hover\" data-event-id=\"18182\" href=\"https:\/\/www.baslerpapiermuehle.ch\/fr\/events\/origami-die-bunte-welt-des-faltens-3\/?occurrence=2026-05-10&#038;time=1778418000\" target=\"_blank\" rel=\"noopener\">Origami<\/a><span class=\"event-color\" style=\"background: #00a0d2\"><\/span><\/h4>\r\n                                                                                                                                                    <\/article>\r\n                        <article class=\"mec-past-event mec-event-article  mec-clear  mec-divider-toggle mec-toggle-202605-17884\" itemscope>\r\n                                                        <div class=\"mec-event-image\"><a class=\"mec-color-hover\" data-event-id=\"22133\" href=\"https:\/\/www.baslerpapiermuehle.ch\/fr\/events\/handguss-301\/?occurrence=2026-05-10\" target=\"_blank\" rel=\"noopener\"><img decoding=\"async\" width=\"150\" height=\"150\" src=\"https:\/\/www.baslerpapiermuehle.ch\/wp-content\/uploads\/2020\/03\/Papier_20111129_712335-150x150.webp\" class=\"attachment-thumbnail size-thumbnail wp-post-image\" alt=\"\" data-mec-postid=\"22133\" \/><\/a><\/div>\r\n                                            <div class=\"mec-event-date mec-color\"><i class=\"mec-sl-calendar\"><\/i> <span class=\"mec-start-date-label\">mai 10, 2026<\/span><\/div>\r\n                        <div class=\"mec-event-time mec-color\"><\/div>\r\n                                                                                <h4 class=\"mec-event-title\"><a class=\"mec-color-hover\" data-event-id=\"22133\" href=\"https:\/\/www.baslerpapiermuehle.ch\/fr\/events\/handguss-301\/?occurrence=2026-05-10\" target=\"_blank\" rel=\"noopener\">Handguss<\/a><span class=\"event-color\" style=\"background: #fdd700\"><\/span><\/h4>\r\n                                                                                                                                                    <\/article>\r\n            \t\t\r\n            \r\n                        <article class=\"mec-past-event mec-event-article  mec-clear  mec-divider-toggle mec-toggle-202605-17884\" itemscope>\r\n                                                        <div class=\"mec-event-image\"><a class=\"mec-color-hover\" data-event-id=\"17893\" href=\"https:\/\/www.baslerpapiermuehle.ch\/fr\/events\/die-linotype-setz-und-giessmaschine-ist-in-betrieb\/?occurrence=2026-05-12\" target=\"_blank\" rel=\"noopener\"><img decoding=\"async\" width=\"150\" height=\"150\" src=\"https:\/\/www.baslerpapiermuehle.ch\/wp-content\/uploads\/2024\/12\/DSC05647_Linotype-150x150.jpg\" class=\"attachment-thumbnail size-thumbnail wp-post-image\" alt=\"\" data-mec-postid=\"17893\" \/><\/a><\/div>\r\n                                            <div class=\"mec-event-date mec-color\"><i class=\"mec-sl-calendar\"><\/i> <span class=\"mec-start-date-label\">mai 12, 2026<\/span><\/div>\r\n                        <div class=\"mec-event-time mec-color\"><\/div>\r\n                                                                                <h4 class=\"mec-event-title\"><a class=\"mec-color-hover\" data-event-id=\"17893\" href=\"https:\/\/www.baslerpapiermuehle.ch\/fr\/events\/die-linotype-setz-und-giessmaschine-ist-in-betrieb\/?occurrence=2026-05-12\" target=\"_blank\" rel=\"noopener\">\u00ab\u00a0Oh, a line of types!\u00a0\u00bb<\/a><span class=\"event-color\" style=\"background: #fdd700\"><\/span><\/h4>\r\n                                                                                                                                                    <\/article>\r\n            \t\t\r\n            \r\n                        <article class=\"mec-event-article  mec-clear  mec-divider-toggle mec-toggle-202605-17884\" itemscope>\r\n                                                        <div class=\"mec-event-image\"><a class=\"mec-color-hover\" data-event-id=\"22721\" href=\"https:\/\/www.baslerpapiermuehle.ch\/fr\/events\/fantasy-basel-x-basler-papiermuehle\/?occurrence=2026-05-14&#038;time=1778752800\" target=\"_blank\" rel=\"noopener\"><img decoding=\"async\" width=\"150\" height=\"150\" src=\"https:\/\/www.baslerpapiermuehle.ch\/wp-content\/uploads\/2026\/03\/26-Plakatbuchstaben_BPM-150x150.jpg\" class=\"attachment-thumbnail size-thumbnail wp-post-image\" alt=\"\" data-mec-postid=\"22721\" \/><\/a><\/div>\r\n                                            <div class=\"mec-event-date mec-color\"><i class=\"mec-sl-calendar\"><\/i> <span class=\"mec-start-date-label\">mai 14, 2026<\/span><\/div>\r\n                        <div class=\"mec-event-time mec-color\"><\/div>\r\n                                                                                <h4 class=\"mec-event-title\"><a class=\"mec-color-hover\" data-event-id=\"22721\" href=\"https:\/\/www.baslerpapiermuehle.ch\/fr\/events\/fantasy-basel-x-basler-papiermuehle\/?occurrence=2026-05-14&#038;time=1778752800\" target=\"_blank\" rel=\"noopener\">Fantasy Basel: Drucken mit Plakatbuchstaben<\/a><span class=\"event-color\" style=\"background: #00a0d2\"><\/span><\/h4>\r\n                                                                                                                                                    <\/article>\r\n            \t\t\t<\/div>\r\n<\/div>\r\n\r\n    <\/div>\r\n    <div class=\"mec-skin-list-no-events-container mec-util-hidden\" id=\"mec_skin_no_events_17884\">\r\n        Aucun \u00e9v\u00e9nement trouv\u00e9 !    <\/div>\r\n    \r\n    <div class=\"mec-load-more-wrap\">\r\n                <div tabindex=\"0\" onkeydown=\"if(event.keyCode===13){jQuery(this).trigger('click');}\" class=\"mec-load-more-button \">En savoir plus<\/div>\r\n            <\/div>\r\n<\/div>\r\n[\/et_pb_code][et_pb_button button_url=\u00a0\u00bbhttps:\/\/www.baslerpapiermuehle.ch\/wp-content\/uploads\/2023\/09\/C_BP_Leporello_170x120_OktoberDezember_Druck.pdf\u00a0\u00bb url_new_window=\u00a0\u00bbon\u00a0\u00bb button_text=\u00a0\u00bbDOWNLOAD PROGRAMM VON OKTOBER BIS DEZEMBER\u00a0\u00bb button_alignment=\u00a0\u00bbcenter\u00a0\u00bb _builder_version=\u00a0\u00bb4.22.2&Prime; _module_preset=\u00a0\u00bbdefault\u00a0\u00bb custom_button=\u00a0\u00bbon\u00a0\u00bb button_text_color=\u00a0\u00bb#FFFFFF\u00a0\u00bb custom_margin=\u00a0\u00bb75px|2rem||2rem|false|true\u00a0\u00bb button_text_size_tablet=\u00a0\u00bb\u00a0\u00bb button_text_size_phone=\u00a0\u00bb18px\u00a0\u00bb button_text_size_last_edited=\u00a0\u00bbon|phone\u00a0\u00bb custom_css_main_element=\u00a0\u00bbwidth:100%;\u00a0\u00bb locked=\u00a0\u00bboff\u00a0\u00bb global_colors_info=\u00a0\u00bb{%22gcid-7e7988ce-a97a-4631-80fa-6f481ec50333%22:%91%22button_bg_color__hover%22%93}\u00a0\u00bb button_bg_color__hover=\u00a0\u00bb#f0f0f0&Prime; button_bg_color__hover_enabled=\u00a0\u00bbon|hover\u00a0\u00bb][\/et_pb_button][\/et_pb_column][\/et_pb_row][\/et_pb_section]<\/p>\n","protected":false},"excerpt":{"rendered":"<p>[et_pb_section fb_built=\u00a0\u00bb1&Prime; _builder_version=\u00a0\u00bb4.22.2&Prime; _module_preset=\u00a0\u00bbdefault\u00a0\u00bb global_colors_info=\u00a0\u00bb{}\u00a0\u00bb][et_pb_row _builder_version=\u00a0\u00bb4.22.2&Prime; _module_preset=\u00a0\u00bbdefault\u00a0\u00bb global_colors_info=\u00a0\u00bb{}\u00a0\u00bb][et_pb_column type=\u00a0\u00bb4_4&Prime; _builder_version=\u00a0\u00bb4.22.2&Prime; _module_preset=\u00a0\u00bbdefault\u00a0\u00bb global_colors_info=\u00a0\u00bb{}\u00a0\u00bb][et_pb_text _builder_version=\u00a0\u00bb4.22.2&Prime; _module_preset=\u00a0\u00bbdefault\u00a0\u00bb global_colors_info=\u00a0\u00bb{}\u00a0\u00bb] Neben der laufenden Ausstellung und unseren Mitmachstationen bieten wir regelm\u00e4ssig Workshops, Veranstaltungen und andere Highlights an. UB-Vitrine zum Basler Fr\u00fchdrucker Michael Wenssler August bis 8. Dezember Michael Wenssler (1445 \u2013 1512) war einer der ersten Basler Buchdrucker und f\u00fcr besonders [&hellip;]<\/p>\n","protected":false},"author":1,"featured_media":0,"parent":0,"menu_order":0,"comment_status":"closed","ping_status":"closed","template":"","meta":{"_acf_changed":false,"_et_pb_use_builder":"on","_et_pb_old_content":"","_et_gb_content_width":"","footnotes":""},"class_list":["post-19375","page","type-page","status-publish","hentry"],"acf":[],"yoast_head":"<!-- This site is optimized with the Yoast SEO plugin v26.8 - https:\/\/yoast.com\/product\/yoast-seo-wordpress\/ -->\n<title>Kalender - Basler Papierm\u00fchle<\/title>\n<meta name=\"robots\" content=\"index, follow, max-snippet:-1, max-image-preview:large, max-video-preview:-1\" \/>\n<link rel=\"canonical\" href=\"https:\/\/www.baslerpapiermuehle.ch\/fr\/calendar\/\" \/>\n<meta property=\"og:locale\" content=\"fr_FR\" \/>\n<meta property=\"og:type\" content=\"article\" \/>\n<meta property=\"og:title\" content=\"Kalender - Basler Papierm\u00fchle\" \/>\n<meta property=\"og:description\" content=\"[et_pb_section fb_built=\u00a0\u00bb1&Prime; _builder_version=\u00a0\u00bb4.22.2&Prime; _module_preset=\u00a0\u00bbdefault\u00a0\u00bb global_colors_info=\u00a0\u00bb{}\u00a0\u00bb][et_pb_row _builder_version=\u00a0\u00bb4.22.2&Prime; _module_preset=\u00a0\u00bbdefault\u00a0\u00bb global_colors_info=\u00a0\u00bb{}\u00a0\u00bb][et_pb_column type=\u00a0\u00bb4_4&Prime; _builder_version=\u00a0\u00bb4.22.2&Prime; _module_preset=\u00a0\u00bbdefault\u00a0\u00bb global_colors_info=\u00a0\u00bb{}\u00a0\u00bb][et_pb_text _builder_version=\u00a0\u00bb4.22.2&Prime; _module_preset=\u00a0\u00bbdefault\u00a0\u00bb global_colors_info=\u00a0\u00bb{}\u00a0\u00bb] Neben der laufenden Ausstellung und unseren Mitmachstationen bieten wir regelm\u00e4ssig Workshops, Veranstaltungen und andere Highlights an. UB-Vitrine zum Basler Fr\u00fchdrucker Michael Wenssler August bis 8. Dezember Michael Wenssler (1445 \u2013 1512) war einer der ersten Basler Buchdrucker und f\u00fcr besonders [&hellip;]\" \/>\n<meta property=\"og:url\" content=\"https:\/\/www.baslerpapiermuehle.ch\/fr\/calendar\/\" \/>\n<meta property=\"og:site_name\" content=\"Basler Papierm\u00fchle\" \/>\n<meta property=\"article:publisher\" content=\"https:\/\/www.facebook.com\/baslerpapiermuehle\/\" \/>\n<meta property=\"article:modified_time\" content=\"2023-10-30T20:08:07+00:00\" \/>\n<meta name=\"twitter:card\" content=\"summary_large_image\" \/>\n<meta name=\"twitter:label1\" content=\"Dur\u00e9e de lecture estim\u00e9e\" \/>\n\t<meta name=\"twitter:data1\" content=\"2 minutes\" \/>\n<script type=\"application\/ld+json\" class=\"yoast-schema-graph\">{\"@context\":\"https:\/\/schema.org\",\"@graph\":[{\"@type\":\"WebPage\",\"@id\":\"https:\/\/www.baslerpapiermuehle.ch\/fr\/calendar\/\",\"url\":\"https:\/\/www.baslerpapiermuehle.ch\/fr\/calendar\/\",\"name\":\"Kalender - Basler Papierm\u00fchle\",\"isPartOf\":{\"@id\":\"https:\/\/www.baslerpapiermuehle.ch\/#website\"},\"datePublished\":\"2023-10-16T10:18:54+00:00\",\"dateModified\":\"2023-10-30T20:08:07+00:00\",\"breadcrumb\":{\"@id\":\"https:\/\/www.baslerpapiermuehle.ch\/fr\/calendar\/#breadcrumb\"},\"inLanguage\":\"fr-FR\",\"potentialAction\":[{\"@type\":\"ReadAction\",\"target\":[\"https:\/\/www.baslerpapiermuehle.ch\/fr\/calendar\/\"]}]},{\"@type\":\"BreadcrumbList\",\"@id\":\"https:\/\/www.baslerpapiermuehle.ch\/fr\/calendar\/#breadcrumb\",\"itemListElement\":[{\"@type\":\"ListItem\",\"position\":1,\"name\":\"Home\",\"item\":\"https:\/\/www.baslerpapiermuehle.ch\/fr\/home-fr\/\"},{\"@type\":\"ListItem\",\"position\":2,\"name\":\"Kalender\"}]},{\"@type\":\"WebSite\",\"@id\":\"https:\/\/www.baslerpapiermuehle.ch\/#website\",\"url\":\"https:\/\/www.baslerpapiermuehle.ch\/\",\"name\":\"Basler Papierm\u00fchle - Swiss Museum for Paper, Writing and Printing\",\"description\":\"Swiss Museum for Paper, Writing and Printing\",\"publisher\":{\"@id\":\"https:\/\/www.baslerpapiermuehle.ch\/#organization\"},\"potentialAction\":[{\"@type\":\"SearchAction\",\"target\":{\"@type\":\"EntryPoint\",\"urlTemplate\":\"https:\/\/www.baslerpapiermuehle.ch\/?s={search_term_string}\"},\"query-input\":{\"@type\":\"PropertyValueSpecification\",\"valueRequired\":true,\"valueName\":\"search_term_string\"}}],\"inLanguage\":\"fr-FR\"},{\"@type\":\"Organization\",\"@id\":\"https:\/\/www.baslerpapiermuehle.ch\/#organization\",\"name\":\"Basler Papierm\u00fchle Museum\",\"url\":\"https:\/\/www.baslerpapiermuehle.ch\/\",\"logo\":{\"@type\":\"ImageObject\",\"inLanguage\":\"fr-FR\",\"@id\":\"https:\/\/www.baslerpapiermuehle.ch\/#\/schema\/logo\/image\/\",\"url\":\"https:\/\/www.baslerpapiermuehle.ch\/wp-content\/uploads\/2019\/12\/logo-Basler-Papiermuhle-marrone-1.png\",\"contentUrl\":\"https:\/\/www.baslerpapiermuehle.ch\/wp-content\/uploads\/2019\/12\/logo-Basler-Papiermuhle-marrone-1.png\",\"width\":2051,\"height\":530,\"caption\":\"Basler Papierm\u00fchle Museum\"},\"image\":{\"@id\":\"https:\/\/www.baslerpapiermuehle.ch\/#\/schema\/logo\/image\/\"},\"sameAs\":[\"https:\/\/www.facebook.com\/baslerpapiermuehle\/\"]}]}<\/script>\n<!-- \/ Yoast SEO plugin. -->","yoast_head_json":{"title":"Kalender - Basler Papierm\u00fchle","robots":{"index":"index","follow":"follow","max-snippet":"max-snippet:-1","max-image-preview":"max-image-preview:large","max-video-preview":"max-video-preview:-1"},"canonical":"https:\/\/www.baslerpapiermuehle.ch\/fr\/calendar\/","og_locale":"fr_FR","og_type":"article","og_title":"Kalender - Basler Papierm\u00fchle","og_description":"[et_pb_section fb_built=\u00a0\u00bb1&Prime; _builder_version=\u00a0\u00bb4.22.2&Prime; _module_preset=\u00a0\u00bbdefault\u00a0\u00bb global_colors_info=\u00a0\u00bb{}\u00a0\u00bb][et_pb_row _builder_version=\u00a0\u00bb4.22.2&Prime; _module_preset=\u00a0\u00bbdefault\u00a0\u00bb global_colors_info=\u00a0\u00bb{}\u00a0\u00bb][et_pb_column type=\u00a0\u00bb4_4&Prime; _builder_version=\u00a0\u00bb4.22.2&Prime; _module_preset=\u00a0\u00bbdefault\u00a0\u00bb global_colors_info=\u00a0\u00bb{}\u00a0\u00bb][et_pb_text _builder_version=\u00a0\u00bb4.22.2&Prime; _module_preset=\u00a0\u00bbdefault\u00a0\u00bb global_colors_info=\u00a0\u00bb{}\u00a0\u00bb] Neben der laufenden Ausstellung und unseren Mitmachstationen bieten wir regelm\u00e4ssig Workshops, Veranstaltungen und andere Highlights an. UB-Vitrine zum Basler Fr\u00fchdrucker Michael Wenssler August bis 8. Dezember Michael Wenssler (1445 \u2013 1512) war einer der ersten Basler Buchdrucker und f\u00fcr besonders [&hellip;]","og_url":"https:\/\/www.baslerpapiermuehle.ch\/fr\/calendar\/","og_site_name":"Basler Papierm\u00fchle","article_publisher":"https:\/\/www.facebook.com\/baslerpapiermuehle\/","article_modified_time":"2023-10-30T20:08:07+00:00","twitter_card":"summary_large_image","twitter_misc":{"Dur\u00e9e de lecture estim\u00e9e":"2 minutes"},"schema":{"@context":"https:\/\/schema.org","@graph":[{"@type":"WebPage","@id":"https:\/\/www.baslerpapiermuehle.ch\/fr\/calendar\/","url":"https:\/\/www.baslerpapiermuehle.ch\/fr\/calendar\/","name":"Kalender - Basler Papierm\u00fchle","isPartOf":{"@id":"https:\/\/www.baslerpapiermuehle.ch\/#website"},"datePublished":"2023-10-16T10:18:54+00:00","dateModified":"2023-10-30T20:08:07+00:00","breadcrumb":{"@id":"https:\/\/www.baslerpapiermuehle.ch\/fr\/calendar\/#breadcrumb"},"inLanguage":"fr-FR","potentialAction":[{"@type":"ReadAction","target":["https:\/\/www.baslerpapiermuehle.ch\/fr\/calendar\/"]}]},{"@type":"BreadcrumbList","@id":"https:\/\/www.baslerpapiermuehle.ch\/fr\/calendar\/#breadcrumb","itemListElement":[{"@type":"ListItem","position":1,"name":"Home","item":"https:\/\/www.baslerpapiermuehle.ch\/fr\/home-fr\/"},{"@type":"ListItem","position":2,"name":"Kalender"}]},{"@type":"WebSite","@id":"https:\/\/www.baslerpapiermuehle.ch\/#website","url":"https:\/\/www.baslerpapiermuehle.ch\/","name":"Basler Papierm\u00fchle - Swiss Museum for Paper, Writing and Printing","description":"Swiss Museum for Paper, Writing and Printing","publisher":{"@id":"https:\/\/www.baslerpapiermuehle.ch\/#organization"},"potentialAction":[{"@type":"SearchAction","target":{"@type":"EntryPoint","urlTemplate":"https:\/\/www.baslerpapiermuehle.ch\/?s={search_term_string}"},"query-input":{"@type":"PropertyValueSpecification","valueRequired":true,"valueName":"search_term_string"}}],"inLanguage":"fr-FR"},{"@type":"Organization","@id":"https:\/\/www.baslerpapiermuehle.ch\/#organization","name":"Basler Papierm\u00fchle Museum","url":"https:\/\/www.baslerpapiermuehle.ch\/","logo":{"@type":"ImageObject","inLanguage":"fr-FR","@id":"https:\/\/www.baslerpapiermuehle.ch\/#\/schema\/logo\/image\/","url":"https:\/\/www.baslerpapiermuehle.ch\/wp-content\/uploads\/2019\/12\/logo-Basler-Papiermuhle-marrone-1.png","contentUrl":"https:\/\/www.baslerpapiermuehle.ch\/wp-content\/uploads\/2019\/12\/logo-Basler-Papiermuhle-marrone-1.png","width":2051,"height":530,"caption":"Basler Papierm\u00fchle Museum"},"image":{"@id":"https:\/\/www.baslerpapiermuehle.ch\/#\/schema\/logo\/image\/"},"sameAs":["https:\/\/www.facebook.com\/baslerpapiermuehle\/"]}]}},"_links":{"self":[{"href":"https:\/\/www.baslerpapiermuehle.ch\/fr\/wp-json\/wp\/v2\/pages\/19375","targetHints":{"allow":["GET"]}}],"collection":[{"href":"https:\/\/www.baslerpapiermuehle.ch\/fr\/wp-json\/wp\/v2\/pages"}],"about":[{"href":"https:\/\/www.baslerpapiermuehle.ch\/fr\/wp-json\/wp\/v2\/types\/page"}],"author":[{"embeddable":true,"href":"https:\/\/www.baslerpapiermuehle.ch\/fr\/wp-json\/wp\/v2\/users\/1"}],"replies":[{"embeddable":true,"href":"https:\/\/www.baslerpapiermuehle.ch\/fr\/wp-json\/wp\/v2\/comments?post=19375"}],"version-history":[{"count":0,"href":"https:\/\/www.baslerpapiermuehle.ch\/fr\/wp-json\/wp\/v2\/pages\/19375\/revisions"}],"wp:attachment":[{"href":"https:\/\/www.baslerpapiermuehle.ch\/fr\/wp-json\/wp\/v2\/media?parent=19375"}],"curies":[{"name":"wp","href":"https:\/\/api.w.org\/{rel}","templated":true}]}}